{"id":65,"date":"2023-10-18T13:10:19","date_gmt":"2023-10-18T11:10:19","guid":{"rendered":"http:\/\/www.teodorabcn.com.mialias.net\/?page_id=65"},"modified":"2024-01-11T02:12:46","modified_gmt":"2024-01-11T01:12:46","slug":"portfolio","status":"publish","type":"page","link":"https:\/\/teodorabcn.com\/ca\/portfolio\/","title":{"rendered":"Proyectos"},"content":{"rendered":"<div data-elementor-type=\"wp-page\" data-elementor-id=\"65\" class=\"elementor elementor-65\" data-elementor-post-type=\"page\">\n\t\t\t\t<div class=\"elementor-element elementor-element-80093c8 e-con-full elementor-hidden-tablet elementor-hidden-mobile e-flex e-con e-parent\" data-id=\"80093c8\" data-element_type=\"container\">\n\t\t<div class=\"elementor-element elementor-element-ab214fb e-con-full e-flex e-con e-child\" data-id=\"ab214fb\" data-element_type=\"container\">\n\t\t\t\t<div class=\"elementor-element elementor-element-113a6f5 elementor-widget elementor-widget-heading\" data-id=\"113a6f5\" data-element_type=\"widget\" data-widget_type=\"heading.default\">\n\t\t\t\t<div class=\"elementor-widget-container\">\n\t\t\t\t\t<h2 class=\"elementor-heading-title elementor-size-default translation-block\">Fem realitat tot all\u00f2 <br> que t'agradaria tenir a prop <br>quan est\u00e0s a l'aire lliure<\/h2>\t\t\t\t<\/div>\n\t\t\t\t<\/div>\n\t\t\t\t<div class=\"elementor-element elementor-element-b421be6 elementor-widget elementor-widget-text-editor\" data-id=\"b421be6\" data-element_type=\"widget\" data-widget_type=\"text-editor.default\">\n\t\t\t\t<div class=\"elementor-widget-container\">\n\t\t\t\t\t\t\t\t\t<p class=\"translation-block\">Transformem espais exteriors des de fa<strong> m\u00e9s de vint anys.<\/strong> Som un equip d'exterioristes que projectem terrasses i jardins des del nostre estudi de Sant Gervasi-Galvany. I al mateix temps fabriquem propostes de<strong> mobiliari personalitzat des del nostre taller<\/strong> del Poble Nou.<\/p><p class=\"translation-block\">Som un <strong>equip d'exterioristes dirigit per Ignasi Bisbe, creador del concepte <em>Exteriorisme<\/em><\/strong>, que dissenyem projectes integrals, \u00fanics, funcionals i bells per a tota mena d'espais exteriors.<\/p>\t\t\t\t\t\t\t\t<\/div>\n\t\t\t\t<\/div>\n\t\t\t\t<\/div>\n\t\t<div class=\"elementor-element elementor-element-20acf81 e-con-full e-flex e-con e-child\" data-id=\"20acf81\" data-element_type=\"container\">\n\t\t\t\t<div class=\"elementor-element elementor-element-7a05d4f elementor-widget elementor-widget-heading\" data-id=\"7a05d4f\" data-element_type=\"widget\" data-widget_type=\"heading.default\">\n\t\t\t\t<div class=\"elementor-widget-container\">\n\t\t\t\t\t<h2 class=\"elementor-heading-title elementor-size-default\">Els nostres projectes<\/h2>\t\t\t\t<\/div>\n\t\t\t\t<\/div>\n\t\t\t\t<\/div>\n\t\t\t\t<\/div>\n\t\t<div class=\"elementor-element elementor-element-112866b elementor-hidden-desktop elementor-hidden-tablet e-flex e-con-boxed e-con e-parent\" data-id=\"112866b\" data-element_type=\"container\">\n\t\t\t\t\t<div class=\"e-con-inner\">\n\t\t<div class=\"elementor-element elementor-element-b0c21af e-con-full e-flex e-con e-child\" data-id=\"b0c21af\" data-element_type=\"container\">\n\t\t\t\t<div class=\"elementor-element elementor-element-d889c48 elementor-widget elementor-widget-heading\" data-id=\"d889c48\" data-element_type=\"widget\" data-widget_type=\"heading.default\">\n\t\t\t\t<div class=\"elementor-widget-container\">\n\t\t\t\t\t<h2 class=\"elementor-heading-title elementor-size-default\">Els nostres projectes<\/h2>\t\t\t\t<\/div>\n\t\t\t\t<\/div>\n\t\t\t\t<\/div>\n\t\t<div class=\"elementor-element elementor-element-e025f08 e-con-full e-flex e-con e-child\" data-id=\"e025f08\" data-element_type=\"container\">\n\t\t\t\t<div class=\"elementor-element elementor-element-a803f7c elementor-widget elementor-widget-heading\" data-id=\"a803f7c\" data-element_type=\"widget\" data-widget_type=\"heading.default\">\n\t\t\t\t<div class=\"elementor-widget-container\">\n\t\t\t\t\t<h2 class=\"elementor-heading-title elementor-size-default translation-block\">Fem realitat tot all\u00f2 <br> que t'agradaria tenir a prop <br>quan est\u00e0s a l'aire lliure<\/h2>\t\t\t\t<\/div>\n\t\t\t\t<\/div>\n\t\t\t\t<div class=\"elementor-element elementor-element-053b459 elementor-widget elementor-widget-text-editor\" data-id=\"053b459\" data-element_type=\"widget\" data-widget_type=\"text-editor.default\">\n\t\t\t\t<div class=\"elementor-widget-container\">\n\t\t\t\t\t\t\t\t\t<p class=\"translation-block\">Transformem espais exteriors des de fa<strong> m\u00e9s de vint anys.<\/strong> Som un equip d'exterioristes que projectem terrasses i jardins des del nostre estudi de Sant Gervasi-Galvany. I al mateix temps fabriquem propostes de<strong> mobiliari personalitzat des del nostre taller<\/strong> del Poble Nou.<\/p><p class=\"translation-block\">Som un <strong>equip d'exterioristes dirigit per Ignasi Bisbe, creador del concepte <em>Exteriorisme<\/em><\/strong>, que dissenyem projectes integrals, \u00fanics, funcionals i bells per a tota mena d'espais exteriors.<\/p>\t\t\t\t\t\t\t\t<\/div>\n\t\t\t\t<\/div>\n\t\t\t\t<\/div>\n\t\t\t\t\t<\/div>\n\t\t\t\t<\/div>\n\t\t<div class=\"elementor-element elementor-element-37dc856 e-con-full e-flex e-con e-parent\" data-id=\"37dc856\" data-element_type=\"container\">\n\t\t\t\t<div class=\"elementor-element elementor-element-6cc7538 elementor-grid-3 elementor-grid-tablet-2 elementor-grid-mobile-1 elementor-widget elementor-widget-portfolio\" data-id=\"6cc7538\" data-element_type=\"widget\" data-settings=\"{&quot;row_gap&quot;:{&quot;unit&quot;:&quot;px&quot;,&quot;size&quot;:30,&quot;sizes&quot;:[]},&quot;columns&quot;:&quot;3&quot;,&quot;columns_tablet&quot;:&quot;2&quot;,&quot;columns_mobile&quot;:&quot;1&quot;,&quot;item_ratio&quot;:{&quot;unit&quot;:&quot;px&quot;,&quot;size&quot;:0.66,&quot;sizes&quot;:[]},&quot;item_gap&quot;:{&quot;unit&quot;:&quot;px&quot;,&quot;size&quot;:&quot;&quot;,&quot;sizes&quot;:[]}}\" data-widget_type=\"portfolio.default\">\n\t\t\t\t<div class=\"elementor-widget-container\">\n\t\t\t\t\t\t\t<ul class=\"elementor-portfolio__filters\">\n\t\t\t<li class=\"elementor-portfolio__filter elementor-active\" tabindex=\"0\" data-filter=\"__all\">Tot<\/li>\n\t\t\t\t\t\t\t<li class=\"elementor-portfolio__filter\" tabindex=\"0\" data-filter=\"19\">Esdeveniments i espais p\u00fablics<\/li>\n\t\t\t\t\t\t\t<li class=\"elementor-portfolio__filter\" tabindex=\"0\" data-filter=\"17\">Terrasses d'hotels i restaurants<\/li>\n\t\t\t\t\t\t\t<li class=\"elementor-portfolio__filter\" tabindex=\"0\" data-filter=\"16\">Terrasses i jardins<\/li>\n\t\t\t\t\t<\/ul>\n\t\t\t\t<div class=\"elementor-portfolio elementor-grid elementor-posts-container\" role=\"list\">\n\t\t\t\t<article class=\"elementor-portfolio-item elementor-post elementor-filter-16 post-2951 proyecto type-proyecto status-publish has-post-thumbnail hentry categoria_proyecto-terrazas-y-jardines\" role=\"listitem\">\n\t\t\t<a class=\"elementor-post__thumbnail__link\" href=\"https:\/\/teodorabcn.com\/ca\/proyecto\/terraza-modolell\/\">\n\t\t\t\t<div class=\"elementor-portfolio-item__img elementor-post__thumbnail\">\n\t\t\t<img fetchpriority=\"high\" decoding=\"async\" width=\"2048\" height=\"1536\" src=\"https:\/\/teodorabcn.com\/wp-content\/uploads\/2025\/05\/PORTADA-terraza-modolell.jpeg\" class=\"attachment-full size-full wp-image-2984\" alt=\"terraza con vivienda Modolell\" srcset=\"https:\/\/teodorabcn.com\/wp-content\/uploads\/2025\/05\/PORTADA-terraza-modolell.jpeg 2048w, https:\/\/teodorabcn.com\/wp-content\/uploads\/2025\/05\/PORTADA-terraza-modolell-300x225.jpeg 300w, https:\/\/teodorabcn.com\/wp-content\/uploads\/2025\/05\/PORTADA-terraza-modolell-1024x768.jpeg 1024w, https:\/\/teodorabcn.com\/wp-content\/uploads\/2025\/05\/PORTADA-terraza-modolell-768x576.jpeg 768w, https:\/\/teodorabcn.com\/wp-content\/uploads\/2025\/05\/PORTADA-terraza-modolell-1536x1152.jpeg 1536w, https:\/\/teodorabcn.com\/wp-content\/uploads\/2025\/05\/PORTADA-terraza-modolell-16x12.jpeg 16w\" sizes=\"(max-width: 2048px) 100vw, 2048px\" \/>\t\t<\/div>\n\t\t\t\t<div class=\"elementor-portfolio-item__overlay\">\n\t\t\t\t<h3 class=\"elementor-portfolio-item__title\">\n\t\tTerrassa Modolell\t\t<\/h3>\n\t\t\t\t<\/div>\n\t\t\t\t<\/a>\n\t\t<\/article>\n\t\t\t\t<article class=\"elementor-portfolio-item elementor-post elementor-filter-16 post-2941 proyecto type-proyecto status-publish has-post-thumbnail hentry categoria_proyecto-terrazas-y-jardines\" role=\"listitem\">\n\t\t\t<a class=\"elementor-post__thumbnail__link\" href=\"https:\/\/teodorabcn.com\/ca\/proyecto\/terraza-golf-sant-cugat\/\">\n\t\t\t\t<div class=\"elementor-portfolio-item__img elementor-post__thumbnail\">\n\t\t\t<img decoding=\"async\" width=\"2560\" height=\"1707\" src=\"https:\/\/teodorabcn.com\/wp-content\/uploads\/2025\/05\/Terraza-Golf-Sant-Cugat022-scaled.jpg\" class=\"attachment-full size-full wp-image-2944\" alt=\"Terraza Golf Sant Cugat 022\" srcset=\"https:\/\/teodorabcn.com\/wp-content\/uploads\/2025\/05\/Terraza-Golf-Sant-Cugat022-scaled.jpg 2560w, https:\/\/teodorabcn.com\/wp-content\/uploads\/2025\/05\/Terraza-Golf-Sant-Cugat022-300x200.jpg 300w, https:\/\/teodorabcn.com\/wp-content\/uploads\/2025\/05\/Terraza-Golf-Sant-Cugat022-1024x683.jpg 1024w, https:\/\/teodorabcn.com\/wp-content\/uploads\/2025\/05\/Terraza-Golf-Sant-Cugat022-768x512.jpg 768w, https:\/\/teodorabcn.com\/wp-content\/uploads\/2025\/05\/Terraza-Golf-Sant-Cugat022-1536x1024.jpg 1536w, https:\/\/teodorabcn.com\/wp-content\/uploads\/2025\/05\/Terraza-Golf-Sant-Cugat022-2048x1366.jpg 2048w, https:\/\/teodorabcn.com\/wp-content\/uploads\/2025\/05\/Terraza-Golf-Sant-Cugat022-18x12.jpg 18w\" sizes=\"(max-width: 2560px) 100vw, 2560px\" \/>\t\t<\/div>\n\t\t\t\t<div class=\"elementor-portfolio-item__overlay\">\n\t\t\t\t<h3 class=\"elementor-portfolio-item__title\">\n\t\tTerraza Golf Sant Cugat\t\t<\/h3>\n\t\t\t\t<\/div>\n\t\t\t\t<\/a>\n\t\t<\/article>\n\t\t\t\t<article class=\"elementor-portfolio-item elementor-post elementor-filter-16 post-2563 proyecto type-proyecto status-publish has-post-thumbnail hentry categoria_proyecto-terrazas-y-jardines\" role=\"listitem\">\n\t\t\t<a class=\"elementor-post__thumbnail__link\" href=\"https:\/\/teodorabcn.com\/ca\/proyecto\/terraza-sarria-ii\/\">\n\t\t\t\t<div class=\"elementor-portfolio-item__img elementor-post__thumbnail\">\n\t\t\t<img decoding=\"async\" width=\"2048\" height=\"1536\" src=\"https:\/\/teodorabcn.com\/wp-content\/uploads\/2024\/12\/Terraza-Major-de-Sarria-10.jpeg\" class=\"attachment-full size-full wp-image-2743\" alt=\"Terraza-Major-de-Sarria-10\" srcset=\"https:\/\/teodorabcn.com\/wp-content\/uploads\/2024\/12\/Terraza-Major-de-Sarria-10.jpeg 2048w, https:\/\/teodorabcn.com\/wp-content\/uploads\/2024\/12\/Terraza-Major-de-Sarria-10-300x225.jpeg 300w, https:\/\/teodorabcn.com\/wp-content\/uploads\/2024\/12\/Terraza-Major-de-Sarria-10-1024x768.jpeg 1024w, https:\/\/teodorabcn.com\/wp-content\/uploads\/2024\/12\/Terraza-Major-de-Sarria-10-768x576.jpeg 768w, https:\/\/teodorabcn.com\/wp-content\/uploads\/2024\/12\/Terraza-Major-de-Sarria-10-1536x1152.jpeg 1536w, https:\/\/teodorabcn.com\/wp-content\/uploads\/2024\/12\/Terraza-Major-de-Sarria-10-16x12.jpeg 16w\" sizes=\"(max-width: 2048px) 100vw, 2048px\" \/>\t\t<\/div>\n\t\t\t\t<div class=\"elementor-portfolio-item__overlay\">\n\t\t\t\t<h3 class=\"elementor-portfolio-item__title\">\n\t\tTerrassa Sarri\u00e0 II\t\t<\/h3>\n\t\t\t\t<\/div>\n\t\t\t\t<\/a>\n\t\t<\/article>\n\t\t\t\t<article class=\"elementor-portfolio-item elementor-post elementor-filter-16 post-2531 proyecto type-proyecto status-publish has-post-thumbnail hentry categoria_proyecto-terrazas-y-jardines\" role=\"listitem\">\n\t\t\t<a class=\"elementor-post__thumbnail__link\" href=\"https:\/\/teodorabcn.com\/ca\/proyecto\/terraza-valencia\/\">\n\t\t\t\t<div class=\"elementor-portfolio-item__img elementor-post__thumbnail\">\n\t\t\t<img loading=\"lazy\" decoding=\"async\" width=\"1275\" height=\"850\" src=\"https:\/\/teodorabcn.com\/wp-content\/uploads\/2024\/12\/terraza-valencia-teodora-2.jpg\" class=\"attachment-full size-full wp-image-2535\" alt=\"terraza-valencia-teodora-2\" srcset=\"https:\/\/teodorabcn.com\/wp-content\/uploads\/2024\/12\/terraza-valencia-teodora-2.jpg 1275w, https:\/\/teodorabcn.com\/wp-content\/uploads\/2024\/12\/terraza-valencia-teodora-2-300x200.jpg 300w, https:\/\/teodorabcn.com\/wp-content\/uploads\/2024\/12\/terraza-valencia-teodora-2-1024x683.jpg 1024w, https:\/\/teodorabcn.com\/wp-content\/uploads\/2024\/12\/terraza-valencia-teodora-2-768x512.jpg 768w, https:\/\/teodorabcn.com\/wp-content\/uploads\/2024\/12\/terraza-valencia-teodora-2-18x12.jpg 18w\" sizes=\"(max-width: 1275px) 100vw, 1275px\" \/>\t\t<\/div>\n\t\t\t\t<div class=\"elementor-portfolio-item__overlay\">\n\t\t\t\t<h3 class=\"elementor-portfolio-item__title\">\n\t\tTerrassa Val\u00e8ncia\t\t<\/h3>\n\t\t\t\t<\/div>\n\t\t\t\t<\/a>\n\t\t<\/article>\n\t\t\t\t<article class=\"elementor-portfolio-item elementor-post elementor-filter-16 post-2544 proyecto type-proyecto status-publish has-post-thumbnail hentry categoria_proyecto-terrazas-y-jardines\" role=\"listitem\">\n\t\t\t<a class=\"elementor-post__thumbnail__link\" href=\"https:\/\/teodorabcn.com\/ca\/proyecto\/terraza-major-de-sarria\/\">\n\t\t\t\t<div class=\"elementor-portfolio-item__img elementor-post__thumbnail\">\n\t\t\t<img loading=\"lazy\" decoding=\"async\" width=\"1275\" height=\"850\" src=\"https:\/\/teodorabcn.com\/wp-content\/uploads\/2024\/12\/Terraza-Major-de-Sarria-6-1.jpg\" class=\"attachment-full size-full wp-image-2761\" alt=\"Terraza -Major- de -Sarria-6\" srcset=\"https:\/\/teodorabcn.com\/wp-content\/uploads\/2024\/12\/Terraza-Major-de-Sarria-6-1.jpg 1275w, https:\/\/teodorabcn.com\/wp-content\/uploads\/2024\/12\/Terraza-Major-de-Sarria-6-1-300x200.jpg 300w, https:\/\/teodorabcn.com\/wp-content\/uploads\/2024\/12\/Terraza-Major-de-Sarria-6-1-1024x683.jpg 1024w, https:\/\/teodorabcn.com\/wp-content\/uploads\/2024\/12\/Terraza-Major-de-Sarria-6-1-768x512.jpg 768w, https:\/\/teodorabcn.com\/wp-content\/uploads\/2024\/12\/Terraza-Major-de-Sarria-6-1-18x12.jpg 18w\" sizes=\"(max-width: 1275px) 100vw, 1275px\" \/>\t\t<\/div>\n\t\t\t\t<div class=\"elementor-portfolio-item__overlay\">\n\t\t\t\t<h3 class=\"elementor-portfolio-item__title\">\n\t\tTerrassa Major de Sarri\u00e0\t\t<\/h3>\n\t\t\t\t<\/div>\n\t\t\t\t<\/a>\n\t\t<\/article>\n\t\t\t\t<article class=\"elementor-portfolio-item elementor-post elementor-filter-16 post-2509 proyecto type-proyecto status-publish has-post-thumbnail hentry categoria_proyecto-terrazas-y-jardines\" role=\"listitem\">\n\t\t\t<a class=\"elementor-post__thumbnail__link\" href=\"https:\/\/teodorabcn.com\/ca\/proyecto\/terraza-via-augusta\/\">\n\t\t\t\t<div class=\"elementor-portfolio-item__img elementor-post__thumbnail\">\n\t\t\t<img loading=\"lazy\" decoding=\"async\" width=\"1275\" height=\"850\" src=\"https:\/\/teodorabcn.com\/wp-content\/uploads\/2024\/12\/terraza-via-augusta-teodora-15-1.jpg\" class=\"attachment-full size-full wp-image-2777\" alt=\"terraza-via-augusta-teodora-15-1\" srcset=\"https:\/\/teodorabcn.com\/wp-content\/uploads\/2024\/12\/terraza-via-augusta-teodora-15-1.jpg 1275w, https:\/\/teodorabcn.com\/wp-content\/uploads\/2024\/12\/terraza-via-augusta-teodora-15-1-300x200.jpg 300w, https:\/\/teodorabcn.com\/wp-content\/uploads\/2024\/12\/terraza-via-augusta-teodora-15-1-1024x683.jpg 1024w, https:\/\/teodorabcn.com\/wp-content\/uploads\/2024\/12\/terraza-via-augusta-teodora-15-1-768x512.jpg 768w, https:\/\/teodorabcn.com\/wp-content\/uploads\/2024\/12\/terraza-via-augusta-teodora-15-1-18x12.jpg 18w\" sizes=\"(max-width: 1275px) 100vw, 1275px\" \/>\t\t<\/div>\n\t\t\t\t<div class=\"elementor-portfolio-item__overlay\">\n\t\t\t\t<h3 class=\"elementor-portfolio-item__title\">\n\t\tTerraza V\u00eda Augusta\t\t<\/h3>\n\t\t\t\t<\/div>\n\t\t\t\t<\/a>\n\t\t<\/article>\n\t\t\t\t<article class=\"elementor-portfolio-item elementor-post elementor-filter-16 post-2232 proyecto type-proyecto status-publish has-post-thumbnail hentry categoria_proyecto-terrazas-y-jardines\" role=\"listitem\">\n\t\t\t<a class=\"elementor-post__thumbnail__link\" href=\"https:\/\/teodorabcn.com\/ca\/proyecto\/terraza-ganduxer\/\">\n\t\t\t\t<div class=\"elementor-portfolio-item__img elementor-post__thumbnail\">\n\t\t\t<img loading=\"lazy\" decoding=\"async\" width=\"1920\" height=\"1080\" src=\"https:\/\/teodorabcn.com\/wp-content\/uploads\/2024\/07\/terrassa-ganduxer-teodora.jpg\" class=\"attachment-full size-full wp-image-2878\" alt=\"terrassa ganduxer - teodora\" srcset=\"https:\/\/teodorabcn.com\/wp-content\/uploads\/2024\/07\/terrassa-ganduxer-teodora.jpg 1920w, https:\/\/teodorabcn.com\/wp-content\/uploads\/2024\/07\/terrassa-ganduxer-teodora-300x169.jpg 300w, https:\/\/teodorabcn.com\/wp-content\/uploads\/2024\/07\/terrassa-ganduxer-teodora-1024x576.jpg 1024w, https:\/\/teodorabcn.com\/wp-content\/uploads\/2024\/07\/terrassa-ganduxer-teodora-768x432.jpg 768w, https:\/\/teodorabcn.com\/wp-content\/uploads\/2024\/07\/terrassa-ganduxer-teodora-1536x864.jpg 1536w, https:\/\/teodorabcn.com\/wp-content\/uploads\/2024\/07\/terrassa-ganduxer-teodora-18x10.jpg 18w\" sizes=\"(max-width: 1920px) 100vw, 1920px\" \/>\t\t<\/div>\n\t\t\t\t<div class=\"elementor-portfolio-item__overlay\">\n\t\t\t\t<h3 class=\"elementor-portfolio-item__title\">\n\t\tTerrassa Ganduxer\t\t<\/h3>\n\t\t\t\t<\/div>\n\t\t\t\t<\/a>\n\t\t<\/article>\n\t\t\t\t<article class=\"elementor-portfolio-item elementor-post elementor-filter-16 post-2177 proyecto type-proyecto status-publish has-post-thumbnail hentry categoria_proyecto-terrazas-y-jardines\" role=\"listitem\">\n\t\t\t<a class=\"elementor-post__thumbnail__link\" href=\"https:\/\/teodorabcn.com\/ca\/proyecto\/terraza-perez-cabrero\/\">\n\t\t\t\t<div class=\"elementor-portfolio-item__img elementor-post__thumbnail\">\n\t\t\t<img loading=\"lazy\" decoding=\"async\" width=\"1250\" height=\"850\" src=\"https:\/\/teodorabcn.com\/wp-content\/uploads\/2024\/05\/4.jpg\" class=\"attachment-full size-full wp-image-2886\" alt=\"Terraza P\u00e9rez Cabrero 4\" srcset=\"https:\/\/teodorabcn.com\/wp-content\/uploads\/2024\/05\/4.jpg 1250w, https:\/\/teodorabcn.com\/wp-content\/uploads\/2024\/05\/4-300x204.jpg 300w, https:\/\/teodorabcn.com\/wp-content\/uploads\/2024\/05\/4-1024x696.jpg 1024w, https:\/\/teodorabcn.com\/wp-content\/uploads\/2024\/05\/4-768x522.jpg 768w, https:\/\/teodorabcn.com\/wp-content\/uploads\/2024\/05\/4-18x12.jpg 18w\" sizes=\"(max-width: 1250px) 100vw, 1250px\" \/>\t\t<\/div>\n\t\t\t\t<div class=\"elementor-portfolio-item__overlay\">\n\t\t\t\t<h3 class=\"elementor-portfolio-item__title\">\n\t\tTerrassa P\u00e9rez Cabrero\t\t<\/h3>\n\t\t\t\t<\/div>\n\t\t\t\t<\/a>\n\t\t<\/article>\n\t\t\t\t<article class=\"elementor-portfolio-item elementor-post elementor-filter-16 post-2090 proyecto type-proyecto status-publish has-post-thumbnail hentry categoria_proyecto-terrazas-y-jardines\" role=\"listitem\">\n\t\t\t<a class=\"elementor-post__thumbnail__link\" href=\"https:\/\/teodorabcn.com\/ca\/proyecto\/atico-girona\/\">\n\t\t\t\t<div class=\"elementor-portfolio-item__img elementor-post__thumbnail\">\n\t\t\t<img loading=\"lazy\" decoding=\"async\" width=\"1275\" height=\"850\" src=\"https:\/\/teodorabcn.com\/wp-content\/uploads\/2024\/05\/Girona_09.jpg\" class=\"attachment-full size-full wp-image-2113\" alt=\"\u00c1tico Girona\" srcset=\"https:\/\/teodorabcn.com\/wp-content\/uploads\/2024\/05\/Girona_09.jpg 1275w, https:\/\/teodorabcn.com\/wp-content\/uploads\/2024\/05\/Girona_09-300x200.jpg 300w, https:\/\/teodorabcn.com\/wp-content\/uploads\/2024\/05\/Girona_09-1024x683.jpg 1024w, https:\/\/teodorabcn.com\/wp-content\/uploads\/2024\/05\/Girona_09-768x512.jpg 768w, https:\/\/teodorabcn.com\/wp-content\/uploads\/2024\/05\/Girona_09-18x12.jpg 18w\" sizes=\"(max-width: 1275px) 100vw, 1275px\" \/>\t\t<\/div>\n\t\t\t\t<div class=\"elementor-portfolio-item__overlay\">\n\t\t\t\t<h3 class=\"elementor-portfolio-item__title\">\n\t\t\u00c0tic Girona\t\t<\/h3>\n\t\t\t\t<\/div>\n\t\t\t\t<\/a>\n\t\t<\/article>\n\t\t\t\t<article class=\"elementor-portfolio-item elementor-post elementor-filter-16 post-1389 proyecto type-proyecto status-publish has-post-thumbnail hentry categoria_proyecto-terrazas-y-jardines\" role=\"listitem\">\n\t\t\t<a class=\"elementor-post__thumbnail__link\" href=\"https:\/\/teodorabcn.com\/ca\/proyecto\/terraza-panama\/\">\n\t\t\t\t<div class=\"elementor-portfolio-item__img elementor-post__thumbnail\">\n\t\t\t<img loading=\"lazy\" decoding=\"async\" width=\"1500\" height=\"1000\" src=\"https:\/\/teodorabcn.com\/wp-content\/uploads\/2023\/12\/teodora-terraza-panama.jpg\" class=\"attachment-full size-full wp-image-1604\" alt=\"teodora-terraza-panama\" srcset=\"https:\/\/teodorabcn.com\/wp-content\/uploads\/2023\/12\/teodora-terraza-panama.jpg 1500w, https:\/\/teodorabcn.com\/wp-content\/uploads\/2023\/12\/teodora-terraza-panama-300x200.jpg 300w, https:\/\/teodorabcn.com\/wp-content\/uploads\/2023\/12\/teodora-terraza-panama-1024x683.jpg 1024w, https:\/\/teodorabcn.com\/wp-content\/uploads\/2023\/12\/teodora-terraza-panama-768x512.jpg 768w\" sizes=\"(max-width: 1500px) 100vw, 1500px\" \/>\t\t<\/div>\n\t\t\t\t<div class=\"elementor-portfolio-item__overlay\">\n\t\t\t\t<h3 class=\"elementor-portfolio-item__title\">\n\t\tTerrassa Panam\u00e0\t\t<\/h3>\n\t\t\t\t<\/div>\n\t\t\t\t<\/a>\n\t\t<\/article>\n\t\t\t\t<article class=\"elementor-portfolio-item elementor-post elementor-filter-16 post-1367 proyecto type-proyecto status-publish has-post-thumbnail hentry categoria_proyecto-terrazas-y-jardines\" role=\"listitem\">\n\t\t\t<a class=\"elementor-post__thumbnail__link\" href=\"https:\/\/teodorabcn.com\/ca\/proyecto\/terraza-jacinto-benavente\/\">\n\t\t\t\t<div class=\"elementor-portfolio-item__img elementor-post__thumbnail\">\n\t\t\t<img loading=\"lazy\" decoding=\"async\" width=\"1500\" height=\"1000\" src=\"https:\/\/teodorabcn.com\/wp-content\/uploads\/2023\/12\/terraza-jacinto-benavente-teodora.jpg\" class=\"attachment-full size-full wp-image-1606\" alt=\"terraza-jacinto-benavente-teodora\" srcset=\"https:\/\/teodorabcn.com\/wp-content\/uploads\/2023\/12\/terraza-jacinto-benavente-teodora.jpg 1500w, https:\/\/teodorabcn.com\/wp-content\/uploads\/2023\/12\/terraza-jacinto-benavente-teodora-300x200.jpg 300w, https:\/\/teodorabcn.com\/wp-content\/uploads\/2023\/12\/terraza-jacinto-benavente-teodora-1024x683.jpg 1024w, https:\/\/teodorabcn.com\/wp-content\/uploads\/2023\/12\/terraza-jacinto-benavente-teodora-768x512.jpg 768w\" sizes=\"(max-width: 1500px) 100vw, 1500px\" \/>\t\t<\/div>\n\t\t\t\t<div class=\"elementor-portfolio-item__overlay\">\n\t\t\t\t<h3 class=\"elementor-portfolio-item__title\">\n\t\tTerrassa Jacinto Benavente\t\t<\/h3>\n\t\t\t\t<\/div>\n\t\t\t\t<\/a>\n\t\t<\/article>\n\t\t\t\t<article class=\"elementor-portfolio-item elementor-post elementor-filter-16 post-1347 proyecto type-proyecto status-publish has-post-thumbnail hentry categoria_proyecto-terrazas-y-jardines\" role=\"listitem\">\n\t\t\t<a class=\"elementor-post__thumbnail__link\" href=\"https:\/\/teodorabcn.com\/ca\/proyecto\/terraza-dalmases\/\">\n\t\t\t\t<div class=\"elementor-portfolio-item__img elementor-post__thumbnail\">\n\t\t\t<img loading=\"lazy\" decoding=\"async\" width=\"2560\" height=\"1707\" src=\"https:\/\/teodorabcn.com\/wp-content\/uploads\/2023\/12\/Dalmases_21-1-scaled.jpg\" class=\"attachment-full size-full wp-image-2985\" alt=\"Terraza Dalmases portada\" srcset=\"https:\/\/teodorabcn.com\/wp-content\/uploads\/2023\/12\/Dalmases_21-1-scaled.jpg 2560w, https:\/\/teodorabcn.com\/wp-content\/uploads\/2023\/12\/Dalmases_21-1-300x200.jpg 300w, https:\/\/teodorabcn.com\/wp-content\/uploads\/2023\/12\/Dalmases_21-1-1024x683.jpg 1024w, https:\/\/teodorabcn.com\/wp-content\/uploads\/2023\/12\/Dalmases_21-1-768x512.jpg 768w, https:\/\/teodorabcn.com\/wp-content\/uploads\/2023\/12\/Dalmases_21-1-1536x1024.jpg 1536w, https:\/\/teodorabcn.com\/wp-content\/uploads\/2023\/12\/Dalmases_21-1-2048x1365.jpg 2048w, https:\/\/teodorabcn.com\/wp-content\/uploads\/2023\/12\/Dalmases_21-1-18x12.jpg 18w\" sizes=\"(max-width: 2560px) 100vw, 2560px\" \/>\t\t<\/div>\n\t\t\t\t<div class=\"elementor-portfolio-item__overlay\">\n\t\t\t\t<h3 class=\"elementor-portfolio-item__title\">\n\t\tTerrassa Dalmases\t\t<\/h3>\n\t\t\t\t<\/div>\n\t\t\t\t<\/a>\n\t\t<\/article>\n\t\t\t\t<article class=\"elementor-portfolio-item elementor-post elementor-filter-16 post-274 proyecto type-proyecto status-publish has-post-thumbnail hentry categoria_proyecto-terrazas-y-jardines\" role=\"listitem\">\n\t\t\t<a class=\"elementor-post__thumbnail__link\" href=\"https:\/\/teodorabcn.com\/ca\/proyecto\/terraza-sant-gervasi\/\">\n\t\t\t\t<div class=\"elementor-portfolio-item__img elementor-post__thumbnail\">\n\t\t\t<img loading=\"lazy\" decoding=\"async\" width=\"1500\" height=\"1000\" src=\"https:\/\/teodorabcn.com\/wp-content\/uploads\/2023\/11\/teodora-sant-gervasi.jpg\" class=\"attachment-full size-full wp-image-1610\" alt=\"teodora-sant-gervasi\" srcset=\"https:\/\/teodorabcn.com\/wp-content\/uploads\/2023\/11\/teodora-sant-gervasi.jpg 1500w, https:\/\/teodorabcn.com\/wp-content\/uploads\/2023\/11\/teodora-sant-gervasi-300x200.jpg 300w, https:\/\/teodorabcn.com\/wp-content\/uploads\/2023\/11\/teodora-sant-gervasi-1024x683.jpg 1024w, https:\/\/teodorabcn.com\/wp-content\/uploads\/2023\/11\/teodora-sant-gervasi-768x512.jpg 768w\" sizes=\"(max-width: 1500px) 100vw, 1500px\" \/>\t\t<\/div>\n\t\t\t\t<div class=\"elementor-portfolio-item__overlay\">\n\t\t\t\t<h3 class=\"elementor-portfolio-item__title\">\n\t\tTerrassa Sant Gervasi\t\t<\/h3>\n\t\t\t\t<\/div>\n\t\t\t\t<\/a>\n\t\t<\/article>\n\t\t\t\t<article class=\"elementor-portfolio-item elementor-post elementor-filter-16 post-378 proyecto type-proyecto status-publish has-post-thumbnail hentry categoria_proyecto-terrazas-y-jardines\" role=\"listitem\">\n\t\t\t<a class=\"elementor-post__thumbnail__link\" href=\"https:\/\/teodorabcn.com\/ca\/proyecto\/terraza-costa-brava\/\">\n\t\t\t\t<div class=\"elementor-portfolio-item__img elementor-post__thumbnail\">\n\t\t\t<img loading=\"lazy\" decoding=\"async\" width=\"1500\" height=\"1001\" src=\"https:\/\/teodorabcn.com\/wp-content\/uploads\/2023\/10\/terraza-costa-brava-teodora-1.jpg\" class=\"attachment-full size-full wp-image-382\" alt=\"terraza-costa-brava-teodora\" srcset=\"https:\/\/teodorabcn.com\/wp-content\/uploads\/2023\/10\/terraza-costa-brava-teodora-1.jpg 1500w, https:\/\/teodorabcn.com\/wp-content\/uploads\/2023\/10\/terraza-costa-brava-teodora-1-300x200.jpg 300w, https:\/\/teodorabcn.com\/wp-content\/uploads\/2023\/10\/terraza-costa-brava-teodora-1-1024x683.jpg 1024w, https:\/\/teodorabcn.com\/wp-content\/uploads\/2023\/10\/terraza-costa-brava-teodora-1-768x513.jpg 768w\" sizes=\"(max-width: 1500px) 100vw, 1500px\" \/>\t\t<\/div>\n\t\t\t\t<div class=\"elementor-portfolio-item__overlay\">\n\t\t\t\t<h3 class=\"elementor-portfolio-item__title\">\n\t\tTerrassa Costa Brava\t\t<\/h3>\n\t\t\t\t<\/div>\n\t\t\t\t<\/a>\n\t\t<\/article>\n\t\t\t\t<article class=\"elementor-portfolio-item elementor-post elementor-filter-16 post-595 proyecto type-proyecto status-publish has-post-thumbnail hentry categoria_proyecto-terrazas-y-jardines\" role=\"listitem\">\n\t\t\t<a class=\"elementor-post__thumbnail__link\" href=\"https:\/\/teodorabcn.com\/ca\/proyecto\/terraza-turo-park\/\">\n\t\t\t\t<div class=\"elementor-portfolio-item__img elementor-post__thumbnail\">\n\t\t\t<img loading=\"lazy\" decoding=\"async\" width=\"1500\" height=\"1000\" src=\"https:\/\/teodorabcn.com\/wp-content\/uploads\/2023\/11\/teodora-turo-park.jpg\" class=\"attachment-full size-full wp-image-1612\" alt=\"teodora-turo-park\" srcset=\"https:\/\/teodorabcn.com\/wp-content\/uploads\/2023\/11\/teodora-turo-park.jpg 1500w, https:\/\/teodorabcn.com\/wp-content\/uploads\/2023\/11\/teodora-turo-park-300x200.jpg 300w, https:\/\/teodorabcn.com\/wp-content\/uploads\/2023\/11\/teodora-turo-park-1024x683.jpg 1024w, https:\/\/teodorabcn.com\/wp-content\/uploads\/2023\/11\/teodora-turo-park-768x512.jpg 768w\" sizes=\"(max-width: 1500px) 100vw, 1500px\" \/>\t\t<\/div>\n\t\t\t\t<div class=\"elementor-portfolio-item__overlay\">\n\t\t\t\t<h3 class=\"elementor-portfolio-item__title\">\n\t\tTerrassa Tur\u00f3 Park\t\t<\/h3>\n\t\t\t\t<\/div>\n\t\t\t\t<\/a>\n\t\t<\/article>\n\t\t\t\t<article class=\"elementor-portfolio-item elementor-post elementor-filter-16 post-621 proyecto type-proyecto status-publish has-post-thumbnail hentry categoria_proyecto-terrazas-y-jardines\" role=\"listitem\">\n\t\t\t<a class=\"elementor-post__thumbnail__link\" href=\"https:\/\/teodorabcn.com\/ca\/proyecto\/terraza-pau-alcover\/\">\n\t\t\t\t<div class=\"elementor-portfolio-item__img elementor-post__thumbnail\">\n\t\t\t<img loading=\"lazy\" decoding=\"async\" width=\"1500\" height=\"1000\" src=\"https:\/\/teodorabcn.com\/wp-content\/uploads\/2023\/11\/terraza-pau-alcover.jpg\" class=\"attachment-full size-full wp-image-2790\" alt=\"terraza pau alcover\" srcset=\"https:\/\/teodorabcn.com\/wp-content\/uploads\/2023\/11\/terraza-pau-alcover.jpg 1500w, https:\/\/teodorabcn.com\/wp-content\/uploads\/2023\/11\/terraza-pau-alcover-300x200.jpg 300w, https:\/\/teodorabcn.com\/wp-content\/uploads\/2023\/11\/terraza-pau-alcover-1024x683.jpg 1024w, https:\/\/teodorabcn.com\/wp-content\/uploads\/2023\/11\/terraza-pau-alcover-768x512.jpg 768w, https:\/\/teodorabcn.com\/wp-content\/uploads\/2023\/11\/terraza-pau-alcover-18x12.jpg 18w\" sizes=\"(max-width: 1500px) 100vw, 1500px\" \/>\t\t<\/div>\n\t\t\t\t<div class=\"elementor-portfolio-item__overlay\">\n\t\t\t\t<h3 class=\"elementor-portfolio-item__title\">\n\t\tTerrassa Pau Alcover\t\t<\/h3>\n\t\t\t\t<\/div>\n\t\t\t\t<\/a>\n\t\t<\/article>\n\t\t\t\t<article class=\"elementor-portfolio-item elementor-post elementor-filter-16 post-965 proyecto type-proyecto status-publish has-post-thumbnail hentry categoria_proyecto-terrazas-y-jardines\" role=\"listitem\">\n\t\t\t<a class=\"elementor-post__thumbnail__link\" href=\"https:\/\/teodorabcn.com\/ca\/proyecto\/terraza-puigmolto\/\">\n\t\t\t\t<div class=\"elementor-portfolio-item__img elementor-post__thumbnail\">\n\t\t\t<img loading=\"lazy\" decoding=\"async\" width=\"1500\" height=\"1000\" src=\"https:\/\/teodorabcn.com\/wp-content\/uploads\/2023\/11\/terraza-puigmolto-1.jpg\" class=\"attachment-full size-full wp-image-1615\" alt=\"terraza-puigmolto\" srcset=\"https:\/\/teodorabcn.com\/wp-content\/uploads\/2023\/11\/terraza-puigmolto-1.jpg 1500w, https:\/\/teodorabcn.com\/wp-content\/uploads\/2023\/11\/terraza-puigmolto-1-300x200.jpg 300w, https:\/\/teodorabcn.com\/wp-content\/uploads\/2023\/11\/terraza-puigmolto-1-1024x683.jpg 1024w, https:\/\/teodorabcn.com\/wp-content\/uploads\/2023\/11\/terraza-puigmolto-1-768x512.jpg 768w\" sizes=\"(max-width: 1500px) 100vw, 1500px\" \/>\t\t<\/div>\n\t\t\t\t<div class=\"elementor-portfolio-item__overlay\">\n\t\t\t\t<h3 class=\"elementor-portfolio-item__title\">\n\t\tTerrassa Puigmolt\u00f3\t\t<\/h3>\n\t\t\t\t<\/div>\n\t\t\t\t<\/a>\n\t\t<\/article>\n\t\t\t\t<article class=\"elementor-portfolio-item elementor-post elementor-filter-16 post-968 proyecto type-proyecto status-publish has-post-thumbnail hentry categoria_proyecto-terrazas-y-jardines\" role=\"listitem\">\n\t\t\t<a class=\"elementor-post__thumbnail__link\" href=\"https:\/\/teodorabcn.com\/ca\/proyecto\/terraza-vives-i-tuto\/\">\n\t\t\t\t<div class=\"elementor-portfolio-item__img elementor-post__thumbnail\">\n\t\t\t<img loading=\"lazy\" decoding=\"async\" width=\"1500\" height=\"1000\" src=\"https:\/\/teodorabcn.com\/wp-content\/uploads\/2023\/11\/terraza-vives-i-tuto.jpg\" class=\"attachment-full size-full wp-image-1617\" alt=\"terraza-vives-i-tuto\" srcset=\"https:\/\/teodorabcn.com\/wp-content\/uploads\/2023\/11\/terraza-vives-i-tuto.jpg 1500w, https:\/\/teodorabcn.com\/wp-content\/uploads\/2023\/11\/terraza-vives-i-tuto-300x200.jpg 300w, https:\/\/teodorabcn.com\/wp-content\/uploads\/2023\/11\/terraza-vives-i-tuto-1024x683.jpg 1024w, https:\/\/teodorabcn.com\/wp-content\/uploads\/2023\/11\/terraza-vives-i-tuto-768x512.jpg 768w\" sizes=\"(max-width: 1500px) 100vw, 1500px\" \/>\t\t<\/div>\n\t\t\t\t<div class=\"elementor-portfolio-item__overlay\">\n\t\t\t\t<h3 class=\"elementor-portfolio-item__title\">\n\t\tTerrassa Vives i Tut\u00f3\t\t<\/h3>\n\t\t\t\t<\/div>\n\t\t\t\t<\/a>\n\t\t<\/article>\n\t\t\t\t<article class=\"elementor-portfolio-item elementor-post elementor-filter-16 post-970 proyecto type-proyecto status-publish has-post-thumbnail hentry categoria_proyecto-terrazas-y-jardines\" role=\"listitem\">\n\t\t\t<a class=\"elementor-post__thumbnail__link\" href=\"https:\/\/teodorabcn.com\/ca\/proyecto\/terraza-vallvidrera\/\">\n\t\t\t\t<div class=\"elementor-portfolio-item__img elementor-post__thumbnail\">\n\t\t\t<img loading=\"lazy\" decoding=\"async\" width=\"1500\" height=\"1000\" src=\"https:\/\/teodorabcn.com\/wp-content\/uploads\/2023\/10\/terraza-vallvidrera.jpg\" class=\"attachment-full size-full wp-image-1619\" alt=\"terraza-vallvidrera\" srcset=\"https:\/\/teodorabcn.com\/wp-content\/uploads\/2023\/10\/terraza-vallvidrera.jpg 1500w, https:\/\/teodorabcn.com\/wp-content\/uploads\/2023\/10\/terraza-vallvidrera-300x200.jpg 300w, https:\/\/teodorabcn.com\/wp-content\/uploads\/2023\/10\/terraza-vallvidrera-1024x683.jpg 1024w, https:\/\/teodorabcn.com\/wp-content\/uploads\/2023\/10\/terraza-vallvidrera-768x512.jpg 768w\" sizes=\"(max-width: 1500px) 100vw, 1500px\" \/>\t\t<\/div>\n\t\t\t\t<div class=\"elementor-portfolio-item__overlay\">\n\t\t\t\t<h3 class=\"elementor-portfolio-item__title\">\n\t\tTerrassa Vallvidrera\t\t<\/h3>\n\t\t\t\t<\/div>\n\t\t\t\t<\/a>\n\t\t<\/article>\n\t\t\t\t<article class=\"elementor-portfolio-item elementor-post elementor-filter-16 post-973 proyecto type-proyecto status-publish has-post-thumbnail hentry categoria_proyecto-terrazas-y-jardines\" role=\"listitem\">\n\t\t\t<a class=\"elementor-post__thumbnail__link\" href=\"https:\/\/teodorabcn.com\/ca\/proyecto\/terraza-espai-travessera\/\">\n\t\t\t\t<div class=\"elementor-portfolio-item__img elementor-post__thumbnail\">\n\t\t\t<img loading=\"lazy\" decoding=\"async\" width=\"1500\" height=\"1000\" src=\"https:\/\/teodorabcn.com\/wp-content\/uploads\/2023\/10\/terraza-espai-travessera.jpg\" class=\"attachment-full size-full wp-image-1621\" alt=\"terraza-espai-travessera\" srcset=\"https:\/\/teodorabcn.com\/wp-content\/uploads\/2023\/10\/terraza-espai-travessera.jpg 1500w, https:\/\/teodorabcn.com\/wp-content\/uploads\/2023\/10\/terraza-espai-travessera-300x200.jpg 300w, https:\/\/teodorabcn.com\/wp-content\/uploads\/2023\/10\/terraza-espai-travessera-1024x683.jpg 1024w, https:\/\/teodorabcn.com\/wp-content\/uploads\/2023\/10\/terraza-espai-travessera-768x512.jpg 768w\" sizes=\"(max-width: 1500px) 100vw, 1500px\" \/>\t\t<\/div>\n\t\t\t\t<div class=\"elementor-portfolio-item__overlay\">\n\t\t\t\t<h3 class=\"elementor-portfolio-item__title\">\n\t\tTerrassa Espai Travessera\t\t<\/h3>\n\t\t\t\t<\/div>\n\t\t\t\t<\/a>\n\t\t<\/article>\n\t\t\t\t<article class=\"elementor-portfolio-item elementor-post elementor-filter-16 post-800 proyecto type-proyecto status-publish has-post-thumbnail hentry categoria_proyecto-terrazas-y-jardines\" role=\"listitem\">\n\t\t\t<a class=\"elementor-post__thumbnail__link\" href=\"https:\/\/teodorabcn.com\/ca\/proyecto\/jardin-sitges\/\">\n\t\t\t\t<div class=\"elementor-portfolio-item__img elementor-post__thumbnail\">\n\t\t\t<img loading=\"lazy\" decoding=\"async\" width=\"1500\" height=\"1000\" src=\"https:\/\/teodorabcn.com\/wp-content\/uploads\/2023\/10\/jardin-sitges.jpg\" class=\"attachment-full size-full wp-image-1623\" alt=\"jardin-sitges\" srcset=\"https:\/\/teodorabcn.com\/wp-content\/uploads\/2023\/10\/jardin-sitges.jpg 1500w, https:\/\/teodorabcn.com\/wp-content\/uploads\/2023\/10\/jardin-sitges-300x200.jpg 300w, https:\/\/teodorabcn.com\/wp-content\/uploads\/2023\/10\/jardin-sitges-1024x683.jpg 1024w, https:\/\/teodorabcn.com\/wp-content\/uploads\/2023\/10\/jardin-sitges-768x512.jpg 768w\" sizes=\"(max-width: 1500px) 100vw, 1500px\" \/>\t\t<\/div>\n\t\t\t\t<div class=\"elementor-portfolio-item__overlay\">\n\t\t\t\t<h3 class=\"elementor-portfolio-item__title\">\n\t\tJard\u00ed Sitges\t\t<\/h3>\n\t\t\t\t<\/div>\n\t\t\t\t<\/a>\n\t\t<\/article>\n\t\t\t\t<article class=\"elementor-portfolio-item elementor-post elementor-filter-16 post-818 proyecto type-proyecto status-publish has-post-thumbnail hentry categoria_proyecto-terrazas-y-jardines\" role=\"listitem\">\n\t\t\t<a class=\"elementor-post__thumbnail__link\" href=\"https:\/\/teodorabcn.com\/ca\/proyecto\/terraza-beethoven\/\">\n\t\t\t\t<div class=\"elementor-portfolio-item__img elementor-post__thumbnail\">\n\t\t\t<img loading=\"lazy\" decoding=\"async\" width=\"1500\" height=\"1000\" src=\"https:\/\/teodorabcn.com\/wp-content\/uploads\/2023\/10\/terraza-beethoven.jpg\" class=\"attachment-full size-full wp-image-1625\" alt=\"terraza-beethoven\" srcset=\"https:\/\/teodorabcn.com\/wp-content\/uploads\/2023\/10\/terraza-beethoven.jpg 1500w, https:\/\/teodorabcn.com\/wp-content\/uploads\/2023\/10\/terraza-beethoven-300x200.jpg 300w, https:\/\/teodorabcn.com\/wp-content\/uploads\/2023\/10\/terraza-beethoven-1024x683.jpg 1024w, https:\/\/teodorabcn.com\/wp-content\/uploads\/2023\/10\/terraza-beethoven-768x512.jpg 768w\" sizes=\"(max-width: 1500px) 100vw, 1500px\" \/>\t\t<\/div>\n\t\t\t\t<div class=\"elementor-portfolio-item__overlay\">\n\t\t\t\t<h3 class=\"elementor-portfolio-item__title\">\n\t\tTerrassa Beethoven\t\t<\/h3>\n\t\t\t\t<\/div>\n\t\t\t\t<\/a>\n\t\t<\/article>\n\t\t\t\t<article class=\"elementor-portfolio-item elementor-post elementor-filter-16 post-839 proyecto type-proyecto status-publish has-post-thumbnail hentry categoria_proyecto-terrazas-y-jardines\" role=\"listitem\">\n\t\t\t<a class=\"elementor-post__thumbnail__link\" href=\"https:\/\/teodorabcn.com\/ca\/proyecto\/terraza-reina-victoria\/\">\n\t\t\t\t<div class=\"elementor-portfolio-item__img elementor-post__thumbnail\">\n\t\t\t<img loading=\"lazy\" decoding=\"async\" width=\"1500\" height=\"1000\" src=\"https:\/\/teodorabcn.com\/wp-content\/uploads\/2023\/10\/terraza-reina-victoria.jpg\" class=\"attachment-full size-full wp-image-1627\" alt=\"terraza-reina-victoria\" srcset=\"https:\/\/teodorabcn.com\/wp-content\/uploads\/2023\/10\/terraza-reina-victoria.jpg 1500w, https:\/\/teodorabcn.com\/wp-content\/uploads\/2023\/10\/terraza-reina-victoria-300x200.jpg 300w, https:\/\/teodorabcn.com\/wp-content\/uploads\/2023\/10\/terraza-reina-victoria-1024x683.jpg 1024w, https:\/\/teodorabcn.com\/wp-content\/uploads\/2023\/10\/terraza-reina-victoria-768x512.jpg 768w\" sizes=\"(max-width: 1500px) 100vw, 1500px\" \/>\t\t<\/div>\n\t\t\t\t<div class=\"elementor-portfolio-item__overlay\">\n\t\t\t\t<h3 class=\"elementor-portfolio-item__title\">\n\t\tTerrassa Reina Victoria\t\t<\/h3>\n\t\t\t\t<\/div>\n\t\t\t\t<\/a>\n\t\t<\/article>\n\t\t\t\t<article class=\"elementor-portfolio-item elementor-post elementor-filter-16 post-859 proyecto type-proyecto status-publish has-post-thumbnail hentry categoria_proyecto-terrazas-y-jardines\" role=\"listitem\">\n\t\t\t<a class=\"elementor-post__thumbnail__link\" href=\"https:\/\/teodorabcn.com\/ca\/proyecto\/jardin-sitges-ii\/\">\n\t\t\t\t<div class=\"elementor-portfolio-item__img elementor-post__thumbnail\">\n\t\t\t<img loading=\"lazy\" decoding=\"async\" width=\"1500\" height=\"1000\" src=\"https:\/\/teodorabcn.com\/wp-content\/uploads\/2023\/10\/jardin-sitges-ii.jpg\" class=\"attachment-full size-full wp-image-1629\" alt=\"jardin-sitges-ii\" srcset=\"https:\/\/teodorabcn.com\/wp-content\/uploads\/2023\/10\/jardin-sitges-ii.jpg 1500w, https:\/\/teodorabcn.com\/wp-content\/uploads\/2023\/10\/jardin-sitges-ii-300x200.jpg 300w, https:\/\/teodorabcn.com\/wp-content\/uploads\/2023\/10\/jardin-sitges-ii-1024x683.jpg 1024w, https:\/\/teodorabcn.com\/wp-content\/uploads\/2023\/10\/jardin-sitges-ii-768x512.jpg 768w\" sizes=\"(max-width: 1500px) 100vw, 1500px\" \/>\t\t<\/div>\n\t\t\t\t<div class=\"elementor-portfolio-item__overlay\">\n\t\t\t\t<h3 class=\"elementor-portfolio-item__title\">\n\t\tJard\u00ed Sitges II\t\t<\/h3>\n\t\t\t\t<\/div>\n\t\t\t\t<\/a>\n\t\t<\/article>\n\t\t\t\t<article class=\"elementor-portfolio-item elementor-post elementor-filter-16 post-885 proyecto type-proyecto status-publish has-post-thumbnail hentry categoria_proyecto-terrazas-y-jardines\" role=\"listitem\">\n\t\t\t<a class=\"elementor-post__thumbnail__link\" href=\"https:\/\/teodorabcn.com\/ca\/proyecto\/terraza-pedralbes\/\">\n\t\t\t\t<div class=\"elementor-portfolio-item__img elementor-post__thumbnail\">\n\t\t\t<img loading=\"lazy\" decoding=\"async\" width=\"1500\" height=\"1000\" src=\"https:\/\/teodorabcn.com\/wp-content\/uploads\/2023\/10\/terraza-pedralbes.jpg\" class=\"attachment-full size-full wp-image-1631\" alt=\"terraza-pedralbes\" srcset=\"https:\/\/teodorabcn.com\/wp-content\/uploads\/2023\/10\/terraza-pedralbes.jpg 1500w, https:\/\/teodorabcn.com\/wp-content\/uploads\/2023\/10\/terraza-pedralbes-300x200.jpg 300w, https:\/\/teodorabcn.com\/wp-content\/uploads\/2023\/10\/terraza-pedralbes-1024x683.jpg 1024w, https:\/\/teodorabcn.com\/wp-content\/uploads\/2023\/10\/terraza-pedralbes-768x512.jpg 768w\" sizes=\"(max-width: 1500px) 100vw, 1500px\" \/>\t\t<\/div>\n\t\t\t\t<div class=\"elementor-portfolio-item__overlay\">\n\t\t\t\t<h3 class=\"elementor-portfolio-item__title\">\n\t\tTerrassa Pedralbes\t\t<\/h3>\n\t\t\t\t<\/div>\n\t\t\t\t<\/a>\n\t\t<\/article>\n\t\t\t\t<article class=\"elementor-portfolio-item elementor-post elementor-filter-16 post-905 proyecto type-proyecto status-publish has-post-thumbnail hentry categoria_proyecto-terrazas-y-jardines\" role=\"listitem\">\n\t\t\t<a class=\"elementor-post__thumbnail__link\" href=\"https:\/\/teodorabcn.com\/ca\/proyecto\/terraza-mallorca\/\">\n\t\t\t\t<div class=\"elementor-portfolio-item__img elementor-post__thumbnail\">\n\t\t\t<img loading=\"lazy\" decoding=\"async\" width=\"1500\" height=\"1000\" src=\"https:\/\/teodorabcn.com\/wp-content\/uploads\/2023\/10\/terraza-mallorca.jpg\" class=\"attachment-full size-full wp-image-1633\" alt=\"terraza-mallorca\" srcset=\"https:\/\/teodorabcn.com\/wp-content\/uploads\/2023\/10\/terraza-mallorca.jpg 1500w, https:\/\/teodorabcn.com\/wp-content\/uploads\/2023\/10\/terraza-mallorca-300x200.jpg 300w, https:\/\/teodorabcn.com\/wp-content\/uploads\/2023\/10\/terraza-mallorca-1024x683.jpg 1024w, https:\/\/teodorabcn.com\/wp-content\/uploads\/2023\/10\/terraza-mallorca-768x512.jpg 768w\" sizes=\"(max-width: 1500px) 100vw, 1500px\" \/>\t\t<\/div>\n\t\t\t\t<div class=\"elementor-portfolio-item__overlay\">\n\t\t\t\t<h3 class=\"elementor-portfolio-item__title\">\n\t\tTerrassa Mallorca\t\t<\/h3>\n\t\t\t\t<\/div>\n\t\t\t\t<\/a>\n\t\t<\/article>\n\t\t\t\t<article class=\"elementor-portfolio-item elementor-post elementor-filter-17 post-925 proyecto type-proyecto status-publish has-post-thumbnail hentry categoria_proyecto-terrazas-hoteles-y-restaurantes\" role=\"listitem\">\n\t\t\t<a class=\"elementor-post__thumbnail__link\" href=\"https:\/\/teodorabcn.com\/ca\/proyecto\/restaurante-twist-hotel-sixties\/\">\n\t\t\t\t<div class=\"elementor-portfolio-item__img elementor-post__thumbnail\">\n\t\t\t<img loading=\"lazy\" decoding=\"async\" width=\"1500\" height=\"1000\" src=\"https:\/\/teodorabcn.com\/wp-content\/uploads\/2023\/10\/restaurante-twist-hotel-sixties.jpg\" class=\"attachment-full size-full wp-image-1635\" alt=\"restaurante-twist-hotel-sixties\" srcset=\"https:\/\/teodorabcn.com\/wp-content\/uploads\/2023\/10\/restaurante-twist-hotel-sixties.jpg 1500w, https:\/\/teodorabcn.com\/wp-content\/uploads\/2023\/10\/restaurante-twist-hotel-sixties-300x200.jpg 300w, https:\/\/teodorabcn.com\/wp-content\/uploads\/2023\/10\/restaurante-twist-hotel-sixties-1024x683.jpg 1024w, https:\/\/teodorabcn.com\/wp-content\/uploads\/2023\/10\/restaurante-twist-hotel-sixties-768x512.jpg 768w\" sizes=\"(max-width: 1500px) 100vw, 1500px\" \/>\t\t<\/div>\n\t\t\t\t<div class=\"elementor-portfolio-item__overlay\">\n\t\t\t\t<h3 class=\"elementor-portfolio-item__title\">\n\t\tRestaurant Twist Hotel Sixties\t\t<\/h3>\n\t\t\t\t<\/div>\n\t\t\t\t<\/a>\n\t\t<\/article>\n\t\t\t\t<article class=\"elementor-portfolio-item elementor-post elementor-filter-16 post-945 proyecto type-proyecto status-publish has-post-thumbnail hentry categoria_proyecto-terrazas-y-jardines\" role=\"listitem\">\n\t\t\t<a class=\"elementor-post__thumbnail__link\" href=\"https:\/\/teodorabcn.com\/ca\/proyecto\/jardin-sant-cugat\/\">\n\t\t\t\t<div class=\"elementor-portfolio-item__img elementor-post__thumbnail\">\n\t\t\t<img loading=\"lazy\" decoding=\"async\" width=\"1500\" height=\"1000\" src=\"https:\/\/teodorabcn.com\/wp-content\/uploads\/2023\/10\/jardin-sant-cugat.jpg\" class=\"attachment-full size-full wp-image-1641\" alt=\"jardin-sant-cugat\" srcset=\"https:\/\/teodorabcn.com\/wp-content\/uploads\/2023\/10\/jardin-sant-cugat.jpg 1500w, https:\/\/teodorabcn.com\/wp-content\/uploads\/2023\/10\/jardin-sant-cugat-300x200.jpg 300w, https:\/\/teodorabcn.com\/wp-content\/uploads\/2023\/10\/jardin-sant-cugat-1024x683.jpg 1024w, https:\/\/teodorabcn.com\/wp-content\/uploads\/2023\/10\/jardin-sant-cugat-768x512.jpg 768w\" sizes=\"(max-width: 1500px) 100vw, 1500px\" \/>\t\t<\/div>\n\t\t\t\t<div class=\"elementor-portfolio-item__overlay\">\n\t\t\t\t<h3 class=\"elementor-portfolio-item__title\">\n\t\tJard\u00ed Sant Cugat\t\t<\/h3>\n\t\t\t\t<\/div>\n\t\t\t\t<\/a>\n\t\t<\/article>\n\t\t\t\t<article class=\"elementor-portfolio-item elementor-post elementor-filter-16 post-530 proyecto type-proyecto status-publish has-post-thumbnail hentry categoria_proyecto-terrazas-y-jardines\" role=\"listitem\">\n\t\t\t<a class=\"elementor-post__thumbnail__link\" href=\"https:\/\/teodorabcn.com\/ca\/proyecto\/terraza-poblenou\/\">\n\t\t\t\t<div class=\"elementor-portfolio-item__img elementor-post__thumbnail\">\n\t\t\t<img loading=\"lazy\" decoding=\"async\" width=\"2000\" height=\"1333\" src=\"https:\/\/teodorabcn.com\/wp-content\/uploads\/2023\/10\/TEO_FOTOS_POBLENOU1.jpg\" class=\"attachment-full size-full wp-image-2744\" alt=\"FOTOS_POBLENOU1\" srcset=\"https:\/\/teodorabcn.com\/wp-content\/uploads\/2023\/10\/TEO_FOTOS_POBLENOU1.jpg 2000w, https:\/\/teodorabcn.com\/wp-content\/uploads\/2023\/10\/TEO_FOTOS_POBLENOU1-300x200.jpg 300w, https:\/\/teodorabcn.com\/wp-content\/uploads\/2023\/10\/TEO_FOTOS_POBLENOU1-1024x682.jpg 1024w, https:\/\/teodorabcn.com\/wp-content\/uploads\/2023\/10\/TEO_FOTOS_POBLENOU1-768x512.jpg 768w, https:\/\/teodorabcn.com\/wp-content\/uploads\/2023\/10\/TEO_FOTOS_POBLENOU1-1536x1024.jpg 1536w, https:\/\/teodorabcn.com\/wp-content\/uploads\/2023\/10\/TEO_FOTOS_POBLENOU1-18x12.jpg 18w\" sizes=\"(max-width: 2000px) 100vw, 2000px\" \/>\t\t<\/div>\n\t\t\t\t<div class=\"elementor-portfolio-item__overlay\">\n\t\t\t\t<h3 class=\"elementor-portfolio-item__title\">\n\t\tTerrassa Poblenou\t\t<\/h3>\n\t\t\t\t<\/div>\n\t\t\t\t<\/a>\n\t\t<\/article>\n\t\t\t\t<article class=\"elementor-portfolio-item elementor-post elementor-filter-17 post-560 proyecto type-proyecto status-publish has-post-thumbnail hentry categoria_proyecto-terrazas-hoteles-y-restaurantes\" role=\"listitem\">\n\t\t\t<a class=\"elementor-post__thumbnail__link\" href=\"https:\/\/teodorabcn.com\/ca\/proyecto\/hotel-me-sitges-terramar\/\">\n\t\t\t\t<div class=\"elementor-portfolio-item__img elementor-post__thumbnail\">\n\t\t\t<img loading=\"lazy\" decoding=\"async\" width=\"2000\" height=\"1345\" src=\"https:\/\/teodorabcn.com\/wp-content\/uploads\/2023\/10\/1-2.jpg\" class=\"attachment-full size-full wp-image-2853\" alt=\"Hotel Me Sitges Terramar\" srcset=\"https:\/\/teodorabcn.com\/wp-content\/uploads\/2023\/10\/1-2.jpg 2000w, https:\/\/teodorabcn.com\/wp-content\/uploads\/2023\/10\/1-2-300x202.jpg 300w, https:\/\/teodorabcn.com\/wp-content\/uploads\/2023\/10\/1-2-1024x689.jpg 1024w, https:\/\/teodorabcn.com\/wp-content\/uploads\/2023\/10\/1-2-768x516.jpg 768w, https:\/\/teodorabcn.com\/wp-content\/uploads\/2023\/10\/1-2-1536x1033.jpg 1536w, https:\/\/teodorabcn.com\/wp-content\/uploads\/2023\/10\/1-2-18x12.jpg 18w\" sizes=\"(max-width: 2000px) 100vw, 2000px\" \/>\t\t<\/div>\n\t\t\t\t<div class=\"elementor-portfolio-item__overlay\">\n\t\t\t\t<h3 class=\"elementor-portfolio-item__title\">\n\t\tl'Hotel Me Sitges Terramar\t\t<\/h3>\n\t\t\t\t<\/div>\n\t\t\t\t<\/a>\n\t\t<\/article>\n\t\t\t\t<article class=\"elementor-portfolio-item elementor-post elementor-filter-16 post-585 proyecto type-proyecto status-publish has-post-thumbnail hentry categoria_proyecto-terrazas-y-jardines\" role=\"listitem\">\n\t\t\t<a class=\"elementor-post__thumbnail__link\" href=\"https:\/\/teodorabcn.com\/ca\/proyecto\/terraza-diagonal\/\">\n\t\t\t\t<div class=\"elementor-portfolio-item__img elementor-post__thumbnail\">\n\t\t\t<img loading=\"lazy\" decoding=\"async\" width=\"2000\" height=\"1335\" src=\"https:\/\/teodorabcn.com\/wp-content\/uploads\/2023\/10\/1-4.jpg\" class=\"attachment-full size-full wp-image-2758\" alt=\"Terraza Diagonal - Teodora\" srcset=\"https:\/\/teodorabcn.com\/wp-content\/uploads\/2023\/10\/1-4.jpg 2000w, https:\/\/teodorabcn.com\/wp-content\/uploads\/2023\/10\/1-4-300x200.jpg 300w, https:\/\/teodorabcn.com\/wp-content\/uploads\/2023\/10\/1-4-1024x684.jpg 1024w, https:\/\/teodorabcn.com\/wp-content\/uploads\/2023\/10\/1-4-768x513.jpg 768w, https:\/\/teodorabcn.com\/wp-content\/uploads\/2023\/10\/1-4-1536x1025.jpg 1536w, https:\/\/teodorabcn.com\/wp-content\/uploads\/2023\/10\/1-4-18x12.jpg 18w\" sizes=\"(max-width: 2000px) 100vw, 2000px\" \/>\t\t<\/div>\n\t\t\t\t<div class=\"elementor-portfolio-item__overlay\">\n\t\t\t\t<h3 class=\"elementor-portfolio-item__title\">\n\t\tTerrassa Diagonal\t\t<\/h3>\n\t\t\t\t<\/div>\n\t\t\t\t<\/a>\n\t\t<\/article>\n\t\t\t\t<article class=\"elementor-portfolio-item elementor-post elementor-filter-16 post-702 proyecto type-proyecto status-publish has-post-thumbnail hentry categoria_proyecto-terrazas-y-jardines\" role=\"listitem\">\n\t\t\t<a class=\"elementor-post__thumbnail__link\" href=\"https:\/\/teodorabcn.com\/ca\/proyecto\/terraza-madrazo\/\">\n\t\t\t\t<div class=\"elementor-portfolio-item__img elementor-post__thumbnail\">\n\t\t\t<img loading=\"lazy\" decoding=\"async\" width=\"1273\" height=\"850\" src=\"https:\/\/teodorabcn.com\/wp-content\/uploads\/2023\/10\/Terraza-Madrazo-Teodora-hori.jpg\" class=\"attachment-full size-full wp-image-2805\" alt=\"Terraza-Madrazo-Teodora-hori\" srcset=\"https:\/\/teodorabcn.com\/wp-content\/uploads\/2023\/10\/Terraza-Madrazo-Teodora-hori.jpg 1273w, https:\/\/teodorabcn.com\/wp-content\/uploads\/2023\/10\/Terraza-Madrazo-Teodora-hori-300x200.jpg 300w, https:\/\/teodorabcn.com\/wp-content\/uploads\/2023\/10\/Terraza-Madrazo-Teodora-hori-1024x684.jpg 1024w, https:\/\/teodorabcn.com\/wp-content\/uploads\/2023\/10\/Terraza-Madrazo-Teodora-hori-768x513.jpg 768w, https:\/\/teodorabcn.com\/wp-content\/uploads\/2023\/10\/Terraza-Madrazo-Teodora-hori-18x12.jpg 18w\" sizes=\"(max-width: 1273px) 100vw, 1273px\" \/>\t\t<\/div>\n\t\t\t\t<div class=\"elementor-portfolio-item__overlay\">\n\t\t\t\t<h3 class=\"elementor-portfolio-item__title\">\n\t\tTerrassa Madrazo\t\t<\/h3>\n\t\t\t\t<\/div>\n\t\t\t\t<\/a>\n\t\t<\/article>\n\t\t\t\t<article class=\"elementor-portfolio-item elementor-post elementor-filter-16 post-724 proyecto type-proyecto status-publish has-post-thumbnail hentry categoria_proyecto-terrazas-y-jardines\" role=\"listitem\">\n\t\t\t<a class=\"elementor-post__thumbnail__link\" href=\"https:\/\/teodorabcn.com\/ca\/proyecto\/terraza-rambla-cataluna\/\">\n\t\t\t\t<div class=\"elementor-portfolio-item__img elementor-post__thumbnail\">\n\t\t\t<img loading=\"lazy\" decoding=\"async\" width=\"1500\" height=\"1000\" src=\"https:\/\/teodorabcn.com\/wp-content\/uploads\/2023\/10\/terraza-rambla-cataluna.jpg\" class=\"attachment-full size-full wp-image-1650\" alt=\"terraza-rambla-catalu\u00f1a\" srcset=\"https:\/\/teodorabcn.com\/wp-content\/uploads\/2023\/10\/terraza-rambla-cataluna.jpg 1500w, https:\/\/teodorabcn.com\/wp-content\/uploads\/2023\/10\/terraza-rambla-cataluna-300x200.jpg 300w, https:\/\/teodorabcn.com\/wp-content\/uploads\/2023\/10\/terraza-rambla-cataluna-1024x683.jpg 1024w, https:\/\/teodorabcn.com\/wp-content\/uploads\/2023\/10\/terraza-rambla-cataluna-768x512.jpg 768w\" sizes=\"(max-width: 1500px) 100vw, 1500px\" \/>\t\t<\/div>\n\t\t\t\t<div class=\"elementor-portfolio-item__overlay\">\n\t\t\t\t<h3 class=\"elementor-portfolio-item__title\">\n\t\tTerrassa Rambla Catalunya\t\t<\/h3>\n\t\t\t\t<\/div>\n\t\t\t\t<\/a>\n\t\t<\/article>\n\t\t\t\t<article class=\"elementor-portfolio-item elementor-post elementor-filter-16 post-740 proyecto type-proyecto status-publish has-post-thumbnail hentry categoria_proyecto-terrazas-y-jardines\" role=\"listitem\">\n\t\t\t<a class=\"elementor-post__thumbnail__link\" href=\"https:\/\/teodorabcn.com\/ca\/proyecto\/terraza-turo-parc\/\">\n\t\t\t\t<div class=\"elementor-portfolio-item__img elementor-post__thumbnail\">\n\t\t\t<img loading=\"lazy\" decoding=\"async\" width=\"2000\" height=\"1333\" src=\"https:\/\/teodorabcn.com\/wp-content\/uploads\/2023\/10\/TERRAZA-TURO-PARC-TEODORA-2-1.jpg\" class=\"attachment-full size-full wp-image-2717\" alt=\"TERRAZA TUR\u00d3 PARC - TEODORA\" srcset=\"https:\/\/teodorabcn.com\/wp-content\/uploads\/2023\/10\/TERRAZA-TURO-PARC-TEODORA-2-1.jpg 2000w, https:\/\/teodorabcn.com\/wp-content\/uploads\/2023\/10\/TERRAZA-TURO-PARC-TEODORA-2-1-300x200.jpg 300w, https:\/\/teodorabcn.com\/wp-content\/uploads\/2023\/10\/TERRAZA-TURO-PARC-TEODORA-2-1-1024x682.jpg 1024w, https:\/\/teodorabcn.com\/wp-content\/uploads\/2023\/10\/TERRAZA-TURO-PARC-TEODORA-2-1-768x512.jpg 768w, https:\/\/teodorabcn.com\/wp-content\/uploads\/2023\/10\/TERRAZA-TURO-PARC-TEODORA-2-1-1536x1024.jpg 1536w, https:\/\/teodorabcn.com\/wp-content\/uploads\/2023\/10\/TERRAZA-TURO-PARC-TEODORA-2-1-18x12.jpg 18w\" sizes=\"(max-width: 2000px) 100vw, 2000px\" \/>\t\t<\/div>\n\t\t\t\t<div class=\"elementor-portfolio-item__overlay\">\n\t\t\t\t<h3 class=\"elementor-portfolio-item__title\">\n\t\tTerrassa Tur\u00f3 Parc\t\t<\/h3>\n\t\t\t\t<\/div>\n\t\t\t\t<\/a>\n\t\t<\/article>\n\t\t\t\t<article class=\"elementor-portfolio-item elementor-post elementor-filter-16 post-756 proyecto type-proyecto status-publish has-post-thumbnail hentry categoria_proyecto-terrazas-y-jardines\" role=\"listitem\">\n\t\t\t<a class=\"elementor-post__thumbnail__link\" href=\"https:\/\/teodorabcn.com\/ca\/proyecto\/terraza-catedral\/\">\n\t\t\t\t<div class=\"elementor-portfolio-item__img elementor-post__thumbnail\">\n\t\t\t<img loading=\"lazy\" decoding=\"async\" width=\"2000\" height=\"1333\" src=\"https:\/\/teodorabcn.com\/wp-content\/uploads\/2023\/10\/TERRAZA-CATEDRAL-TEODORA-4.jpg\" class=\"attachment-full size-full wp-image-2798\" alt=\"TERRAZA-CATEDRAL-TEODORA-4\" srcset=\"https:\/\/teodorabcn.com\/wp-content\/uploads\/2023\/10\/TERRAZA-CATEDRAL-TEODORA-4.jpg 2000w, https:\/\/teodorabcn.com\/wp-content\/uploads\/2023\/10\/TERRAZA-CATEDRAL-TEODORA-4-300x200.jpg 300w, https:\/\/teodorabcn.com\/wp-content\/uploads\/2023\/10\/TERRAZA-CATEDRAL-TEODORA-4-1024x682.jpg 1024w, https:\/\/teodorabcn.com\/wp-content\/uploads\/2023\/10\/TERRAZA-CATEDRAL-TEODORA-4-768x512.jpg 768w, https:\/\/teodorabcn.com\/wp-content\/uploads\/2023\/10\/TERRAZA-CATEDRAL-TEODORA-4-1536x1024.jpg 1536w, https:\/\/teodorabcn.com\/wp-content\/uploads\/2023\/10\/TERRAZA-CATEDRAL-TEODORA-4-18x12.jpg 18w\" sizes=\"(max-width: 2000px) 100vw, 2000px\" \/>\t\t<\/div>\n\t\t\t\t<div class=\"elementor-portfolio-item__overlay\">\n\t\t\t\t<h3 class=\"elementor-portfolio-item__title\">\n\t\tTerrassa Catedral\t\t<\/h3>\n\t\t\t\t<\/div>\n\t\t\t\t<\/a>\n\t\t<\/article>\n\t\t\t\t<article class=\"elementor-portfolio-item elementor-post elementor-filter-17 post-783 proyecto type-proyecto status-publish has-post-thumbnail hentry categoria_proyecto-terrazas-hoteles-y-restaurantes\" role=\"listitem\">\n\t\t\t<a class=\"elementor-post__thumbnail__link\" href=\"https:\/\/teodorabcn.com\/ca\/proyecto\/hotel-lemon_chic-and-basic\/\">\n\t\t\t\t<div class=\"elementor-portfolio-item__img elementor-post__thumbnail\">\n\t\t\t<img loading=\"lazy\" decoding=\"async\" width=\"2000\" height=\"1313\" src=\"https:\/\/teodorabcn.com\/wp-content\/uploads\/2023\/10\/HOTEL-LEMON_CHIC-AND-BASIC-TEODORA-1-1.jpg\" class=\"attachment-full size-full wp-image-2714\" alt=\"HOTEL LEMON_CHIC AND BASIC - TEODORA\" srcset=\"https:\/\/teodorabcn.com\/wp-content\/uploads\/2023\/10\/HOTEL-LEMON_CHIC-AND-BASIC-TEODORA-1-1.jpg 2000w, https:\/\/teodorabcn.com\/wp-content\/uploads\/2023\/10\/HOTEL-LEMON_CHIC-AND-BASIC-TEODORA-1-1-300x197.jpg 300w, https:\/\/teodorabcn.com\/wp-content\/uploads\/2023\/10\/HOTEL-LEMON_CHIC-AND-BASIC-TEODORA-1-1-1024x672.jpg 1024w, https:\/\/teodorabcn.com\/wp-content\/uploads\/2023\/10\/HOTEL-LEMON_CHIC-AND-BASIC-TEODORA-1-1-768x504.jpg 768w, https:\/\/teodorabcn.com\/wp-content\/uploads\/2023\/10\/HOTEL-LEMON_CHIC-AND-BASIC-TEODORA-1-1-1536x1008.jpg 1536w, https:\/\/teodorabcn.com\/wp-content\/uploads\/2023\/10\/HOTEL-LEMON_CHIC-AND-BASIC-TEODORA-1-1-18x12.jpg 18w\" sizes=\"(max-width: 2000px) 100vw, 2000px\" \/>\t\t<\/div>\n\t\t\t\t<div class=\"elementor-portfolio-item__overlay\">\n\t\t\t\t<h3 class=\"elementor-portfolio-item__title\">\n\t\tHotel Lemon Chic and Basic\t\t<\/h3>\n\t\t\t\t<\/div>\n\t\t\t\t<\/a>\n\t\t<\/article>\n\t\t\t\t<article class=\"elementor-portfolio-item elementor-post elementor-filter-17 post-471 proyecto type-proyecto status-publish has-post-thumbnail hentry categoria_proyecto-terrazas-hoteles-y-restaurantes\" role=\"listitem\">\n\t\t\t<a class=\"elementor-post__thumbnail__link\" href=\"https:\/\/teodorabcn.com\/ca\/proyecto\/hotel-royal-passeig-de-gracia\/\">\n\t\t\t\t<div class=\"elementor-portfolio-item__img elementor-post__thumbnail\">\n\t\t\t<img loading=\"lazy\" decoding=\"async\" width=\"1276\" height=\"850\" src=\"https:\/\/teodorabcn.com\/wp-content\/uploads\/2023\/10\/Hotel-Royal-Passeig-de-Gracia-1.jpg\" class=\"attachment-full size-full wp-image-2843\" alt=\"Hotel Royal Passeig de Gr\u00e0cia-1\" srcset=\"https:\/\/teodorabcn.com\/wp-content\/uploads\/2023\/10\/Hotel-Royal-Passeig-de-Gracia-1.jpg 1276w, https:\/\/teodorabcn.com\/wp-content\/uploads\/2023\/10\/Hotel-Royal-Passeig-de-Gracia-1-300x200.jpg 300w, https:\/\/teodorabcn.com\/wp-content\/uploads\/2023\/10\/Hotel-Royal-Passeig-de-Gracia-1-1024x682.jpg 1024w, https:\/\/teodorabcn.com\/wp-content\/uploads\/2023\/10\/Hotel-Royal-Passeig-de-Gracia-1-768x512.jpg 768w, https:\/\/teodorabcn.com\/wp-content\/uploads\/2023\/10\/Hotel-Royal-Passeig-de-Gracia-1-18x12.jpg 18w\" sizes=\"(max-width: 1276px) 100vw, 1276px\" \/>\t\t<\/div>\n\t\t\t\t<div class=\"elementor-portfolio-item__overlay\">\n\t\t\t\t<h3 class=\"elementor-portfolio-item__title\">\n\t\tHotel Royal Passeig de Gr\u00e0cia\t\t<\/h3>\n\t\t\t\t<\/div>\n\t\t\t\t<\/a>\n\t\t<\/article>\n\t\t\t\t<article class=\"elementor-portfolio-item elementor-post elementor-filter-17 post-457 proyecto type-proyecto status-publish has-post-thumbnail hentry categoria_proyecto-terrazas-hoteles-y-restaurantes\" role=\"listitem\">\n\t\t\t<a class=\"elementor-post__thumbnail__link\" href=\"https:\/\/teodorabcn.com\/ca\/proyecto\/hotel-velvet-chic-and-basic\/\">\n\t\t\t\t<div class=\"elementor-portfolio-item__img elementor-post__thumbnail\">\n\t\t\t<img loading=\"lazy\" decoding=\"async\" width=\"1275\" height=\"850\" src=\"https:\/\/teodorabcn.com\/wp-content\/uploads\/2023\/10\/chic_and_basic_Velvet_teerraza_sol_vistas_pared.jpg\" class=\"attachment-full size-full wp-image-459\" alt=\"chic_and_basic_Velvet_teerraza_sol_vistas_pared\" srcset=\"https:\/\/teodorabcn.com\/wp-content\/uploads\/2023\/10\/chic_and_basic_Velvet_teerraza_sol_vistas_pared.jpg 1275w, https:\/\/teodorabcn.com\/wp-content\/uploads\/2023\/10\/chic_and_basic_Velvet_teerraza_sol_vistas_pared-300x200.jpg 300w, https:\/\/teodorabcn.com\/wp-content\/uploads\/2023\/10\/chic_and_basic_Velvet_teerraza_sol_vistas_pared-1024x683.jpg 1024w, https:\/\/teodorabcn.com\/wp-content\/uploads\/2023\/10\/chic_and_basic_Velvet_teerraza_sol_vistas_pared-768x512.jpg 768w\" sizes=\"(max-width: 1275px) 100vw, 1275px\" \/>\t\t<\/div>\n\t\t\t\t<div class=\"elementor-portfolio-item__overlay\">\n\t\t\t\t<h3 class=\"elementor-portfolio-item__title\">\n\t\tHotel Velvet Chic and Basic\t\t<\/h3>\n\t\t\t\t<\/div>\n\t\t\t\t<\/a>\n\t\t<\/article>\n\t\t\t\t<article class=\"elementor-portfolio-item elementor-post elementor-filter-17 post-427 proyecto type-proyecto status-publish has-post-thumbnail hentry categoria_proyecto-terrazas-hoteles-y-restaurantes\" role=\"listitem\">\n\t\t\t<a class=\"elementor-post__thumbnail__link\" href=\"https:\/\/teodorabcn.com\/ca\/proyecto\/hotel-principal-madrid\/\">\n\t\t\t\t<div class=\"elementor-portfolio-item__img elementor-post__thumbnail\">\n\t\t\t<img loading=\"lazy\" decoding=\"async\" width=\"1308\" height=\"850\" src=\"https:\/\/teodorabcn.com\/wp-content\/uploads\/2023\/10\/terraza-hotel-principal-6.jpg\" class=\"attachment-full size-full wp-image-439\" alt=\"terraza-hotel-principal-6\" srcset=\"https:\/\/teodorabcn.com\/wp-content\/uploads\/2023\/10\/terraza-hotel-principal-6.jpg 1308w, https:\/\/teodorabcn.com\/wp-content\/uploads\/2023\/10\/terraza-hotel-principal-6-300x195.jpg 300w, https:\/\/teodorabcn.com\/wp-content\/uploads\/2023\/10\/terraza-hotel-principal-6-1024x665.jpg 1024w, https:\/\/teodorabcn.com\/wp-content\/uploads\/2023\/10\/terraza-hotel-principal-6-768x499.jpg 768w\" sizes=\"(max-width: 1308px) 100vw, 1308px\" \/>\t\t<\/div>\n\t\t\t\t<div class=\"elementor-portfolio-item__overlay\">\n\t\t\t\t<h3 class=\"elementor-portfolio-item__title\">\n\t\tl'Hotel Principal Madrid\t\t<\/h3>\n\t\t\t\t<\/div>\n\t\t\t\t<\/a>\n\t\t<\/article>\n\t\t\t\t<article class=\"elementor-portfolio-item elementor-post elementor-filter-17 post-441 proyecto type-proyecto status-publish has-post-thumbnail hentry categoria_proyecto-terrazas-hoteles-y-restaurantes\" role=\"listitem\">\n\t\t\t<a class=\"elementor-post__thumbnail__link\" href=\"https:\/\/teodorabcn.com\/ca\/proyecto\/hotel-the-serras\/\">\n\t\t\t\t<div class=\"elementor-portfolio-item__img elementor-post__thumbnail\">\n\t\t\t<img loading=\"lazy\" decoding=\"async\" width=\"1287\" height=\"850\" src=\"https:\/\/teodorabcn.com\/wp-content\/uploads\/2023\/10\/Hotel-The-Serras.png\" class=\"attachment-full size-full wp-image-455\" alt=\"Hotel The Serras\" srcset=\"https:\/\/teodorabcn.com\/wp-content\/uploads\/2023\/10\/Hotel-The-Serras.png 1287w, https:\/\/teodorabcn.com\/wp-content\/uploads\/2023\/10\/Hotel-The-Serras-300x198.png 300w, https:\/\/teodorabcn.com\/wp-content\/uploads\/2023\/10\/Hotel-The-Serras-1024x676.png 1024w, https:\/\/teodorabcn.com\/wp-content\/uploads\/2023\/10\/Hotel-The-Serras-768x507.png 768w\" sizes=\"(max-width: 1287px) 100vw, 1287px\" \/>\t\t<\/div>\n\t\t\t\t<div class=\"elementor-portfolio-item__overlay\">\n\t\t\t\t<h3 class=\"elementor-portfolio-item__title\">\n\t\tHotel The Serras\t\t<\/h3>\n\t\t\t\t<\/div>\n\t\t\t\t<\/a>\n\t\t<\/article>\n\t\t\t\t<article class=\"elementor-portfolio-item elementor-post elementor-filter-19 post-409 proyecto type-proyecto status-publish has-post-thumbnail hentry categoria_proyecto-eventos-y-espacios-publicos\" role=\"listitem\">\n\t\t\t<a class=\"elementor-post__thumbnail__link\" href=\"https:\/\/teodorabcn.com\/ca\/proyecto\/festival-grec-barcelona\/\">\n\t\t\t\t<div class=\"elementor-portfolio-item__img elementor-post__thumbnail\">\n\t\t\t<img loading=\"lazy\" decoding=\"async\" width=\"1276\" height=\"850\" src=\"https:\/\/teodorabcn.com\/wp-content\/uploads\/2023\/10\/Festival-Grec-Barcelona-1.jpg\" class=\"attachment-full size-full wp-image-411\" alt=\"Festival Grec Barcelona (1)\" srcset=\"https:\/\/teodorabcn.com\/wp-content\/uploads\/2023\/10\/Festival-Grec-Barcelona-1.jpg 1276w, https:\/\/teodorabcn.com\/wp-content\/uploads\/2023\/10\/Festival-Grec-Barcelona-1-300x200.jpg 300w, https:\/\/teodorabcn.com\/wp-content\/uploads\/2023\/10\/Festival-Grec-Barcelona-1-1024x682.jpg 1024w, https:\/\/teodorabcn.com\/wp-content\/uploads\/2023\/10\/Festival-Grec-Barcelona-1-768x512.jpg 768w\" sizes=\"(max-width: 1276px) 100vw, 1276px\" \/>\t\t<\/div>\n\t\t\t\t<div class=\"elementor-portfolio-item__overlay\">\n\t\t\t\t<h3 class=\"elementor-portfolio-item__title\">\n\t\tFestival Grec Barcelona\t\t<\/h3>\n\t\t\t\t<\/div>\n\t\t\t\t<\/a>\n\t\t<\/article>\n\t\t\t\t<article class=\"elementor-portfolio-item elementor-post elementor-filter-19 post-487 proyecto type-proyecto status-publish has-post-thumbnail hentry categoria_proyecto-eventos-y-espacios-publicos\" role=\"listitem\">\n\t\t\t<a class=\"elementor-post__thumbnail__link\" href=\"https:\/\/teodorabcn.com\/ca\/proyecto\/la-modelo\/\">\n\t\t\t\t<div class=\"elementor-portfolio-item__img elementor-post__thumbnail\">\n\t\t\t<img loading=\"lazy\" decoding=\"async\" width=\"1273\" height=\"850\" src=\"https:\/\/teodorabcn.com\/wp-content\/uploads\/2023\/10\/la-modelo-2.jpg\" class=\"attachment-full size-full wp-image-653\" alt=\"la-modelo-2\" srcset=\"https:\/\/teodorabcn.com\/wp-content\/uploads\/2023\/10\/la-modelo-2.jpg 1273w, https:\/\/teodorabcn.com\/wp-content\/uploads\/2023\/10\/la-modelo-2-300x200.jpg 300w, https:\/\/teodorabcn.com\/wp-content\/uploads\/2023\/10\/la-modelo-2-1024x684.jpg 1024w, https:\/\/teodorabcn.com\/wp-content\/uploads\/2023\/10\/la-modelo-2-768x513.jpg 768w\" sizes=\"(max-width: 1273px) 100vw, 1273px\" \/>\t\t<\/div>\n\t\t\t\t<div class=\"elementor-portfolio-item__overlay\">\n\t\t\t\t<h3 class=\"elementor-portfolio-item__title\">\n\t\tLa Model\t\t<\/h3>\n\t\t\t\t<\/div>\n\t\t\t\t<\/a>\n\t\t<\/article>\n\t\t\t\t<article class=\"elementor-portfolio-item elementor-post elementor-filter-19 post-503 proyecto type-proyecto status-publish has-post-thumbnail hentry categoria_proyecto-eventos-y-espacios-publicos\" role=\"listitem\">\n\t\t\t<a class=\"elementor-post__thumbnail__link\" href=\"https:\/\/teodorabcn.com\/ca\/proyecto\/van-van-market\/\">\n\t\t\t\t<div class=\"elementor-portfolio-item__img elementor-post__thumbnail\">\n\t\t\t<img loading=\"lazy\" decoding=\"async\" width=\"1275\" height=\"850\" src=\"https:\/\/teodorabcn.com\/wp-content\/uploads\/2023\/10\/Van-Van-Market.jpg\" class=\"attachment-full size-full wp-image-505\" alt=\"Van Van Market\" srcset=\"https:\/\/teodorabcn.com\/wp-content\/uploads\/2023\/10\/Van-Van-Market.jpg 1275w, https:\/\/teodorabcn.com\/wp-content\/uploads\/2023\/10\/Van-Van-Market-300x200.jpg 300w, https:\/\/teodorabcn.com\/wp-content\/uploads\/2023\/10\/Van-Van-Market-1024x683.jpg 1024w, https:\/\/teodorabcn.com\/wp-content\/uploads\/2023\/10\/Van-Van-Market-768x512.jpg 768w\" sizes=\"(max-width: 1275px) 100vw, 1275px\" \/>\t\t<\/div>\n\t\t\t\t<div class=\"elementor-portfolio-item__overlay\">\n\t\t\t\t<h3 class=\"elementor-portfolio-item__title\">\n\t\tVan Van Market\t\t<\/h3>\n\t\t\t\t<\/div>\n\t\t\t\t<\/a>\n\t\t<\/article>\n\t\t\t\t<article class=\"elementor-portfolio-item elementor-post elementor-filter-16 post-519 proyecto type-proyecto status-publish has-post-thumbnail hentry categoria_proyecto-terrazas-y-jardines\" role=\"listitem\">\n\t\t\t<a class=\"elementor-post__thumbnail__link\" href=\"https:\/\/teodorabcn.com\/ca\/proyecto\/terraza-sant-gervasi-2\/\">\n\t\t\t\t<div class=\"elementor-portfolio-item__img elementor-post__thumbnail\">\n\t\t\t<img loading=\"lazy\" decoding=\"async\" width=\"960\" height=\"500\" src=\"https:\/\/teodorabcn.com\/wp-content\/uploads\/2023\/10\/Terraza-Sant-Gervasi.jpg\" class=\"attachment-full size-full wp-image-521\" alt=\"Terraza Sant Gervasi\" srcset=\"https:\/\/teodorabcn.com\/wp-content\/uploads\/2023\/10\/Terraza-Sant-Gervasi.jpg 960w, https:\/\/teodorabcn.com\/wp-content\/uploads\/2023\/10\/Terraza-Sant-Gervasi-300x156.jpg 300w, https:\/\/teodorabcn.com\/wp-content\/uploads\/2023\/10\/Terraza-Sant-Gervasi-768x400.jpg 768w\" sizes=\"(max-width: 960px) 100vw, 960px\" \/>\t\t<\/div>\n\t\t\t\t<div class=\"elementor-portfolio-item__overlay\">\n\t\t\t\t<h3 class=\"elementor-portfolio-item__title\">\n\t\tTerrassa Sant Gervasi II\t\t<\/h3>\n\t\t\t\t<\/div>\n\t\t\t\t<\/a>\n\t\t<\/article>\n\t\t\t\t<\/div>\n\t\t\t\t\t\t<\/div>\n\t\t\t\t<\/div>\n\t\t\t\t<\/div>\n\t\t\t\t<\/div>","protected":false},"excerpt":{"rendered":"<p>Hacemos realidad todo aquello que te gustar\u00eda tener cerca cuando est\u00e1s al aire libre Transformamos espacios exteriores desde hace m\u00e1s de veinte a\u00f1os. Somos un equipo de exterioristas que proyectamos terrazas y jardines desde nuestro estudio de Sant Gervasi-Galvany. Y al mismo tiempo fabricamos propuestas de mobiliario personalizado desde nuestro taller del Poble Nou. Somos [&hellip;]<\/p>","protected":false},"author":4,"featured_media":0,"parent":0,"menu_order":0,"comment_status":"closed","ping_status":"closed","template":"","meta":{"footnotes":""},"class_list":["post-65","page","type-page","status-publish","hentry"],"yoast_head":"<!-- This site is optimized with the Yoast SEO plugin v26.6 - https:\/\/yoast.com\/wordpress\/plugins\/seo\/ -->\n<title>Proyectos - Teodora<\/title>\n<meta name=\"robots\" content=\"index, follow, max-snippet:-1, max-image-preview:large, max-video-preview:-1\" \/>\n<link rel=\"canonical\" href=\"https:\/\/teodorabcn.com\/ca\/portfolio\/\" \/>\n<meta property=\"og:locale\" content=\"ca_ES\" \/>\n<meta property=\"og:type\" content=\"article\" \/>\n<meta property=\"og:title\" content=\"Proyectos - Teodora\" \/>\n<meta property=\"og:description\" content=\"Hacemos realidad todo aquello que te gustar\u00eda tener cerca cuando est\u00e1s al aire libre Transformamos espacios exteriores desde hace m\u00e1s de veinte a\u00f1os. Somos un equipo de exterioristas que proyectamos terrazas y jardines desde nuestro estudio de Sant Gervasi-Galvany. Y al mismo tiempo fabricamos propuestas de mobiliario personalizado desde nuestro taller del Poble Nou. Somos [&hellip;]\" \/>\n<meta property=\"og:url\" content=\"https:\/\/teodorabcn.com\/ca\/portfolio\/\" \/>\n<meta property=\"og:site_name\" content=\"Teodora\" \/>\n<meta property=\"article:publisher\" content=\"https:\/\/www.facebook.com\/profile.php?id=61550838347854\" \/>\n<meta property=\"article:modified_time\" content=\"2024-01-11T01:12:46+00:00\" \/>\n<meta property=\"og:image\" content=\"https:\/\/teodorabcn.com\/wp-content\/uploads\/2023\/10\/Teodora_logo-_EXT-Ok-ESP-e1706538305612.jpg\" \/>\n\t<meta property=\"og:image:width\" content=\"1540\" \/>\n\t<meta property=\"og:image:height\" content=\"573\" \/>\n\t<meta property=\"og:image:type\" content=\"image\/jpeg\" \/>\n<meta name=\"twitter:card\" content=\"summary_large_image\" \/>\n<meta name=\"twitter:label1\" content=\"Temps estimat de lectura\" \/>\n\t<meta name=\"twitter:data1\" content=\"9 minuts\" \/>\n<script type=\"application\/ld+json\" class=\"yoast-schema-graph\">{\"@context\":\"https:\/\/schema.org\",\"@graph\":[{\"@type\":\"WebPage\",\"@id\":\"https:\/\/teodorabcn.com\/portfolio\/\",\"url\":\"https:\/\/teodorabcn.com\/portfolio\/\",\"name\":\"Proyectos - Teodora\",\"isPartOf\":{\"@id\":\"https:\/\/teodorabcn.com\/#website\"},\"datePublished\":\"2023-10-18T11:10:19+00:00\",\"dateModified\":\"2024-01-11T01:12:46+00:00\",\"breadcrumb\":{\"@id\":\"https:\/\/teodorabcn.com\/portfolio\/#breadcrumb\"},\"inLanguage\":\"ca\",\"potentialAction\":[{\"@type\":\"ReadAction\",\"target\":[\"https:\/\/teodorabcn.com\/portfolio\/\"]}]},{\"@type\":\"BreadcrumbList\",\"@id\":\"https:\/\/teodorabcn.com\/portfolio\/#breadcrumb\",\"itemListElement\":[{\"@type\":\"ListItem\",\"position\":1,\"name\":\"Portada\",\"item\":\"https:\/\/teodorabcn.com\/\"},{\"@type\":\"ListItem\",\"position\":2,\"name\":\"Proyectos\"}]},{\"@type\":\"WebSite\",\"@id\":\"https:\/\/teodorabcn.com\/#website\",\"url\":\"https:\/\/teodorabcn.com\/\",\"name\":\"Teodora Exteriorismo\",\"description\":\"Creamos terrazas y jardines con car\u00e1cter.\",\"publisher\":{\"@id\":\"https:\/\/teodorabcn.com\/#organization\"},\"alternateName\":\"Teodora\",\"potentialAction\":[{\"@type\":\"SearchAction\",\"target\":{\"@type\":\"EntryPoint\",\"urlTemplate\":\"https:\/\/teodorabcn.com\/?s={search_term_string}\"},\"query-input\":{\"@type\":\"PropertyValueSpecification\",\"valueRequired\":true,\"valueName\":\"search_term_string\"}}],\"inLanguage\":\"ca\"},{\"@type\":\"Organization\",\"@id\":\"https:\/\/teodorabcn.com\/#organization\",\"name\":\"Teodora Exteriorismo\",\"alternateName\":\"Teodora\",\"url\":\"https:\/\/teodorabcn.com\/\",\"logo\":{\"@type\":\"ImageObject\",\"inLanguage\":\"ca\",\"@id\":\"https:\/\/teodorabcn.com\/#\/schema\/logo\/image\/\",\"url\":\"https:\/\/teodorabcn.com\/wp-content\/uploads\/2023\/10\/Teodora_logo-_EXT-Ok-ESP-e1706538305612.jpg\",\"contentUrl\":\"https:\/\/teodorabcn.com\/wp-content\/uploads\/2023\/10\/Teodora_logo-_EXT-Ok-ESP-e1706538305612.jpg\",\"width\":1540,\"height\":573,\"caption\":\"Teodora Exteriorismo\"},\"image\":{\"@id\":\"https:\/\/teodorabcn.com\/#\/schema\/logo\/image\/\"},\"sameAs\":[\"https:\/\/www.facebook.com\/profile.php?id=61550838347854\",\"https:\/\/www.instagram.com\/teodora.exteriorismo\/?hl=es\",\"https:\/\/www.pinterest.es\/teodora_exteriorismo\/\",\"https:\/\/www.linkedin.com\/company\/teodora-bcn-exteriorismo\/\"]}]}<\/script>\n<!-- \/ Yoast SEO plugin. -->","yoast_head_json":{"title":"Proyectos - Teodora","robots":{"index":"index","follow":"follow","max-snippet":"max-snippet:-1","max-image-preview":"max-image-preview:large","max-video-preview":"max-video-preview:-1"},"canonical":"https:\/\/teodorabcn.com\/ca\/portfolio\/","og_locale":"ca_ES","og_type":"article","og_title":"Proyectos - Teodora","og_description":"Hacemos realidad todo aquello que te gustar\u00eda tener cerca cuando est\u00e1s al aire libre Transformamos espacios exteriores desde hace m\u00e1s de veinte a\u00f1os. Somos un equipo de exterioristas que proyectamos terrazas y jardines desde nuestro estudio de Sant Gervasi-Galvany. Y al mismo tiempo fabricamos propuestas de mobiliario personalizado desde nuestro taller del Poble Nou. Somos [&hellip;]","og_url":"https:\/\/teodorabcn.com\/ca\/portfolio\/","og_site_name":"Teodora","article_publisher":"https:\/\/www.facebook.com\/profile.php?id=61550838347854","article_modified_time":"2024-01-11T01:12:46+00:00","og_image":[{"width":1540,"height":573,"url":"https:\/\/teodorabcn.com\/wp-content\/uploads\/2023\/10\/Teodora_logo-_EXT-Ok-ESP-e1706538305612.jpg","type":"image\/jpeg"}],"twitter_card":"summary_large_image","twitter_misc":{"Temps estimat de lectura":"9 minuts"},"schema":{"@context":"https:\/\/schema.org","@graph":[{"@type":"WebPage","@id":"https:\/\/teodorabcn.com\/portfolio\/","url":"https:\/\/teodorabcn.com\/portfolio\/","name":"Proyectos - Teodora","isPartOf":{"@id":"https:\/\/teodorabcn.com\/#website"},"datePublished":"2023-10-18T11:10:19+00:00","dateModified":"2024-01-11T01:12:46+00:00","breadcrumb":{"@id":"https:\/\/teodorabcn.com\/portfolio\/#breadcrumb"},"inLanguage":"ca","potentialAction":[{"@type":"ReadAction","target":["https:\/\/teodorabcn.com\/portfolio\/"]}]},{"@type":"BreadcrumbList","@id":"https:\/\/teodorabcn.com\/portfolio\/#breadcrumb","itemListElement":[{"@type":"ListItem","position":1,"name":"Portada","item":"https:\/\/teodorabcn.com\/"},{"@type":"ListItem","position":2,"name":"Proyectos"}]},{"@type":"WebSite","@id":"https:\/\/teodorabcn.com\/#website","url":"https:\/\/teodorabcn.com\/","name":"Teodora Exteriorisme","description":"Creamos terrazas y jardines con car\u00e1cter.","publisher":{"@id":"https:\/\/teodorabcn.com\/#organization"},"alternateName":"Teodora","potentialAction":[{"@type":"SearchAction","target":{"@type":"EntryPoint","urlTemplate":"https:\/\/teodorabcn.com\/?s={search_term_string}"},"query-input":{"@type":"PropertyValueSpecification","valueRequired":true,"valueName":"search_term_string"}}],"inLanguage":"ca"},{"@type":"Organization","@id":"https:\/\/teodorabcn.com\/#organization","name":"Teodora Exteriorisme","alternateName":"Teodora","url":"https:\/\/teodorabcn.com\/","logo":{"@type":"ImageObject","inLanguage":"ca","@id":"https:\/\/teodorabcn.com\/#\/schema\/logo\/image\/","url":"https:\/\/teodorabcn.com\/wp-content\/uploads\/2023\/10\/Teodora_logo-_EXT-Ok-ESP-e1706538305612.jpg","contentUrl":"https:\/\/teodorabcn.com\/wp-content\/uploads\/2023\/10\/Teodora_logo-_EXT-Ok-ESP-e1706538305612.jpg","width":1540,"height":573,"caption":"Teodora Exteriorismo"},"image":{"@id":"https:\/\/teodorabcn.com\/#\/schema\/logo\/image\/"},"sameAs":["https:\/\/www.facebook.com\/profile.php?id=61550838347854","https:\/\/www.instagram.com\/teodora.exteriorismo\/?hl=es","https:\/\/www.pinterest.es\/teodora_exteriorismo\/","https:\/\/www.linkedin.com\/company\/teodora-bcn-exteriorismo\/"]}]}},"_links":{"self":[{"href":"https:\/\/teodorabcn.com\/ca\/wp-json\/wp\/v2\/pages\/65","targetHints":{"allow":["GET"]}}],"collection":[{"href":"https:\/\/teodorabcn.com\/ca\/wp-json\/wp\/v2\/pages"}],"about":[{"href":"https:\/\/teodorabcn.com\/ca\/wp-json\/wp\/v2\/types\/page"}],"author":[{"embeddable":true,"href":"https:\/\/teodorabcn.com\/ca\/wp-json\/wp\/v2\/users\/4"}],"replies":[{"embeddable":true,"href":"https:\/\/teodorabcn.com\/ca\/wp-json\/wp\/v2\/comments?post=65"}],"version-history":[{"count":67,"href":"https:\/\/teodorabcn.com\/ca\/wp-json\/wp\/v2\/pages\/65\/revisions"}],"predecessor-version":[{"id":1779,"href":"https:\/\/teodorabcn.com\/ca\/wp-json\/wp\/v2\/pages\/65\/revisions\/1779"}],"wp:attachment":[{"href":"https:\/\/teodorabcn.com\/ca\/wp-json\/wp\/v2\/media?parent=65"}],"curies":[{"name":"wp","href":"https:\/\/api.w.org\/{rel}","templated":true}]}}