{"id":3149,"date":"2025-09-22T11:56:08","date_gmt":"2025-09-22T09:56:08","guid":{"rendered":"https:\/\/teodorabcn.com\/?page_id=3149"},"modified":"2025-09-23T10:21:18","modified_gmt":"2025-09-23T08:21:18","slug":"politica-de-privacidad","status":"publish","type":"page","link":"https:\/\/teodorabcn.com\/ca\/politica-de-privacidad\/","title":{"rendered":"Pol\u00edtica de privacitat"},"content":{"rendered":"<p><strong>POL\u00cdTICA DE PROTECCI\u00d3N DE DATOS DE CAR\u00c1CTER PERSONAL<\/strong><br \/>\nTEODORA EXTERIORISME S.L es una Organizaci\u00f3n en la que se recaban, por los diferentes medios de los que dispone, datos de car\u00e1cter personal, lo que le atribuye una importante responsabilidad en el dise\u00f1o y organizaci\u00f3n de procedimientos, de modo que est\u00e9n alineados con el cumplimiento legal en Protecci\u00f3n de datos. Por ello, TEODORA EXTERIORISME S.L adoptar\u00e1 todas aquellas medidas de seguridad necesarias para asegurar la protecci\u00f3n de los datos recabados.<br \/>\nEn el ejercicio de estas responsabilidades, y con el objeto de establecer los principios generales que deben regir el tratamiento de los datos de car\u00e1cter personal en la Organizaci\u00f3n, TEODORA EXTERIORISME S.L aprueba esta Pol\u00edtica de protecci\u00f3n de datos de car\u00e1cter personal, que notifica y pone a disposici\u00f3n a todos sus grupos de Inter\u00e9s, respetando asimismo, las siguientes normas:<\/p>\n<ol>\n<li>El Reglamento (UE) 2016\/679 del Parlamento Europeo y del Consejo, de 27 de abril de 2016, relativo a la protecci\u00f3n de las personas f\u00edsicas en lo que respecta al tratamiento de datos personales y a la libre circulaci\u00f3n de estos datos (RGPD).<\/li>\n<li>La Ley Org\u00e1nica 3\/2018, de 5 de diciembre, de Protecci\u00f3n de Datos Personales y garant\u00eda de los derechos digitales (LOPD-GDD).<\/li>\n<li>La Ley 34\/2002, de 11 de julio, de Servicios de la Sociedad de la Informaci\u00f3n y de Comercio Electr\u00f3nico (LSSI-CE).<\/li>\n<\/ol>\n<p>&nbsp;<\/p>\n<p><strong>I. \u00c1MBITO DE APLICACI\u00d3N<\/strong><br \/>\nEsta Pol\u00edtica de protecci\u00f3n de datos de car\u00e1cter personal ser\u00e1 de aplicaci\u00f3n a TEODORA EXTERIORISME S.L, a sus \u00f3rganos de administraci\u00f3n, direcci\u00f3n y plantilla, as\u00ed como a todas las personas que se relacionen con la Organizaci\u00f3n, con inclusi\u00f3n expresa de los proveedores de servicio con acceso a datos (\u201cEncargados del tratamiento\u201d). El responsable del tratamiento de los datos personales recogidos en la Organizaci\u00f3n es: TEODORA EXTERIORISME S.L, provista de NIF: B66775958<!--, cuyo representante es: IGNASI BISBE VIVES (en adelante, Responsable del tratamiento)-->. Sus datos de contacto son los siguientes:<br \/>\nDirecci\u00f3n: CL MADRAZO, 143, BARCELONA, BARCELONA, 08021<br \/>\nTel\u00e9fono de contacto: <a href=\"tel:930042733\">930042733<\/a><br \/>\nEmail de contacto: <a href=\"mailto:info@teodorabcn.com\">info@teodorabcn.com<\/a><\/p>\n<p><strong>II. INFORMACI\u00d3N SOBRE EL RESPONSABLE Y TRATAMIENTOS DE LOS<\/strong><br \/>\n<strong>DATOS PERSONALES EN TEODORA EXTERIORISME S.L<\/strong><br \/>\nLa informaci\u00f3n adicional sobre los tratamientos de datos es un conjunto de detalles m\u00e1s espec\u00edficos y ampliados que las entidades deben proporcionar a las personas interesadas sobre c\u00f3mo se gestionan sus datos personales. Este concepto deriva del principio de transparencia del Reglamento General de Protecci\u00f3n de Datos (RGPD) y complementa la informaci\u00f3n b\u00e1sica que se<br \/>\nfacilita inicialmente, proporcionando un mayor nivel de detalle sobre los tratamientos.<\/p>\n<p><!--\nA continuaci\u00f3n, TEODORA EXTERIORISME S.L facilita informaci\u00f3n adicional sobre los tratamientos de datos que realiza:\n\n\n\n<table border=\"1\">\n  \n\n<thead>\n    \n\n<tr>\n      \n\n<th colspan=\"3\">Informaci\u00f3n adicional sobre Protecci\u00f3n de datos<\/th>\n\n\n    <\/tr>\n\n\n    \n\n<tr>\n      \n\n<th colspan=\"3\">DATOS SOBRE EL RESPONSABLE DEL TRATAMIENTO<\/th>\n\n\n    <\/tr>\n\n\n  <\/thead>\n\n\n  \n\n<tbody>\n    \n\n<tr>\n      \n\n<td>Identidad<\/td>\n\n\n      \n\n<td colspan=\"2\">TEODORA EXTERIORISME S.L<\/td>\n\n\n    <\/tr>\n\n\n    \n\n<tr>\n      \n\n<td>Direcci\u00f3n<\/td>\n\n\n      \n\n<td colspan=\"2\">CL MADRAZO, 143, BARCELONA, BARCELONA, 08021<\/td>\n\n\n    <\/tr>\n\n\n    \n\n<tr>\n      \n\n<td>Tel\u00e9fono de contacto<\/td>\n\n\n      \n\n<td colspan=\"2\">930042733<\/td>\n\n\n    <\/tr>\n\n\n    \n\n<tr>\n      \n\n<td>Correo electr\u00f3nico<\/td>\n\n\n      \n\n<td colspan=\"2\">info@teodorabcn.com<\/td>\n\n\n    <\/tr>\n\n\n    \n\n<tr>\n      \n\n<th colspan=\"3\">FINALIDADES DEL TRATAMIENTO DE LOS DATOS PERSONALES<\/th>\n\n\n    <\/tr>\n\n\n    \n\n<tr>\n      \n\n<th>Tratamiento de datos<\/th>\n\n\n      \n\n<th>Finalidad del tratamiento<\/th>\n\n\n      \n\n<th>Plazo de conservaci\u00f3n<\/th>\n\n\n    <\/tr>\n\n\n    \n\n<tr>\n      \n\n<td>PROVEEDORES<\/td>\n\n\n      \n\n<td>GESTI\u00d3N DE CLIENTES, CONTABLE, FISCAL Y ADMINISTRATIVA<\/td>\n\n\n      \n\n<td>\n        - Gesti\u00f3n de clientes: 6 a\u00f1os.<br \/>\n        - Contable: 6 a\u00f1os.<br \/>\n        - Fiscal: 4 a\u00f1os.<br \/>\n        - Administrativa: 6 a\u00f1os.\n      <\/td>\n\n\n    <\/tr>\n\n\n    \n\n<tr>\n      \n\n<td>CLIENTES<\/td>\n\n\n      \n\n<td>GESTI\u00d3N DE CLIENTES, CONTABLE, FISCAL Y ADMINISTRATIVA<\/td>\n\n\n      \n\n<td>\n        Conservaci\u00f3n de documentos para la gesti\u00f3n de clientes, contable, fiscal y administrativa: 6 a\u00f1os.\n      <\/td>\n\n\n    <\/tr>\n\n\n    \n\n<tr>\n       \n\n<td>ALARMA CON CAPTACI\u00d3N DE IM\u00c1GENES Y V\u00cdDEO<\/td>\n\n\n       \n\n<td>SEGURIDAD Y CONTROL DE ACCESO A EDIFICIOS , VIDEOVIGILANCIA<\/td>\n\n\n       \n\n<td>Un mes.<\/td>\n\n\n    <\/tr>\n\n\n     \n\n<tr>\n    \n\n<td>RECURSOS HUMANOS<\/td>\n\n\n    \n\n<td>GESTI\u00d3N DE CLIENTES, CONTABLE, FISCAL Y ADMINISTRATIVA, GESTI\u00d3N DE N\u00d3MINAS, PREVENCI\u00d3N DE RIESGOS LABORALES, RECURSOS HUMANOS<\/td>\n\n\n    \n\n<td>\n      Gesti\u00f3n de clientes: 6 a\u00f1os tras finalizar relaci\u00f3n comercial<br \/>\n      Contable, Fiscal y Administrativa: 4 a\u00f1os para obligaciones tributarias<br \/>\n      Gesti\u00f3n de n\u00f3minas: 4 a\u00f1os<br \/>\n      Prevenci\u00f3n de riesgos laborales: 5 a\u00f1os desde finalizaci\u00f3n del contrato<br \/>\n      Recursos Humanos: 6 a\u00f1os para documentaci\u00f3n relacionada con personal\n    <\/td>\n\n\n   <\/tr>\n\n\n   \n\n<tr>\n    \n\n<td>PERSONAL EN PR\u00c1CTICAS<\/td>\n\n\n    \n\n<td>GESTI\u00d3N DE CLIENTES, CONTABLE, FISCAL Y ADMINISTRATIVA<\/td>\n\n\n    \n\n<td>\n      Gesti\u00f3n de clientes: cinco a\u00f1os<br \/>\n      Contable, fiscal y administrativa: cuatro a\u00f1os\n    <\/td>\n\n\n  <\/tr>\n\n\n  \n\n<tr>\n    \n\n<td>FORMULARIO WEB<\/td>\n\n\n    \n\n<td>GESTI\u00d3N DE CLIENTES, CONTABLE, FISCAL Y ADMINISTRATIVA<\/td>\n\n\n    \n\n<td>\n      Gesti\u00f3n de clientes: Cinco a\u00f1os.<br \/>\n      Contable: Seis a\u00f1os.<br \/>\n      Fiscal: Cuatro a\u00f1os.<br \/>\n      Administrativa: Seg\u00fan la normativa aplicable, generalmente cinco a\u00f1os.\n    <\/td>\n\n\n  <\/tr>\n\n\n   \n\n<tr>\n    \n\n<td>CURRICULUMS<\/td>\n\n\n    \n\n<td>GESTI\u00d3N DE CLIENTES, CONTABLE, FISCAL Y ADMINISTRATIVA<\/td>\n\n\n    \n\n<td>\n      Gesti\u00f3n de clientes: 5 a\u00f1os.<br \/>\n      Contable, fiscal y administrativa: 6 a\u00f1os.\n    <\/td>\n\n\n  <\/tr>\n\n\n   \n\n<tr>\n      \n\n<th colspan=\"3\">LEGITIMACIONES DEL TRATAMIENTO DE LOS DATOS PERSONALES<\/th>\n\n\n    <\/tr>\n\n\n    \n\n<tr>\n      \n\n<td>Tratamiento de datos<\/td>\n\n\n      \n\n<td colspan=\"2\">Legitimaci\u00f3n<\/td>\n\n\n    <\/tr>\n\n\n    \n\n<tr>\n    \n\n<td>PROVEEDORES<\/td>\n\n\n    \n\n<td colspan=\"2\">Ejecuci\u00f3n de un contrato de prestaci\u00f3n de servicios<\/td>\n\n\n  <\/tr>\n\n\n  \n\n<tr>\n    \n\n<td>CLIENTES<\/td>\n\n\n    \n\n<td colspan=\"2\">Ejecuci\u00f3n de un contrato de prestaci\u00f3n de servicios<\/td>\n\n\n  <\/tr>\n\n\n  \n\n<tr>\n    \n\n<td>ALARMA CON CAPTACI\u00d3N DE IM\u00c1GENES Y V\u00cdDEO<\/td>\n\n\n    \n\n<td colspan=\"2\">Inter\u00e9s p\u00fablico seguridad privada<\/td>\n\n\n  <\/tr>\n\n\n  \n\n<tr>\n    \n\n<td>RECURSOS HUMANOS<\/td>\n\n\n    \n\n<td colspan=\"2\">Ejecuci\u00f3n de un contrato laboral<\/td>\n\n\n  <\/tr>\n\n\n  \n\n<tr>\n    \n\n<td>PERSONAL EN PR\u00c1CTICAS<\/td>\n\n\n    \n\n<td colspan=\"2\">Ejecuci\u00f3n de un contrato en pr\u00e1cticas<\/td>\n\n\n  <\/tr>\n\n\n  \n\n<tr>\n    \n\n<td>FORMULARIO WEB<\/td>\n\n\n    \n\n<td colspan=\"2\">Inter\u00e9s leg\u00edtimo consentimiento<\/td>\n\n\n  <\/tr>\n\n\n  \n\n<tr>\n    \n\n<td>CURRICULUMS<\/td>\n\n\n    \n\n<td colspan=\"2\">Inter\u00e9s leg\u00edtimo consentimiento<\/td>\n\n\n  <\/tr>\n\n\n  \n\n<tr>\n      \n\n<th colspan=\"3\">DESTINATARIOS DE SUS DATOS PERSONALES<\/th>\n\n\n    <\/tr>\n\n\n   \n\n<tr>\n     \n\n<th>Tratamiento de datos<\/th>\n\n\n     \n\n<th>Previsi\u00f3n de cesiones<\/th>\n\n\n     \n\n<th>Transferencias internacionales<\/th>\n\n\n   <\/tr>\n\n\n   \n\n<tr>\n    \n\n<td>PROVEEDORES<\/td>\n\n\n    \n\n<td>ADMINISTRACI\u00d3N P\u00daBLICA CON COMPETENCIA EN LA MATERIA, ENTIDADES BANCARIAS O FINANCIERAS<\/td>\n\n\n    \n\n<td>No<\/td>\n\n\n  <\/tr>\n\n\n  \n\n<tr>\n    \n\n<td>CLIENTES<\/td>\n\n\n    \n\n<td>ADMINISTRACI\u00d3N P\u00daBLICA CON COMPETENCIA EN LA MATERIA<\/td>\n\n\n    \n\n<td>No<\/td>\n\n\n  <\/tr>\n\n\n  \n\n<tr>\n    \n\n<td>ALARMA CON CAPTACI\u00d3N DE IM\u00c1GENES Y V\u00cdDEO<\/td>\n\n\n    \n\n<td>ADMINISTRACI\u00d3N P\u00daBLICA CON COMPETENCIA EN LA MATERIA<\/td>\n\n\n    \n\n<td>No<\/td>\n\n\n  <\/tr>\n\n\n  \n\n<tr>\n    \n\n<td>RECURSOS HUMANOS<\/td>\n\n\n    \n\n<td>ADMINISTRACI\u00d3N P\u00daBLICA CON COMPETENCIA EN LA MATERIA, ENTIDADES BANCARIAS O FINANCIERAS<\/td>\n\n\n    \n\n<td>No<\/td>\n\n\n  <\/tr>\n\n\n  \n\n<tr>\n    \n\n<td>PERSONAL EN PR\u00c1CTICAS<\/td>\n\n\n    \n\n<td>No se prev\u00e9n cesiones<\/td>\n\n\n    \n\n<td>No<\/td>\n\n\n  <\/tr>\n\n\n  \n\n<tr>\n    \n\n<td>FORMULARIO WEB<\/td>\n\n\n    \n\n<td>No se prev\u00e9n cesiones<\/td>\n\n\n    \n\n<td>No<\/td>\n\n\n  <\/tr>\n\n\n  \n\n<tr>\n    \n\n<td>CURRICULUMS<\/td>\n\n\n    \n\n<td>No se prev\u00e9n cesiones<\/td>\n\n\n    \n\n<td>No<\/td>\n\n\n  <\/tr>\n\n\n  \n\n<tr>\n      \n\n<th colspan=\"3\">DERECHOS QUE LES CORRESPONDEN Y MEDIOS A SU DISPOSICI\u00d3N<\/th>\n\n\n    <\/tr>\n\n\n   \n\n<tr>\n      \n\n<td colspan=\"3\"> Cualquier persona tiene derecho a obtener confirmaci\u00f3n sobre si en TEODORA EXTERIORISME S.L estamos tratando datos personales que le conciernen. Las personas interesadas tienen derecho a acceder a sus datos personales, as\u00ed como a solicitar la rectificaci\u00f3n de los datos inexactos, o en su caso, solicitar su supresi\u00f3n cuando, entre otros motivos, los datos ya no sean necesarios para los fines por los que fueron recabados.\nEn determinadas circunstancias, las personas interesadas podr\u00e1n solicitar la limitaci\u00f3n del tratamiento de sus datos, en cuyo caso \u00fanicamente los conservaremos para el ejercicio o defensa de reclamaciones, as\u00ed como para atender los plazos de conservaci\u00f3n legalmente establecidos.\nAsimismo, las personas interesadas podr\u00e1n oponerse al tratamiento de sus datos personales. Por ello, TEODORA EXTERIORISME S.L dejar\u00e1 de tratar sus datos, salvo por motivos leg\u00edtimos e imperiosos, o en el ejercicio de posibles reclamaciones.\nEn el mismo sentido, cuando concurran determinadas circunstancias y sea t\u00e9cnicamente posible, las personas interesadas tendr\u00e1n derecho a que sus datos personales sean transmitidos directamente a otro responsable o encargado del tratamiento, previa solicitud.\nPara el ejercicio de los derechos anteriormente indicados, deber\u00e1 ponerse en contacto con nosotr@s, dirigiendo un escrito ante:\n\n\n<ul>\n\n<li>TEODORA EXTERIORISME S.L CL MADRAZO, 143, BARCELONA, BARCELONA, 08021, o bien por correo electr\u00f3nico a info@teodorabcn.com. Recomendamos acompa\u00f1ar su solicitud con copia de su DNI.<\/li>\n\n<\/ul>\n\n\n<\/td>\n\n\n   <\/tr>\n\n\n  <\/tbody>\n\n\n<\/table>\n\n\n--><\/p>\n<p><strong>III. PRINCIPIOS APLICABLES AL TRATAMIENTO DE DATOS PERSONALES<\/strong><br \/>\nLa Pol\u00edtica de protecci\u00f3n de datos de car\u00e1cter personal es una medida de Responsabilidad proactiva, que tiene la finalidad de asegurar el cumplimiento de la legislaci\u00f3n aplicable en esta materia y en relaci\u00f3n a \u00e9sta, el respeto del derecho al honor y a la intimidad en el tratamiento de los datos de car\u00e1cter personal de todas las personas que se relacionan con TEODORA EXTERIORISME S.L.<br \/>\nEn desarrollo de lo dispuesto en esta Pol\u00edtica, se establecen cu\u00e1les son los Principios que rigen el tratamiento de datos en la organizaci\u00f3n y en consecuencia, los procedimientos y las medidas organizativas y de seguridad que las personas afectadas por esta Pol\u00edtica se comprometen a implementar en su \u00e1mbito de responsabilidad.<br \/>\nEn relaci\u00f3n con lo expuesto, TEODORA EXTERIORISME S.L velar\u00e1 por el cumplimiento de los siguientes principios:<\/p>\n<blockquote><p>\u2013 Licitud, lealtad, transparencia y limitaci\u00f3n de la finalidad.<br \/>\nEl tratamiento de datos siempre deber\u00e1 ser informado a la persona afectada, mediante cl\u00e1usulas y procedimientos establecidos; y s\u00f3lo se considerar\u00e1 leg\u00edtimo si hay consentimiento para el tratamiento de datos (con especial atenci\u00f3n al prestado por los menores de edad), o cuenta con otra legitimaci\u00f3n<br \/>\nv\u00e1lida, y la finalidad del mismo es acorde a la Normativa de aplicaci\u00f3n.<br \/>\n\u2013 Minimizaci\u00f3n de datos.<br \/>\nLos datos tratados deber\u00e1n ser adecuados, pertinentes y limitados a lo necesario en relaci\u00f3n a las distintas finalidades del tratamiento.<br \/>\n\u2013 Exactitud.<br \/>\nLos datos deber\u00e1n ser exactos y, si fuera necesario, actualizados. A este respecto se adoptar\u00e1n las medidas necesarias para que se supriman o rectifiquen sin dilaci\u00f3n, los datos personales que sean inexactos con respecto a los fines del tratamiento.<br \/>\n\u2013 Limitaci\u00f3n del plazo de conservaci\u00f3n.<br \/>\nLos datos ser\u00e1n mantenidos de forma que se permita la identificaci\u00f3n de las personas interesadas durante no m\u00e1s tiempo del necesario para la finalidad del tratamiento en cuesti\u00f3n.<br \/>\n\u2013 Integridad y Confidencialidad.<br \/>\nLos datos personales ser\u00e1n tratados de tal manera que se garantice una seguridad adecuada, incluida la protecci\u00f3n contra el tratamiento no autorizado o il\u00edcito, y contra su p\u00e9rdida, destrucci\u00f3n o da\u00f1o accidental, mediante la aplicaci\u00f3n de las medidas t\u00e9cnicas u organizativas apropiadas.<br \/>\n\u2013 Cesiones de datos.<br \/>\nQueda prohibida la compra u obtenci\u00f3n de datos de car\u00e1cter personal, cuyo origen provenga de fuentes ileg\u00edtimas, o en aquellos casos en los que dichos datos hayan sido recabados o cedidos contraviniendo la ley o no se garantice suficientemente su leg\u00edtima procedencia.<br \/>\n\u2013 Contrataci\u00f3n de proveedores con acceso a datos.<br \/>\nS\u00f3lo se elegir\u00e1n para su contrataci\u00f3n a proveedores que ofrezcan garant\u00edas suficientes para aplicar medidas t\u00e9cnicas y de seguridad apropiadas en el tratamiento de datos. Con estos, se documentar\u00e1 el debido contrato a este respecto.<br \/>\n\u2013 Transferencias internacionales de datos.<br \/>\nTodo tratamiento de datos de car\u00e1cter personal sujeto a la normativa de la Uni\u00f3n Europea que implique una transferencia de datos fuera del Espacio Econ\u00f3mico Europeo, deber\u00e1 llevarse a cabo con estricto cumplimiento de los requisitos establecidos en la ley aplicable.<br \/>\n\u2013 Derechos de las personas afectadas.<br \/>\nLa Organizaci\u00f3n facilitar\u00e1 a las personas afectadas, el ejercicio de los derechos de acceso, rectificaci\u00f3n, supresi\u00f3n, limitaci\u00f3n del tratamiento, oposici\u00f3n y portabilidad, estableciendo a tal efecto los procedimientos internos, y en particular, los modelos que para su ejercicio resulten necesarios y oportunos,<br \/>\nlos cuales deber\u00e1n satisfacer, al menos, los requisitos legales aplicables en cada caso.\n<\/p><\/blockquote>\n<p>TEODORA EXTERIORISME S.L promover\u00e1 que los principios recogidos en esta Pol\u00edtica de protecci\u00f3n de datos de car\u00e1cter personal sean tenidos en cuenta:<\/p>\n<ol>\n<li style=\"list-style-type: none;\">\n<ol>\n<li>En el dise\u00f1o e implementaci\u00f3n de todos los procedimientos de trabajo<\/li>\n<li>En los productos y servicios ofrecidos<\/li>\n<li>En todos los contratos y obligaciones que formalicen o asuman y<\/li>\n<li>En la implantaci\u00f3n de cuantos sistemas y plataformas permitan el acceso de su plan trabajadores\/as o terceros y\/o la recogida o tratamiento de datos de car\u00e1cter personal.<\/li>\n<\/ol>\n<\/li>\n<\/ol>\n<p>&nbsp;<\/p>\n<p><strong>IV. DATOS PERSONALES DE MENORES DE EDAD<\/strong><br \/>\nRespetando lo establecido en los art\u00edculos 8 del RGPD y 7 de la Ley Org\u00e1nica 3\/2018, de 5 de diciembre, de Protecci\u00f3n de Datos Personales y garant\u00eda de los derechos digitales, solo los mayores de 14 a\u00f1os podr\u00e1n otorgar su consentimiento para el tratamiento de sus datos personales de forma l\u00edcita por TEODORA EXTERIORISME S.L. Si se trata de un menor de 14 a\u00f1os, ser\u00e1 necesario el consentimiento de los padres o tutores para el tratamiento, y este solo se considerar\u00e1 l\u00edcito en la medida en la que los mismos lo hayan autorizado.<\/p>\n<p><strong>V. SECRETO Y SEGURIDAD DE LOS DATOS PERSONALES<\/strong><br \/>\nTEODORA EXTERIORISME S.L se compromete a comunicar a la persona usuaria, sin dilaci\u00f3n indebida, cuando ocurra una violaci\u00f3n de seguridad de los datos personales que sea probable que entra\u00f1e un alto riesgo para sus derechos y libertades. Siguiendo lo establecido en el art\u00edculo 4 del RGPD, se entiende por violaci\u00f3n de la seguridad de los datos personales toda violaci\u00f3n<br \/>\nde la seguridad que ocasione la destrucci\u00f3n, p\u00e9rdida o alteraci\u00f3n accidental o il\u00edcita de datos personales transmitidos, conservados o tratados de otra forma, o la comunicaci\u00f3n o acceso no autorizados a dichos datos. Los datos personales ser\u00e1n tratados como confidenciales por el Responsable del tratamiento, quien se compromete a informar y a garantizar por medio de una obligaci\u00f3n legal o contractual que dicha confidencialidad sea respetada por sus trabajadores\/as, asociados, y toda persona a la cual le haga accesible la informaci\u00f3n.<\/p>\n<p><strong>VI. COMPROMISO DEL PERSONAL DE TEODORA EXTERIORISME S.L<\/strong><br \/>\nPor lo anterior, expresamos que los trabajadores y trabajadoras de TEODORA EXTERIORISME S.L, se encuentran informados de la presente Pol\u00edtica, y se declaran conscientes de que la informaci\u00f3n de car\u00e1cter personal es un activo de TEODORA EXTERIORISME S.L, y a este respecto se adhieren a ella, comprometi\u00e9ndose a lo siguiente:<\/p>\n<blockquote><p>\u2013 Realizar la formaci\u00f3n de sensibilizaci\u00f3n en Protecci\u00f3n de datos que TEODORA EXTERIORISME S.L pone a su disposici\u00f3n.<br \/>\n\u2013 Aplicar las medidas de seguridad a nivel de usuario que apliquen a su puesto de trabajo, sin perjuicio de las responsabilidades en su dise\u00f1o e implantaci\u00f3n que pudieran atribu\u00edrsele en funci\u00f3n de su rol dentro de TEODORA EXTERIORISME S.L<br \/>\n\u2013 Utilizar los formatos establecidos para el ejercicio de Derechos por parte de las personas usuarias afectadas, e informar a TEODORA EXTERIORISME S.L de forma inmediata, de modo que pueda hacerse efectiva la respuesta.<br \/>\n\u2013 Informar a TEODORA EXTERIORISME S.L, tan pronto tenga conocimiento, de desviaciones de lo establecido en esta Pol\u00edtica, en particular de \u201cViolaciones de seguridad de los datos personales\u201d, utilizando para ello el formato establecido al efecto.\n<\/p><\/blockquote>\n<p><strong>VII. CONTROL Y EVALUACI\u00d3N<\/strong><br \/>\nTEODORA EXTERIORISME S.L realizar\u00e1 una verificaci\u00f3n, evaluaci\u00f3n y valoraci\u00f3n anual, as\u00ed como cada vez que haya cambios significativos en los tratamientos de datos, de la eficacia de las medidas t\u00e9cnicas y organizativas para garantizar la seguridad del tratamiento.<\/p>","protected":false},"excerpt":{"rendered":"<p>POL\u00cdTICA DE PROTECCI\u00d3N DE DATOS DE CAR\u00c1CTER PERSONAL TEODORA EXTERIORISME S.L es una Organizaci\u00f3n en la que se recaban, por los diferentes medios de los que dispone, datos de car\u00e1cter personal, lo que le atribuye una importante responsabilidad en el dise\u00f1o y organizaci\u00f3n de procedimientos, de modo que est\u00e9n alineados con el cumplimiento legal en [&hellip;]<\/p>","protected":false},"author":13,"featured_media":0,"parent":0,"menu_order":0,"comment_status":"closed","ping_status":"closed","template":"","meta":{"footnotes":""},"class_list":["post-3149","page","type-page","status-publish","hentry"],"yoast_head":"<!-- This site is optimized with the Yoast SEO plugin v26.6 - https:\/\/yoast.com\/wordpress\/plugins\/seo\/ -->\n<title>Pol\u00edtica de privacidad - Teodora<\/title>\n<meta name=\"robots\" content=\"noindex, nofollow\" \/>\n<meta property=\"og:locale\" content=\"ca_ES\" \/>\n<meta property=\"og:type\" content=\"article\" \/>\n<meta property=\"og:title\" content=\"Pol\u00edtica de privacidad - Teodora\" \/>\n<meta property=\"og:description\" content=\"POL\u00cdTICA DE PROTECCI\u00d3N DE DATOS DE CAR\u00c1CTER PERSONAL TEODORA EXTERIORISME S.L es una Organizaci\u00f3n en la que se recaban, por los diferentes medios de los que dispone, datos de car\u00e1cter personal, lo que le atribuye una importante responsabilidad en el dise\u00f1o y organizaci\u00f3n de procedimientos, de modo que est\u00e9n alineados con el cumplimiento legal en [&hellip;]\" \/>\n<meta property=\"og:url\" content=\"https:\/\/teodorabcn.com\/ca\/politica-de-privacidad\/\" \/>\n<meta property=\"og:site_name\" content=\"Teodora\" \/>\n<meta property=\"article:publisher\" content=\"https:\/\/www.facebook.com\/profile.php?id=61550838347854\" \/>\n<meta property=\"article:modified_time\" content=\"2025-09-23T08:21:18+00:00\" \/>\n<meta property=\"og:image\" content=\"https:\/\/teodorabcn.com\/wp-content\/uploads\/2023\/10\/Teodora_logo-_EXT-Ok-ESP-e1706538305612.jpg\" \/>\n\t<meta property=\"og:image:width\" content=\"1540\" \/>\n\t<meta property=\"og:image:height\" content=\"573\" \/>\n\t<meta property=\"og:image:type\" content=\"image\/jpeg\" \/>\n<meta name=\"twitter:card\" content=\"summary_large_image\" \/>\n<meta name=\"twitter:label1\" content=\"Temps estimat de lectura\" \/>\n\t<meta name=\"twitter:data1\" content=\"5 minuts\" \/>\n<script type=\"application\/ld+json\" class=\"yoast-schema-graph\">{\"@context\":\"https:\/\/schema.org\",\"@graph\":[{\"@type\":\"WebPage\",\"@id\":\"https:\/\/teodorabcn.com\/politica-de-privacidad\/\",\"url\":\"https:\/\/teodorabcn.com\/politica-de-privacidad\/\",\"name\":\"Pol\u00edtica de privacidad - Teodora\",\"isPartOf\":{\"@id\":\"https:\/\/teodorabcn.com\/#website\"},\"datePublished\":\"2025-09-22T09:56:08+00:00\",\"dateModified\":\"2025-09-23T08:21:18+00:00\",\"breadcrumb\":{\"@id\":\"https:\/\/teodorabcn.com\/politica-de-privacidad\/#breadcrumb\"},\"inLanguage\":\"ca\",\"potentialAction\":[{\"@type\":\"ReadAction\",\"target\":[\"https:\/\/teodorabcn.com\/politica-de-privacidad\/\"]}]},{\"@type\":\"BreadcrumbList\",\"@id\":\"https:\/\/teodorabcn.com\/politica-de-privacidad\/#breadcrumb\",\"itemListElement\":[{\"@type\":\"ListItem\",\"position\":1,\"name\":\"Portada\",\"item\":\"https:\/\/teodorabcn.com\/\"},{\"@type\":\"ListItem\",\"position\":2,\"name\":\"Pol\u00edtica de privacidad\"}]},{\"@type\":\"WebSite\",\"@id\":\"https:\/\/teodorabcn.com\/#website\",\"url\":\"https:\/\/teodorabcn.com\/\",\"name\":\"Teodora Exteriorismo\",\"description\":\"Creamos terrazas y jardines con car\u00e1cter.\",\"publisher\":{\"@id\":\"https:\/\/teodorabcn.com\/#organization\"},\"alternateName\":\"Teodora\",\"potentialAction\":[{\"@type\":\"SearchAction\",\"target\":{\"@type\":\"EntryPoint\",\"urlTemplate\":\"https:\/\/teodorabcn.com\/?s={search_term_string}\"},\"query-input\":{\"@type\":\"PropertyValueSpecification\",\"valueRequired\":true,\"valueName\":\"search_term_string\"}}],\"inLanguage\":\"ca\"},{\"@type\":\"Organization\",\"@id\":\"https:\/\/teodorabcn.com\/#organization\",\"name\":\"Teodora Exteriorismo\",\"alternateName\":\"Teodora\",\"url\":\"https:\/\/teodorabcn.com\/\",\"logo\":{\"@type\":\"ImageObject\",\"inLanguage\":\"ca\",\"@id\":\"https:\/\/teodorabcn.com\/#\/schema\/logo\/image\/\",\"url\":\"https:\/\/teodorabcn.com\/wp-content\/uploads\/2023\/10\/Teodora_logo-_EXT-Ok-ESP-e1706538305612.jpg\",\"contentUrl\":\"https:\/\/teodorabcn.com\/wp-content\/uploads\/2023\/10\/Teodora_logo-_EXT-Ok-ESP-e1706538305612.jpg\",\"width\":1540,\"height\":573,\"caption\":\"Teodora Exteriorismo\"},\"image\":{\"@id\":\"https:\/\/teodorabcn.com\/#\/schema\/logo\/image\/\"},\"sameAs\":[\"https:\/\/www.facebook.com\/profile.php?id=61550838347854\",\"https:\/\/www.instagram.com\/teodora.exteriorismo\/?hl=es\",\"https:\/\/www.pinterest.es\/teodora_exteriorismo\/\",\"https:\/\/www.linkedin.com\/company\/teodora-bcn-exteriorismo\/\"]}]}<\/script>\n<!-- \/ Yoast SEO plugin. -->","yoast_head_json":{"title":"Pol\u00edtica de privacidad - Teodora","robots":{"index":"noindex","follow":"nofollow"},"og_locale":"ca_ES","og_type":"article","og_title":"Pol\u00edtica de privacidad - Teodora","og_description":"POL\u00cdTICA DE PROTECCI\u00d3N DE DATOS DE CAR\u00c1CTER PERSONAL TEODORA EXTERIORISME S.L es una Organizaci\u00f3n en la que se recaban, por los diferentes medios de los que dispone, datos de car\u00e1cter personal, lo que le atribuye una importante responsabilidad en el dise\u00f1o y organizaci\u00f3n de procedimientos, de modo que est\u00e9n alineados con el cumplimiento legal en [&hellip;]","og_url":"https:\/\/teodorabcn.com\/ca\/politica-de-privacidad\/","og_site_name":"Teodora","article_publisher":"https:\/\/www.facebook.com\/profile.php?id=61550838347854","article_modified_time":"2025-09-23T08:21:18+00:00","og_image":[{"width":1540,"height":573,"url":"https:\/\/teodorabcn.com\/wp-content\/uploads\/2023\/10\/Teodora_logo-_EXT-Ok-ESP-e1706538305612.jpg","type":"image\/jpeg"}],"twitter_card":"summary_large_image","twitter_misc":{"Temps estimat de lectura":"5 minuts"},"schema":{"@context":"https:\/\/schema.org","@graph":[{"@type":"WebPage","@id":"https:\/\/teodorabcn.com\/politica-de-privacidad\/","url":"https:\/\/teodorabcn.com\/politica-de-privacidad\/","name":"Pol\u00edtica de privacidad - Teodora","isPartOf":{"@id":"https:\/\/teodorabcn.com\/#website"},"datePublished":"2025-09-22T09:56:08+00:00","dateModified":"2025-09-23T08:21:18+00:00","breadcrumb":{"@id":"https:\/\/teodorabcn.com\/politica-de-privacidad\/#breadcrumb"},"inLanguage":"ca","potentialAction":[{"@type":"ReadAction","target":["https:\/\/teodorabcn.com\/politica-de-privacidad\/"]}]},{"@type":"BreadcrumbList","@id":"https:\/\/teodorabcn.com\/politica-de-privacidad\/#breadcrumb","itemListElement":[{"@type":"ListItem","position":1,"name":"Portada","item":"https:\/\/teodorabcn.com\/"},{"@type":"ListItem","position":2,"name":"Pol\u00edtica de privacidad"}]},{"@type":"WebSite","@id":"https:\/\/teodorabcn.com\/#website","url":"https:\/\/teodorabcn.com\/","name":"Teodora Exteriorisme","description":"Creamos terrazas y jardines con car\u00e1cter.","publisher":{"@id":"https:\/\/teodorabcn.com\/#organization"},"alternateName":"Teodora","potentialAction":[{"@type":"SearchAction","target":{"@type":"EntryPoint","urlTemplate":"https:\/\/teodorabcn.com\/?s={search_term_string}"},"query-input":{"@type":"PropertyValueSpecification","valueRequired":true,"valueName":"search_term_string"}}],"inLanguage":"ca"},{"@type":"Organization","@id":"https:\/\/teodorabcn.com\/#organization","name":"Teodora Exteriorisme","alternateName":"Teodora","url":"https:\/\/teodorabcn.com\/","logo":{"@type":"ImageObject","inLanguage":"ca","@id":"https:\/\/teodorabcn.com\/#\/schema\/logo\/image\/","url":"https:\/\/teodorabcn.com\/wp-content\/uploads\/2023\/10\/Teodora_logo-_EXT-Ok-ESP-e1706538305612.jpg","contentUrl":"https:\/\/teodorabcn.com\/wp-content\/uploads\/2023\/10\/Teodora_logo-_EXT-Ok-ESP-e1706538305612.jpg","width":1540,"height":573,"caption":"Teodora Exteriorismo"},"image":{"@id":"https:\/\/teodorabcn.com\/#\/schema\/logo\/image\/"},"sameAs":["https:\/\/www.facebook.com\/profile.php?id=61550838347854","https:\/\/www.instagram.com\/teodora.exteriorismo\/?hl=es","https:\/\/www.pinterest.es\/teodora_exteriorismo\/","https:\/\/www.linkedin.com\/company\/teodora-bcn-exteriorismo\/"]}]}},"_links":{"self":[{"href":"https:\/\/teodorabcn.com\/ca\/wp-json\/wp\/v2\/pages\/3149","targetHints":{"allow":["GET"]}}],"collection":[{"href":"https:\/\/teodorabcn.com\/ca\/wp-json\/wp\/v2\/pages"}],"about":[{"href":"https:\/\/teodorabcn.com\/ca\/wp-json\/wp\/v2\/types\/page"}],"author":[{"embeddable":true,"href":"https:\/\/teodorabcn.com\/ca\/wp-json\/wp\/v2\/users\/13"}],"replies":[{"embeddable":true,"href":"https:\/\/teodorabcn.com\/ca\/wp-json\/wp\/v2\/comments?post=3149"}],"version-history":[{"count":41,"href":"https:\/\/teodorabcn.com\/ca\/wp-json\/wp\/v2\/pages\/3149\/revisions"}],"predecessor-version":[{"id":3217,"href":"https:\/\/teodorabcn.com\/ca\/wp-json\/wp\/v2\/pages\/3149\/revisions\/3217"}],"wp:attachment":[{"href":"https:\/\/teodorabcn.com\/ca\/wp-json\/wp\/v2\/media?parent=3149"}],"curies":[{"name":"wp","href":"https:\/\/api.w.org\/{rel}","templated":true}]}}