{"id":2,"date":"2023-08-09T11:58:51","date_gmt":"2023-08-09T09:58:51","guid":{"rendered":"http:\/\/www.teodorabcn.com\/?page_id=2"},"modified":"2026-02-02T16:03:38","modified_gmt":"2026-02-02T15:03:38","slug":"pagina-ejemplo","status":"publish","type":"page","link":"https:\/\/teodorabcn.com\/ca\/","title":{"rendered":"Teodora &#8211; Exteriorismo"},"content":{"rendered":"<div data-elementor-type=\"wp-page\" data-elementor-id=\"2\" class=\"elementor elementor-2\" data-elementor-post-type=\"page\">\n\t\t\t\t<div class=\"elementor-element elementor-element-266a01c e-con-full e-flex e-con e-parent\" data-id=\"266a01c\" data-element_type=\"container\" data-settings=\"{&quot;background_background&quot;:&quot;slideshow&quot;,&quot;background_slideshow_gallery&quot;:[{&quot;id&quot;:1359,&quot;url&quot;:&quot;https:\\\/\\\/teodorabcn.com\\\/wp-content\\\/uploads\\\/2023\\\/12\\\/Terraza-Dalmases.jpg&quot;},{&quot;id&quot;:1403,&quot;url&quot;:&quot;https:\\\/\\\/teodorabcn.com\\\/wp-content\\\/uploads\\\/2023\\\/12\\\/Terraza_Panama_01.jpg&quot;},{&quot;id&quot;:2851,&quot;url&quot;:&quot;https:\\\/\\\/teodorabcn.com\\\/wp-content\\\/uploads\\\/2023\\\/10\\\/Terraza-Mallorca-002.jpg&quot;},{&quot;id&quot;:1378,&quot;url&quot;:&quot;https:\\\/\\\/teodorabcn.com\\\/wp-content\\\/uploads\\\/2023\\\/12\\\/Terraza_JacintoBenavente_08.jpg&quot;}],&quot;background_slideshow_loop&quot;:&quot;yes&quot;,&quot;background_slideshow_slide_duration&quot;:5000,&quot;background_slideshow_slide_transition&quot;:&quot;fade&quot;,&quot;background_slideshow_transition_duration&quot;:500}\">\n\t\t\t\t<div class=\"elementor-element elementor-element-736f8a7 elementor-widget elementor-widget-heading\" data-id=\"736f8a7\" data-element_type=\"widget\" data-widget_type=\"heading.default\">\n\t\t\t\t<div class=\"elementor-widget-container\">\n\t\t\t\t\t<h2 class=\"elementor-heading-title elementor-size-default\">Creem espais exteriors<\/h2>\t\t\t\t<\/div>\n\t\t\t\t<\/div>\n\t\t\t\t<\/div>\n\t\t<div class=\"elementor-element elementor-element-8079a4f e-con-full e-flex e-con e-parent\" data-id=\"8079a4f\" data-element_type=\"container\">\n\t\t<div class=\"elementor-element elementor-element-22cf9fa e-con-full e-flex e-con e-child\" data-id=\"22cf9fa\" data-element_type=\"container\">\n\t\t\t\t<div class=\"elementor-element elementor-element-768ae98 elementor-widget elementor-widget-heading\" data-id=\"768ae98\" data-element_type=\"widget\" data-widget_type=\"heading.default\">\n\t\t\t\t<div class=\"elementor-widget-container\">\n\t\t\t\t\t<h2 class=\"elementor-heading-title elementor-size-default\">Donem vida a terrasses i jardins i tamb\u00e9 a qualsevol espai exterior<\/h2>\t\t\t\t<\/div>\n\t\t\t\t<\/div>\n\t\t\t\t<div class=\"elementor-element elementor-element-4aa2f21 elementor-widget elementor-widget-text-editor\" data-id=\"4aa2f21\" data-element_type=\"widget\" data-widget_type=\"text-editor.default\">\n\t\t\t\t<div class=\"elementor-widget-container\">\n\t\t\t\t\t\t\t\t\t<p class=\"translation-block\">Portem la vegetaci\u00f3, la llum, l'aire, l'aigua, el sol i l'ombra a prop dels nostres clients per fer-los <strong>sentir la natura estiguin on estiguin.<\/strong> Els envoltem de fustes tropicals o mediterr\u00e0nies, pi, teca o bamb\u00fa, i tamb\u00e9 de fustes sint\u00e8tiques d'alta qualitat i de materials com el ferro, la pedra, el v\u00edmet, el marbre, la cer\u00e0mica o la terracota.<\/p>\t\t\t\t\t\t\t\t<\/div>\n\t\t\t\t<\/div>\n\t\t\t\t<\/div>\n\t\t<div class=\"elementor-element elementor-element-731907a e-con-full e-flex e-con e-child\" data-id=\"731907a\" data-element_type=\"container\">\n\t\t\t\t<div class=\"elementor-element elementor-element-c949730 elementor-widget elementor-widget-text-editor\" data-id=\"c949730\" data-element_type=\"widget\" data-widget_type=\"text-editor.default\">\n\t\t\t\t<div class=\"elementor-widget-container\">\n\t\t\t\t\t\t\t\t\t<p class=\"translation-block\">Escollim amb cura el mobiliari i ajardinem els espais amb plantes com les strel\u00edtzies, kenties, llimoners, roman\u00ed, lavandes, oliveres, gessamins o glicines, entre d'altres varietats. <strong>Convertim les terrasses i jardins en espais per ser viscuts, creant oassis urbans molt mediterranis<\/strong> pensats per gaudir del sol.<\/p>\t\t\t\t\t\t\t\t<\/div>\n\t\t\t\t<\/div>\n\t\t\t\t<\/div>\n\t\t\t\t<\/div>\n\t\t<div class=\"elementor-element elementor-element-01b63e6 e-con-full e-flex e-con e-parent\" data-id=\"01b63e6\" data-element_type=\"container\">\n\t\t<div class=\"elementor-element elementor-element-3ec456c e-con-full e-flex e-con e-child\" data-id=\"3ec456c\" data-element_type=\"container\">\n\t\t\t\t<div class=\"elementor-element elementor-element-a5770e7 elementor-widget elementor-widget-image\" data-id=\"a5770e7\" data-element_type=\"widget\" data-widget_type=\"image.default\">\n\t\t\t\t<div class=\"elementor-widget-container\">\n\t\t\t\t\t\t\t\t\t\t\t\t\t\t\t<img fetchpriority=\"high\" decoding=\"async\" width=\"800\" height=\"533\" src=\"https:\/\/teodorabcn.com\/wp-content\/uploads\/2023\/10\/TEO_FOTOS_POBLENOU3-1-1024x682.jpg\" class=\"attachment-large size-large wp-image-546\" alt=\"TERRAZA POBLENOU\" srcset=\"https:\/\/teodorabcn.com\/wp-content\/uploads\/2023\/10\/TEO_FOTOS_POBLENOU3-1-1024x682.jpg 1024w, https:\/\/teodorabcn.com\/wp-content\/uploads\/2023\/10\/TEO_FOTOS_POBLENOU3-1-300x200.jpg 300w, https:\/\/teodorabcn.com\/wp-content\/uploads\/2023\/10\/TEO_FOTOS_POBLENOU3-1-768x512.jpg 768w, https:\/\/teodorabcn.com\/wp-content\/uploads\/2023\/10\/TEO_FOTOS_POBLENOU3-1-1536x1024.jpg 1536w, https:\/\/teodorabcn.com\/wp-content\/uploads\/2023\/10\/TEO_FOTOS_POBLENOU3-1.jpg 2000w\" sizes=\"(max-width: 800px) 100vw, 800px\" \/>\t\t\t\t\t\t\t\t\t\t\t\t\t\t\t<\/div>\n\t\t\t\t<\/div>\n\t\t\t\t<div class=\"elementor-element elementor-element-036ff10 elementor-widget elementor-widget-heading\" data-id=\"036ff10\" data-element_type=\"widget\" data-widget_type=\"heading.default\">\n\t\t\t\t<div class=\"elementor-widget-container\">\n\t\t\t\t\t<h2 class=\"elementor-heading-title elementor-size-default\">Terrasses i jardins<\/h2>\t\t\t\t<\/div>\n\t\t\t\t<\/div>\n\t\t\t\t<div class=\"elementor-element elementor-element-9fc0030 elementor-widget elementor-widget-text-editor\" data-id=\"9fc0030\" data-element_type=\"widget\" data-widget_type=\"text-editor.default\">\n\t\t\t\t<div class=\"elementor-widget-container\">\n\t\t\t\t\t\t\t\t\t<p>Des de petits patis interiors fins a espaioses terrasses o grans jardins.<\/p>\t\t\t\t\t\t\t\t<\/div>\n\t\t\t\t<\/div>\n\t\t\t\t<div class=\"elementor-element elementor-element-1ae9cb4 elementor-widget elementor-widget-button\" data-id=\"1ae9cb4\" data-element_type=\"widget\" data-widget_type=\"button.default\">\n\t\t\t\t<div class=\"elementor-widget-container\">\n\t\t\t\t\t\t\t\t\t<div class=\"elementor-button-wrapper\">\n\t\t\t\t\t<a class=\"elementor-button elementor-button-link elementor-size-sm\" href=\"https:\/\/teodorabcn.com\/ca\/terrazas-y-jardines\/\">\n\t\t\t\t\t\t<span class=\"elementor-button-content-wrapper\">\n\t\t\t\t\t\t\t\t\t<span class=\"elementor-button-text\">Veure projectes<\/span>\n\t\t\t\t\t<\/span>\n\t\t\t\t\t<\/a>\n\t\t\t\t<\/div>\n\t\t\t\t\t\t\t\t<\/div>\n\t\t\t\t<\/div>\n\t\t\t\t<\/div>\n\t\t<div class=\"elementor-element elementor-element-8849d7c e-con-full e-flex e-con e-child\" data-id=\"8849d7c\" data-element_type=\"container\">\n\t\t\t\t<div class=\"elementor-element elementor-element-ff5075d elementor-widget elementor-widget-image\" data-id=\"ff5075d\" data-element_type=\"widget\" data-widget_type=\"image.default\">\n\t\t\t\t<div class=\"elementor-widget-container\">\n\t\t\t\t\t\t\t\t\t\t\t\t\t\t\t<img decoding=\"async\" width=\"800\" height=\"534\" src=\"https:\/\/teodorabcn.com\/wp-content\/uploads\/2023\/10\/Horizontal-Teodora-2-1-1024x684.jpg\" class=\"attachment-large size-large wp-image-671\" alt=\"Hotel The Serras-7\" srcset=\"https:\/\/teodorabcn.com\/wp-content\/uploads\/2023\/10\/Horizontal-Teodora-2-1-1024x684.jpg 1024w, https:\/\/teodorabcn.com\/wp-content\/uploads\/2023\/10\/Horizontal-Teodora-2-1-300x200.jpg 300w, https:\/\/teodorabcn.com\/wp-content\/uploads\/2023\/10\/Horizontal-Teodora-2-1-768x513.jpg 768w, https:\/\/teodorabcn.com\/wp-content\/uploads\/2023\/10\/Horizontal-Teodora-2-1.jpg 1273w\" sizes=\"(max-width: 800px) 100vw, 800px\" \/>\t\t\t\t\t\t\t\t\t\t\t\t\t\t\t<\/div>\n\t\t\t\t<\/div>\n\t\t\t\t<div class=\"elementor-element elementor-element-1e0b789 elementor-widget elementor-widget-heading\" data-id=\"1e0b789\" data-element_type=\"widget\" data-widget_type=\"heading.default\">\n\t\t\t\t<div class=\"elementor-widget-container\">\n\t\t\t\t\t<h2 class=\"elementor-heading-title elementor-size-default\">Terrasses d'hotels i restaurants<\/h2>\t\t\t\t<\/div>\n\t\t\t\t<\/div>\n\t\t\t\t<div class=\"elementor-element elementor-element-0402cfb elementor-widget elementor-widget-text-editor\" data-id=\"0402cfb\" data-element_type=\"widget\" data-widget_type=\"text-editor.default\">\n\t\t\t\t<div class=\"elementor-widget-container\">\n\t\t\t\t\t\t\t\t\t<p>Projectes integrals d'exteriorisme per a hotels i restaurants customitzats a la perfecci\u00f3.<\/p>\t\t\t\t\t\t\t\t<\/div>\n\t\t\t\t<\/div>\n\t\t\t\t<div class=\"elementor-element elementor-element-5e4a294 elementor-widget elementor-widget-button\" data-id=\"5e4a294\" data-element_type=\"widget\" data-widget_type=\"button.default\">\n\t\t\t\t<div class=\"elementor-widget-container\">\n\t\t\t\t\t\t\t\t\t<div class=\"elementor-button-wrapper\">\n\t\t\t\t\t<a class=\"elementor-button elementor-button-link elementor-size-sm\" href=\"https:\/\/teodorabcn.com\/ca\/terrazas-de-hoteles-y-restaurantes\/\">\n\t\t\t\t\t\t<span class=\"elementor-button-content-wrapper\">\n\t\t\t\t\t\t\t\t\t<span class=\"elementor-button-text\">Veure projectes<\/span>\n\t\t\t\t\t<\/span>\n\t\t\t\t\t<\/a>\n\t\t\t\t<\/div>\n\t\t\t\t\t\t\t\t<\/div>\n\t\t\t\t<\/div>\n\t\t\t\t<\/div>\n\t\t\t\t<\/div>\n\t\t<div class=\"elementor-element elementor-element-5c5baf6 e-con-full e-flex e-con e-parent\" data-id=\"5c5baf6\" data-element_type=\"container\">\n\t\t<div class=\"elementor-element elementor-element-eb24bda e-con-full e-flex e-con e-child\" data-id=\"eb24bda\" data-element_type=\"container\">\n\t\t\t\t<div class=\"elementor-element elementor-element-8f3d0a7 elementor-widget elementor-widget-image\" data-id=\"8f3d0a7\" data-element_type=\"widget\" data-widget_type=\"image.default\">\n\t\t\t\t<div class=\"elementor-widget-container\">\n\t\t\t\t\t\t\t\t\t\t\t\t\t\t\t<img decoding=\"async\" width=\"800\" height=\"534\" src=\"https:\/\/teodorabcn.com\/wp-content\/uploads\/2023\/10\/Van-Van-Market-3-1024x684.jpg\" class=\"attachment-large size-large wp-image-515\" alt=\"Van Van Market-3\" srcset=\"https:\/\/teodorabcn.com\/wp-content\/uploads\/2023\/10\/Van-Van-Market-3-1024x684.jpg 1024w, https:\/\/teodorabcn.com\/wp-content\/uploads\/2023\/10\/Van-Van-Market-3-300x200.jpg 300w, https:\/\/teodorabcn.com\/wp-content\/uploads\/2023\/10\/Van-Van-Market-3-768x513.jpg 768w, https:\/\/teodorabcn.com\/wp-content\/uploads\/2023\/10\/Van-Van-Market-3.jpg 1200w\" sizes=\"(max-width: 800px) 100vw, 800px\" \/>\t\t\t\t\t\t\t\t\t\t\t\t\t\t\t<\/div>\n\t\t\t\t<\/div>\n\t\t\t\t<div class=\"elementor-element elementor-element-2f79389 elementor-widget elementor-widget-heading\" data-id=\"2f79389\" data-element_type=\"widget\" data-widget_type=\"heading.default\">\n\t\t\t\t<div class=\"elementor-widget-container\">\n\t\t\t\t\t<h2 class=\"elementor-heading-title elementor-size-default\">Espais i esdeveniments p\u00fablics<\/h2>\t\t\t\t<\/div>\n\t\t\t\t<\/div>\n\t\t\t\t<div class=\"elementor-element elementor-element-9590c86 elementor-widget elementor-widget-text-editor\" data-id=\"9590c86\" data-element_type=\"widget\" data-widget_type=\"text-editor.default\">\n\t\t\t\t<div class=\"elementor-widget-container\">\n\t\t\t\t\t\t\t\t\t<div class=\"banner-text\">Disseny d'espais exteriors per a tota mena d'esdeveniments i espais.<\/div>\t\t\t\t\t\t\t\t<\/div>\n\t\t\t\t<\/div>\n\t\t\t\t<div class=\"elementor-element elementor-element-927fc85 elementor-widget elementor-widget-button\" data-id=\"927fc85\" data-element_type=\"widget\" data-widget_type=\"button.default\">\n\t\t\t\t<div class=\"elementor-widget-container\">\n\t\t\t\t\t\t\t\t\t<div class=\"elementor-button-wrapper\">\n\t\t\t\t\t<a class=\"elementor-button elementor-button-link elementor-size-sm\" href=\"https:\/\/teodorabcn.com\/ca\/eventos-y-espacios-publicos\/\">\n\t\t\t\t\t\t<span class=\"elementor-button-content-wrapper\">\n\t\t\t\t\t\t\t\t\t<span class=\"elementor-button-text\">Veure projectes<\/span>\n\t\t\t\t\t<\/span>\n\t\t\t\t\t<\/a>\n\t\t\t\t<\/div>\n\t\t\t\t\t\t\t\t<\/div>\n\t\t\t\t<\/div>\n\t\t\t\t<\/div>\n\t\t<div class=\"elementor-element elementor-element-e9b9cfd e-con-full e-flex e-con e-child\" data-id=\"e9b9cfd\" data-element_type=\"container\">\n\t\t\t\t<div class=\"elementor-element elementor-element-603960b elementor-widget elementor-widget-heading\" data-id=\"603960b\" data-element_type=\"widget\" data-widget_type=\"heading.default\">\n\t\t\t\t<div class=\"elementor-widget-container\">\n\t\t\t\t\t<h2 class=\"elementor-heading-title elementor-size-default\">Projectes d'exteriorisme \u00fanics, funcionals i bells que integren les \u00faltimes tend\u00e8ncies.<\/h2>\t\t\t\t<\/div>\n\t\t\t\t<\/div>\n\t\t\t\t<div class=\"elementor-element elementor-element-eaf810b elementor-widget elementor-widget-text-editor\" data-id=\"eaf810b\" data-element_type=\"widget\" data-widget_type=\"text-editor.default\">\n\t\t\t\t<div class=\"elementor-widget-container\">\n\t\t\t\t\t\t\t\t\t<p class=\"translation-block\">Realitzem les diferents zones de menjador, descans o sol\u00e0rium en funci\u00f3 de l'orientaci\u00f3 i la llum i <strong>creem espais que s'adapten al client i al seu estil de vida.<\/strong><\/p>\t\t\t\t\t\t\t\t<\/div>\n\t\t\t\t<\/div>\n\t\t\t\t<div class=\"elementor-element elementor-element-fb98e51 elementor-widget elementor-widget-button\" data-id=\"fb98e51\" data-element_type=\"widget\" data-widget_type=\"button.default\">\n\t\t\t\t<div class=\"elementor-widget-container\">\n\t\t\t\t\t\t\t\t\t<div class=\"elementor-button-wrapper\">\n\t\t\t\t\t<a class=\"elementor-button elementor-button-link elementor-size-sm\" href=\"https:\/\/teodorabcn.com\/ca\/contacto\/\">\n\t\t\t\t\t\t<span class=\"elementor-button-content-wrapper\">\n\t\t\t\t\t\t\t\t\t<span class=\"elementor-button-text\">Contacte<\/span>\n\t\t\t\t\t<\/span>\n\t\t\t\t\t<\/a>\n\t\t\t\t<\/div>\n\t\t\t\t\t\t\t\t<\/div>\n\t\t\t\t<\/div>\n\t\t\t\t<\/div>\n\t\t\t\t<\/div>\n\t\t\t\t<\/div>","protected":false},"excerpt":{"rendered":"<p>Creamos espacios exteriores Damos vida a terrazas y jardines y tambi\u00e9n a cualquier espacio exterior Llevamos la vegetaci\u00f3n, la luz, el aire, el agua, el sol y la sombra cerca de nuestros clientes para hacerles sentir la naturaleza est\u00e9n donde est\u00e9n. Les rodeamos de maderas tropicales o mediterr\u00e1neas, pino, teka o bamb\u00fa, y tambi\u00e9n de [&hellip;]<\/p>","protected":false},"author":4,"featured_media":0,"parent":0,"menu_order":0,"comment_status":"closed","ping_status":"open","template":"","meta":{"footnotes":""},"class_list":["post-2","page","type-page","status-publish","hentry"],"yoast_head":"<!-- This site is optimized with the Yoast SEO plugin v26.6 - https:\/\/yoast.com\/wordpress\/plugins\/seo\/ -->\n<title>Teodora - Exteriorismo - Teodora<\/title>\n<meta name=\"robots\" content=\"index, follow, max-snippet:-1, max-image-preview:large, max-video-preview:-1\" \/>\n<link rel=\"canonical\" href=\"https:\/\/teodorabcn.com\/ca\/\" \/>\n<meta property=\"og:locale\" content=\"ca_ES\" \/>\n<meta property=\"og:type\" content=\"article\" \/>\n<meta property=\"og:title\" content=\"Teodora - Exteriorismo - Teodora\" \/>\n<meta property=\"og:description\" content=\"Creamos espacios exteriores Damos vida a terrazas y jardines y tambi\u00e9n a cualquier espacio exterior Llevamos la vegetaci\u00f3n, la luz, el aire, el agua, el sol y la sombra cerca de nuestros clientes para hacerles sentir la naturaleza est\u00e9n donde est\u00e9n. Les rodeamos de maderas tropicales o mediterr\u00e1neas, pino, teka o bamb\u00fa, y tambi\u00e9n de [&hellip;]\" \/>\n<meta property=\"og:url\" content=\"https:\/\/teodorabcn.com\/ca\/\" \/>\n<meta property=\"og:site_name\" content=\"Teodora\" \/>\n<meta property=\"article:publisher\" content=\"https:\/\/www.facebook.com\/profile.php?id=61550838347854\" \/>\n<meta property=\"article:modified_time\" content=\"2026-02-02T15:03:38+00:00\" \/>\n<meta property=\"og:image\" content=\"https:\/\/teodorabcn.com\/wp-content\/uploads\/2023\/10\/TEO_FOTOS_POBLENOU3-1.jpg\" \/>\n\t<meta property=\"og:image:width\" content=\"2000\" \/>\n\t<meta property=\"og:image:height\" content=\"1333\" \/>\n\t<meta property=\"og:image:type\" content=\"image\/jpeg\" \/>\n<meta name=\"twitter:card\" content=\"summary_large_image\" \/>\n<meta name=\"twitter:label1\" content=\"Temps estimat de lectura\" \/>\n\t<meta name=\"twitter:data1\" content=\"2 minuts\" \/>\n<script type=\"application\/ld+json\" class=\"yoast-schema-graph\">{\"@context\":\"https:\/\/schema.org\",\"@graph\":[{\"@type\":\"WebPage\",\"@id\":\"https:\/\/teodorabcn.com\/\",\"url\":\"https:\/\/teodorabcn.com\/\",\"name\":\"Teodora - Exteriorismo - Teodora\",\"isPartOf\":{\"@id\":\"https:\/\/teodorabcn.com\/#website\"},\"primaryImageOfPage\":{\"@id\":\"https:\/\/teodorabcn.com\/#primaryimage\"},\"image\":{\"@id\":\"https:\/\/teodorabcn.com\/#primaryimage\"},\"thumbnailUrl\":\"https:\/\/teodorabcn.com\/wp-content\/uploads\/2023\/10\/TEO_FOTOS_POBLENOU3-1-1024x682.jpg\",\"datePublished\":\"2023-08-09T09:58:51+00:00\",\"dateModified\":\"2026-02-02T15:03:38+00:00\",\"breadcrumb\":{\"@id\":\"https:\/\/teodorabcn.com\/#breadcrumb\"},\"inLanguage\":\"ca\",\"potentialAction\":[{\"@type\":\"ReadAction\",\"target\":[\"https:\/\/teodorabcn.com\/\"]}]},{\"@type\":\"ImageObject\",\"inLanguage\":\"ca\",\"@id\":\"https:\/\/teodorabcn.com\/#primaryimage\",\"url\":\"https:\/\/teodorabcn.com\/wp-content\/uploads\/2023\/10\/TEO_FOTOS_POBLENOU3-1-1024x682.jpg\",\"contentUrl\":\"https:\/\/teodorabcn.com\/wp-content\/uploads\/2023\/10\/TEO_FOTOS_POBLENOU3-1-1024x682.jpg\"},{\"@type\":\"BreadcrumbList\",\"@id\":\"https:\/\/teodorabcn.com\/#breadcrumb\",\"itemListElement\":[{\"@type\":\"ListItem\",\"position\":1,\"name\":\"Portada\",\"item\":\"https:\/\/teodorabcn.com\/\"},{\"@type\":\"ListItem\",\"position\":2,\"name\":\"Teodora &#8211; Exteriorismo\"}]},{\"@type\":\"WebSite\",\"@id\":\"https:\/\/teodorabcn.com\/#website\",\"url\":\"https:\/\/teodorabcn.com\/\",\"name\":\"Teodora Exteriorismo\",\"description\":\"Creamos terrazas y jardines con car\u00e1cter.\",\"publisher\":{\"@id\":\"https:\/\/teodorabcn.com\/#organization\"},\"alternateName\":\"Teodora\",\"potentialAction\":[{\"@type\":\"SearchAction\",\"target\":{\"@type\":\"EntryPoint\",\"urlTemplate\":\"https:\/\/teodorabcn.com\/?s={search_term_string}\"},\"query-input\":{\"@type\":\"PropertyValueSpecification\",\"valueRequired\":true,\"valueName\":\"search_term_string\"}}],\"inLanguage\":\"ca\"},{\"@type\":\"Organization\",\"@id\":\"https:\/\/teodorabcn.com\/#organization\",\"name\":\"Teodora Exteriorismo\",\"alternateName\":\"Teodora\",\"url\":\"https:\/\/teodorabcn.com\/\",\"logo\":{\"@type\":\"ImageObject\",\"inLanguage\":\"ca\",\"@id\":\"https:\/\/teodorabcn.com\/#\/schema\/logo\/image\/\",\"url\":\"https:\/\/teodorabcn.com\/wp-content\/uploads\/2023\/10\/Teodora_logo-_EXT-Ok-ESP-e1706538305612.jpg\",\"contentUrl\":\"https:\/\/teodorabcn.com\/wp-content\/uploads\/2023\/10\/Teodora_logo-_EXT-Ok-ESP-e1706538305612.jpg\",\"width\":1540,\"height\":573,\"caption\":\"Teodora Exteriorismo\"},\"image\":{\"@id\":\"https:\/\/teodorabcn.com\/#\/schema\/logo\/image\/\"},\"sameAs\":[\"https:\/\/www.facebook.com\/profile.php?id=61550838347854\",\"https:\/\/www.instagram.com\/teodora.exteriorismo\/?hl=es\",\"https:\/\/www.pinterest.es\/teodora_exteriorismo\/\",\"https:\/\/www.linkedin.com\/company\/teodora-bcn-exteriorismo\/\"]}]}<\/script>\n<!-- \/ Yoast SEO plugin. -->","yoast_head_json":{"title":"Teodora - Exteriorismo - Teodora","robots":{"index":"index","follow":"follow","max-snippet":"max-snippet:-1","max-image-preview":"max-image-preview:large","max-video-preview":"max-video-preview:-1"},"canonical":"https:\/\/teodorabcn.com\/ca\/","og_locale":"ca_ES","og_type":"article","og_title":"Teodora - Exteriorismo - Teodora","og_description":"Creamos espacios exteriores Damos vida a terrazas y jardines y tambi\u00e9n a cualquier espacio exterior Llevamos la vegetaci\u00f3n, la luz, el aire, el agua, el sol y la sombra cerca de nuestros clientes para hacerles sentir la naturaleza est\u00e9n donde est\u00e9n. Les rodeamos de maderas tropicales o mediterr\u00e1neas, pino, teka o bamb\u00fa, y tambi\u00e9n de [&hellip;]","og_url":"https:\/\/teodorabcn.com\/ca\/","og_site_name":"Teodora","article_publisher":"https:\/\/www.facebook.com\/profile.php?id=61550838347854","article_modified_time":"2026-02-02T15:03:38+00:00","og_image":[{"width":2000,"height":1333,"url":"https:\/\/teodorabcn.com\/wp-content\/uploads\/2023\/10\/TEO_FOTOS_POBLENOU3-1.jpg","type":"image\/jpeg"}],"twitter_card":"summary_large_image","twitter_misc":{"Temps estimat de lectura":"2 minuts"},"schema":{"@context":"https:\/\/schema.org","@graph":[{"@type":"WebPage","@id":"https:\/\/teodorabcn.com\/","url":"https:\/\/teodorabcn.com\/","name":"Teodora - Exteriorismo - Teodora","isPartOf":{"@id":"https:\/\/teodorabcn.com\/#website"},"primaryImageOfPage":{"@id":"https:\/\/teodorabcn.com\/#primaryimage"},"image":{"@id":"https:\/\/teodorabcn.com\/#primaryimage"},"thumbnailUrl":"https:\/\/teodorabcn.com\/wp-content\/uploads\/2023\/10\/TEO_FOTOS_POBLENOU3-1-1024x682.jpg","datePublished":"2023-08-09T09:58:51+00:00","dateModified":"2026-02-02T15:03:38+00:00","breadcrumb":{"@id":"https:\/\/teodorabcn.com\/#breadcrumb"},"inLanguage":"ca","potentialAction":[{"@type":"ReadAction","target":["https:\/\/teodorabcn.com\/"]}]},{"@type":"ImageObject","inLanguage":"ca","@id":"https:\/\/teodorabcn.com\/#primaryimage","url":"https:\/\/teodorabcn.com\/wp-content\/uploads\/2023\/10\/TEO_FOTOS_POBLENOU3-1-1024x682.jpg","contentUrl":"https:\/\/teodorabcn.com\/wp-content\/uploads\/2023\/10\/TEO_FOTOS_POBLENOU3-1-1024x682.jpg"},{"@type":"BreadcrumbList","@id":"https:\/\/teodorabcn.com\/#breadcrumb","itemListElement":[{"@type":"ListItem","position":1,"name":"Portada","item":"https:\/\/teodorabcn.com\/"},{"@type":"ListItem","position":2,"name":"Teodora &#8211; Exteriorismo"}]},{"@type":"WebSite","@id":"https:\/\/teodorabcn.com\/#website","url":"https:\/\/teodorabcn.com\/","name":"Teodora Exteriorisme","description":"Creamos terrazas y jardines con car\u00e1cter.","publisher":{"@id":"https:\/\/teodorabcn.com\/#organization"},"alternateName":"Teodora","potentialAction":[{"@type":"SearchAction","target":{"@type":"EntryPoint","urlTemplate":"https:\/\/teodorabcn.com\/?s={search_term_string}"},"query-input":{"@type":"PropertyValueSpecification","valueRequired":true,"valueName":"search_term_string"}}],"inLanguage":"ca"},{"@type":"Organization","@id":"https:\/\/teodorabcn.com\/#organization","name":"Teodora Exteriorisme","alternateName":"Teodora","url":"https:\/\/teodorabcn.com\/","logo":{"@type":"ImageObject","inLanguage":"ca","@id":"https:\/\/teodorabcn.com\/#\/schema\/logo\/image\/","url":"https:\/\/teodorabcn.com\/wp-content\/uploads\/2023\/10\/Teodora_logo-_EXT-Ok-ESP-e1706538305612.jpg","contentUrl":"https:\/\/teodorabcn.com\/wp-content\/uploads\/2023\/10\/Teodora_logo-_EXT-Ok-ESP-e1706538305612.jpg","width":1540,"height":573,"caption":"Teodora Exteriorismo"},"image":{"@id":"https:\/\/teodorabcn.com\/#\/schema\/logo\/image\/"},"sameAs":["https:\/\/www.facebook.com\/profile.php?id=61550838347854","https:\/\/www.instagram.com\/teodora.exteriorismo\/?hl=es","https:\/\/www.pinterest.es\/teodora_exteriorismo\/","https:\/\/www.linkedin.com\/company\/teodora-bcn-exteriorismo\/"]}]}},"_links":{"self":[{"href":"https:\/\/teodorabcn.com\/ca\/wp-json\/wp\/v2\/pages\/2","targetHints":{"allow":["GET"]}}],"collection":[{"href":"https:\/\/teodorabcn.com\/ca\/wp-json\/wp\/v2\/pages"}],"about":[{"href":"https:\/\/teodorabcn.com\/ca\/wp-json\/wp\/v2\/types\/page"}],"author":[{"embeddable":true,"href":"https:\/\/teodorabcn.com\/ca\/wp-json\/wp\/v2\/users\/4"}],"replies":[{"embeddable":true,"href":"https:\/\/teodorabcn.com\/ca\/wp-json\/wp\/v2\/comments?post=2"}],"version-history":[{"count":135,"href":"https:\/\/teodorabcn.com\/ca\/wp-json\/wp\/v2\/pages\/2\/revisions"}],"predecessor-version":[{"id":4945,"href":"https:\/\/teodorabcn.com\/ca\/wp-json\/wp\/v2\/pages\/2\/revisions\/4945"}],"wp:attachment":[{"href":"https:\/\/teodorabcn.com\/ca\/wp-json\/wp\/v2\/media?parent=2"}],"curies":[{"name":"wp","href":"https:\/\/api.w.org\/{rel}","templated":true}]}}