{"id":1417,"date":"2023-08-09T11:58:51","date_gmt":"2023-08-09T09:58:51","guid":{"rendered":"https:\/\/teodorabcn.com\/teodora-exteriorisme\/"},"modified":"2024-01-03T10:52:45","modified_gmt":"2024-01-03T09:52:45","slug":"teodora-exteriorisme","status":"publish","type":"page","link":"https:\/\/teodorabcn.com\/ca\/teodora-exteriorisme\/","title":{"rendered":"Teodora &#8211; Exteriorisme"},"content":{"rendered":"<div data-elementor-type=\"wp-page\" data-elementor-id=\"1417\" class=\"elementor elementor-1417\" data-elementor-post-type=\"page\">\n\t\t\t\t<div class=\"elementor-element elementor-element-266a01c e-con-full e-flex e-con e-parent\" data-id=\"266a01c\" data-element_type=\"container\" data-settings=\"{&quot;background_background&quot;:&quot;slideshow&quot;,&quot;background_slideshow_gallery&quot;:[{&quot;id&quot;:946,&quot;url&quot;:&quot;http:\\\/\\\/www.teodorabcn.com\\\/wp-content\\\/uploads\\\/2023\\\/11\\\/Jardin-Stant-Cugat-009.jpg&quot;},{&quot;id&quot;:977,&quot;url&quot;:&quot;http:\\\/\\\/www.teodorabcn.com\\\/wp-content\\\/uploads\\\/2023\\\/11\\\/terraza-puigmolto-completo.jpg&quot;},{&quot;id&quot;:902,&quot;url&quot;:&quot;http:\\\/\\\/www.teodorabcn.com\\\/wp-content\\\/uploads\\\/2023\\\/11\\\/Terraza-Pedralbes-002.jpg&quot;}],&quot;background_slideshow_loop&quot;:&quot;yes&quot;,&quot;background_slideshow_slide_duration&quot;:5000,&quot;background_slideshow_slide_transition&quot;:&quot;fade&quot;,&quot;background_slideshow_transition_duration&quot;:500}\">\n\t\t\t\t<div class=\"elementor-element elementor-element-736f8a7 elementor-widget elementor-widget-heading\" data-id=\"736f8a7\" data-element_type=\"widget\" data-widget_type=\"heading.default\">\n\t\t\t\t<div class=\"elementor-widget-container\">\n\t\t\t\t\t<h2 class=\"elementor-heading-title elementor-size-default\">Creem espais exteriors<\/h2>\t\t\t\t<\/div>\n\t\t\t\t<\/div>\n\t\t\t\t<\/div>\n\t\t<div class=\"elementor-element elementor-element-8079a4f e-con-full e-flex e-con e-parent\" data-id=\"8079a4f\" data-element_type=\"container\">\n\t\t<div class=\"elementor-element elementor-element-22cf9fa e-con-full e-flex e-con e-child\" data-id=\"22cf9fa\" data-element_type=\"container\">\n\t\t\t\t<div class=\"elementor-element elementor-element-768ae98 elementor-widget elementor-widget-heading\" data-id=\"768ae98\" data-element_type=\"widget\" data-widget_type=\"heading.default\">\n\t\t\t\t<div class=\"elementor-widget-container\">\n\t\t\t\t\t<h2 class=\"elementor-heading-title elementor-size-default\">Donem vida a terrasses i jardins i tamb\u00e9 a qualsevol espai exterior.<\/h2>\t\t\t\t<\/div>\n\t\t\t\t<\/div>\n\t\t\t\t<div class=\"elementor-element elementor-element-4aa2f21 elementor-widget elementor-widget-text-editor\" data-id=\"4aa2f21\" data-element_type=\"widget\" data-widget_type=\"text-editor.default\">\n\t\t\t\t<div class=\"elementor-widget-container\">\n\t\t\t\t\t\t\t\t\t<p>Portem la vegetaci\u00f3, la llum, l&#8217;aire, l&#8217;aigua, el sol i l&#8217;ombra prop dels nostres clients per a fer-los <strong>sentir la naturalesa estiguin on estiguin.<\/strong> Els envoltem de fustes tropicals o mediterr\u00e0nies, pi, teka o bamb\u00fa, i tamb\u00e9 de fustes sint\u00e8tiques d&#8217;alta qualitat i de materials com el ferro, la pedra, el v\u00edmet, el marbre, la cer\u00e0mica o la terracota.<\/p>\n\t\t\t\t\t\t\t\t<\/div>\n\t\t\t\t<\/div>\n\t\t\t\t<\/div>\n\t\t<div class=\"elementor-element elementor-element-731907a e-con-full e-flex e-con e-child\" data-id=\"731907a\" data-element_type=\"container\">\n\t\t\t\t<div class=\"elementor-element elementor-element-c949730 elementor-widget elementor-widget-text-editor\" data-id=\"c949730\" data-element_type=\"widget\" data-widget_type=\"text-editor.default\">\n\t\t\t\t<div class=\"elementor-widget-container\">\n\t\t\t\t\t\t\t\t\t<p>Triem amb manyaga el mobiliari i enjardinem els espais amb plantes com les strelitzias, kentias, llimoners, romanins, lavandes, oliveres, gessamins o wisterias entre altres varietats. C<strong>onvertim les terrasses i jardins en espais per a ser viscuts, creant oasis urbans molt mediterranis<\/strong> pensats per a gaudir al sol.<\/p>\n\t\t\t\t\t\t\t\t<\/div>\n\t\t\t\t<\/div>\n\t\t\t\t<\/div>\n\t\t\t\t<\/div>\n\t\t<div class=\"elementor-element elementor-element-01b63e6 e-con-full e-flex e-con e-parent\" data-id=\"01b63e6\" data-element_type=\"container\">\n\t\t<div class=\"elementor-element elementor-element-3ec456c e-con-full e-flex e-con e-child\" data-id=\"3ec456c\" data-element_type=\"container\">\n\t\t\t\t<div class=\"elementor-element elementor-element-a5770e7 elementor-widget elementor-widget-image\" data-id=\"a5770e7\" data-element_type=\"widget\" data-widget_type=\"image.default\">\n\t\t\t\t<div class=\"elementor-widget-container\">\n\t\t\t\t\t\t\t\t\t\t\t\t\t\t\t<img fetchpriority=\"high\" decoding=\"async\" width=\"800\" height=\"533\" src=\"https:\/\/teodorabcn.com\/wp-content\/uploads\/2023\/10\/TEO_FOTOS_POBLENOU3-1-1024x682.jpg\" class=\"attachment-large size-large wp-image-547\" alt=\"TERRAZA POBLENOU\" srcset=\"https:\/\/teodorabcn.com\/wp-content\/uploads\/2023\/10\/TEO_FOTOS_POBLENOU3-1-1024x682.jpg 1024w, https:\/\/teodorabcn.com\/wp-content\/uploads\/2023\/10\/TEO_FOTOS_POBLENOU3-1-300x200.jpg 300w, https:\/\/teodorabcn.com\/wp-content\/uploads\/2023\/10\/TEO_FOTOS_POBLENOU3-1-768x512.jpg 768w, https:\/\/teodorabcn.com\/wp-content\/uploads\/2023\/10\/TEO_FOTOS_POBLENOU3-1-1536x1024.jpg 1536w, https:\/\/teodorabcn.com\/wp-content\/uploads\/2023\/10\/TEO_FOTOS_POBLENOU3-1.jpg 2000w\" sizes=\"(max-width: 800px) 100vw, 800px\" \/>\t\t\t\t\t\t\t\t\t\t\t\t\t\t\t<\/div>\n\t\t\t\t<\/div>\n\t\t\t\t<div class=\"elementor-element elementor-element-036ff10 elementor-widget elementor-widget-heading\" data-id=\"036ff10\" data-element_type=\"widget\" data-widget_type=\"heading.default\">\n\t\t\t\t<div class=\"elementor-widget-container\">\n\t\t\t\t\t<h2 class=\"elementor-heading-title elementor-size-default\">Terrasses i jardins<\/h2>\t\t\t\t<\/div>\n\t\t\t\t<\/div>\n\t\t\t\t<div class=\"elementor-element elementor-element-9fc0030 elementor-widget elementor-widget-text-editor\" data-id=\"9fc0030\" data-element_type=\"widget\" data-widget_type=\"text-editor.default\">\n\t\t\t\t<div class=\"elementor-widget-container\">\n\t\t\t\t\t\t\t\t\t<p>Des de petits patis interiors fins a espaioses terrasses o grans jardins.<\/p>\n\t\t\t\t\t\t\t\t<\/div>\n\t\t\t\t<\/div>\n\t\t\t\t<div class=\"elementor-element elementor-element-1ae9cb4 elementor-widget elementor-widget-button\" data-id=\"1ae9cb4\" data-element_type=\"widget\" data-widget_type=\"button.default\">\n\t\t\t\t<div class=\"elementor-widget-container\">\n\t\t\t\t\t\t\t\t\t<div class=\"elementor-button-wrapper\">\n\t\t\t\t\t<a class=\"elementor-button elementor-button-link elementor-size-sm\" href=\"https:\/\/teodorabcn.com\/ca\/projectes\/\">\n\t\t\t\t\t\t<span class=\"elementor-button-content-wrapper\">\n\t\t\t\t\t\t\t\t\t<span class=\"elementor-button-text\">Veure projectes<\/span>\n\t\t\t\t\t<\/span>\n\t\t\t\t\t<\/a>\n\t\t\t\t<\/div>\n\t\t\t\t\t\t\t\t<\/div>\n\t\t\t\t<\/div>\n\t\t\t\t<\/div>\n\t\t<div class=\"elementor-element elementor-element-8849d7c e-con-full e-flex e-con e-child\" data-id=\"8849d7c\" data-element_type=\"container\">\n\t\t\t\t<div class=\"elementor-element elementor-element-ff5075d elementor-widget elementor-widget-image\" data-id=\"ff5075d\" data-element_type=\"widget\" data-widget_type=\"image.default\">\n\t\t\t\t<div class=\"elementor-widget-container\">\n\t\t\t\t\t\t\t\t\t\t\t\t\t\t\t<img decoding=\"async\" width=\"800\" height=\"534\" src=\"https:\/\/teodorabcn.com\/wp-content\/uploads\/2023\/10\/Horizontal-Teodora-2-1-1024x684.jpg\" class=\"attachment-large size-large wp-image-672\" alt=\"Hotel The Serras-7\" srcset=\"https:\/\/teodorabcn.com\/wp-content\/uploads\/2023\/10\/Horizontal-Teodora-2-1-1024x684.jpg 1024w, https:\/\/teodorabcn.com\/wp-content\/uploads\/2023\/10\/Horizontal-Teodora-2-1-300x200.jpg 300w, https:\/\/teodorabcn.com\/wp-content\/uploads\/2023\/10\/Horizontal-Teodora-2-1-768x513.jpg 768w, https:\/\/teodorabcn.com\/wp-content\/uploads\/2023\/10\/Horizontal-Teodora-2-1.jpg 1273w\" sizes=\"(max-width: 800px) 100vw, 800px\" \/>\t\t\t\t\t\t\t\t\t\t\t\t\t\t\t<\/div>\n\t\t\t\t<\/div>\n\t\t\t\t<div class=\"elementor-element elementor-element-1e0b789 elementor-widget elementor-widget-heading\" data-id=\"1e0b789\" data-element_type=\"widget\" data-widget_type=\"heading.default\">\n\t\t\t\t<div class=\"elementor-widget-container\">\n\t\t\t\t\t<h2 class=\"elementor-heading-title elementor-size-default\">Terrasses d'hotels i restaurants<\/h2>\t\t\t\t<\/div>\n\t\t\t\t<\/div>\n\t\t\t\t<div class=\"elementor-element elementor-element-0402cfb elementor-widget elementor-widget-text-editor\" data-id=\"0402cfb\" data-element_type=\"widget\" data-widget_type=\"text-editor.default\">\n\t\t\t\t<div class=\"elementor-widget-container\">\n\t\t\t\t\t\t\t\t\t<p>Projectes integrals de exteriorisme per a hotels i restaurants personalitzats a la perfecci\u00f3.<\/p>\n\t\t\t\t\t\t\t\t<\/div>\n\t\t\t\t<\/div>\n\t\t\t\t<div class=\"elementor-element elementor-element-5e4a294 elementor-widget elementor-widget-button\" data-id=\"5e4a294\" data-element_type=\"widget\" data-widget_type=\"button.default\">\n\t\t\t\t<div class=\"elementor-widget-container\">\n\t\t\t\t\t\t\t\t\t<div class=\"elementor-button-wrapper\">\n\t\t\t\t\t<a class=\"elementor-button elementor-button-link elementor-size-sm\" href=\"https:\/\/teodorabcn.com\/ca\/projectes\/\">\n\t\t\t\t\t\t<span class=\"elementor-button-content-wrapper\">\n\t\t\t\t\t\t\t\t\t<span class=\"elementor-button-text\">Veure projectes<\/span>\n\t\t\t\t\t<\/span>\n\t\t\t\t\t<\/a>\n\t\t\t\t<\/div>\n\t\t\t\t\t\t\t\t<\/div>\n\t\t\t\t<\/div>\n\t\t\t\t<\/div>\n\t\t\t\t<\/div>\n\t\t<div class=\"elementor-element elementor-element-5c5baf6 e-con-full e-flex e-con e-parent\" data-id=\"5c5baf6\" data-element_type=\"container\">\n\t\t<div class=\"elementor-element elementor-element-eb24bda e-con-full e-flex e-con e-child\" data-id=\"eb24bda\" data-element_type=\"container\">\n\t\t\t\t<div class=\"elementor-element elementor-element-8f3d0a7 elementor-widget elementor-widget-image\" data-id=\"8f3d0a7\" data-element_type=\"widget\" data-widget_type=\"image.default\">\n\t\t\t\t<div class=\"elementor-widget-container\">\n\t\t\t\t\t\t\t\t\t\t\t\t\t\t\t<img decoding=\"async\" width=\"800\" height=\"534\" src=\"https:\/\/teodorabcn.com\/wp-content\/uploads\/2023\/10\/Van-Van-Market-3-1024x684.jpg\" class=\"attachment-large size-large wp-image-516\" alt=\"Van Van Market-3\" srcset=\"https:\/\/teodorabcn.com\/wp-content\/uploads\/2023\/10\/Van-Van-Market-3-1024x684.jpg 1024w, https:\/\/teodorabcn.com\/wp-content\/uploads\/2023\/10\/Van-Van-Market-3-300x200.jpg 300w, https:\/\/teodorabcn.com\/wp-content\/uploads\/2023\/10\/Van-Van-Market-3-768x513.jpg 768w, https:\/\/teodorabcn.com\/wp-content\/uploads\/2023\/10\/Van-Van-Market-3.jpg 1200w\" sizes=\"(max-width: 800px) 100vw, 800px\" \/>\t\t\t\t\t\t\t\t\t\t\t\t\t\t\t<\/div>\n\t\t\t\t<\/div>\n\t\t\t\t<div class=\"elementor-element elementor-element-2f79389 elementor-widget elementor-widget-heading\" data-id=\"2f79389\" data-element_type=\"widget\" data-widget_type=\"heading.default\">\n\t\t\t\t<div class=\"elementor-widget-container\">\n\t\t\t\t\t<h2 class=\"elementor-heading-title elementor-size-default\">Espais i esdeveniments p\u00fablics<\/h2>\t\t\t\t<\/div>\n\t\t\t\t<\/div>\n\t\t\t\t<div class=\"elementor-element elementor-element-9590c86 elementor-widget elementor-widget-text-editor\" data-id=\"9590c86\" data-element_type=\"widget\" data-widget_type=\"text-editor.default\">\n\t\t\t\t<div class=\"elementor-widget-container\">\n\t\t\t\t\t\t\t\t\t<div class=\"banner-text\">Disseny d&#8217;espais exteriors per a tota mena d&#8217;esdeveniments i espais.<\/div>\n\t\t\t\t\t\t\t\t<\/div>\n\t\t\t\t<\/div>\n\t\t\t\t<div class=\"elementor-element elementor-element-927fc85 elementor-widget elementor-widget-button\" data-id=\"927fc85\" data-element_type=\"widget\" data-widget_type=\"button.default\">\n\t\t\t\t<div class=\"elementor-widget-container\">\n\t\t\t\t\t\t\t\t\t<div class=\"elementor-button-wrapper\">\n\t\t\t\t\t<a class=\"elementor-button elementor-button-link elementor-size-sm\" href=\"https:\/\/teodorabcn.com\/ca\/projectes\/\">\n\t\t\t\t\t\t<span class=\"elementor-button-content-wrapper\">\n\t\t\t\t\t\t\t\t\t<span class=\"elementor-button-text\">Veure projectes<\/span>\n\t\t\t\t\t<\/span>\n\t\t\t\t\t<\/a>\n\t\t\t\t<\/div>\n\t\t\t\t\t\t\t\t<\/div>\n\t\t\t\t<\/div>\n\t\t\t\t<\/div>\n\t\t<div class=\"elementor-element elementor-element-e9b9cfd e-con-full e-flex e-con e-child\" data-id=\"e9b9cfd\" data-element_type=\"container\">\n\t\t\t\t<div class=\"elementor-element elementor-element-603960b elementor-widget elementor-widget-heading\" data-id=\"603960b\" data-element_type=\"widget\" data-widget_type=\"heading.default\">\n\t\t\t\t<div class=\"elementor-widget-container\">\n\t\t\t\t\t<h2 class=\"elementor-heading-title elementor-size-default\">Projectes de exteriorisme \u00fanics, funcionals i bells que integren les \u00faltimes tend\u00e8ncies.<\/h2>\t\t\t\t<\/div>\n\t\t\t\t<\/div>\n\t\t\t\t<div class=\"elementor-element elementor-element-eaf810b elementor-widget elementor-widget-text-editor\" data-id=\"eaf810b\" data-element_type=\"widget\" data-widget_type=\"text-editor.default\">\n\t\t\t\t<div class=\"elementor-widget-container\">\n\t\t\t\t\t\t\t\t\t<p>Realitzem les diferents zones de menjador, descans o solarium en funci\u00f3 de l&#8217;orientaci\u00f3 i la llum i <strong>creem espais que s&#8217;adapten al client i al seu estil de vida.<\/strong><\/p>\n\t\t\t\t\t\t\t\t<\/div>\n\t\t\t\t<\/div>\n\t\t\t\t<div class=\"elementor-element elementor-element-fb98e51 elementor-widget elementor-widget-button\" data-id=\"fb98e51\" data-element_type=\"widget\" data-widget_type=\"button.default\">\n\t\t\t\t<div class=\"elementor-widget-container\">\n\t\t\t\t\t\t\t\t\t<div class=\"elementor-button-wrapper\">\n\t\t\t\t\t<a class=\"elementor-button elementor-button-link elementor-size-sm\" href=\"https:\/\/teodorabcn.com\/ca\/contacte\/\">\n\t\t\t\t\t\t<span class=\"elementor-button-content-wrapper\">\n\t\t\t\t\t\t\t\t\t<span class=\"elementor-button-text\">Contacte<\/span>\n\t\t\t\t\t<\/span>\n\t\t\t\t\t<\/a>\n\t\t\t\t<\/div>\n\t\t\t\t\t\t\t\t<\/div>\n\t\t\t\t<\/div>\n\t\t\t\t<\/div>\n\t\t\t\t<\/div>\n\t\t<div class=\"elementor-element elementor-element-b5b6775 e-con-full elementor-hidden-desktop elementor-hidden-tablet elementor-hidden-mobile e-flex e-con e-parent\" data-id=\"b5b6775\" data-element_type=\"container\">\n\t\t\t\t<div class=\"elementor-element elementor-element-3bba852 elementor-view-default elementor-widget elementor-widget-icon\" data-id=\"3bba852\" data-element_type=\"widget\" data-widget_type=\"icon.default\">\n\t\t\t\t<div class=\"elementor-widget-container\">\n\t\t\t\t\t\t\t<div class=\"elementor-icon-wrapper\">\n\t\t\t<div class=\"elementor-icon\">\n\t\t\t<i aria-hidden=\"true\" class=\"fab fa-instagram\"><\/i>\t\t\t<\/div>\n\t\t<\/div>\n\t\t\t\t\t\t<\/div>\n\t\t\t\t<\/div>\n\t\t\t\t<div class=\"elementor-element elementor-element-653d7fd elementor-widget elementor-widget-heading\" data-id=\"653d7fd\" data-element_type=\"widget\" data-widget_type=\"heading.default\">\n\t\t\t\t<div class=\"elementor-widget-container\">\n\t\t\t\t\t<h2 class=\"elementor-heading-title elementor-size-default\">Segueix-nos en Instagram i no et perdis <br>els nostres nous projectes<\/h2>\t\t\t\t<\/div>\n\t\t\t\t<\/div>\n\t\t\t\t<\/div>\n\t\t\t\t<\/div>","protected":false},"excerpt":{"rendered":"<p>Creem espais exteriors Donem vida a terrasses i jardins i tamb\u00e9 a qualsevol espai exterior. Portem la vegetaci\u00f3, la llum, l&#8217;aire, l&#8217;aigua, el sol i l&#8217;ombra prop dels nostres clients per a fer-los sentir la naturalesa estiguin on estiguin. Els envoltem de fustes tropicals o mediterr\u00e0nies, pi, teka o bamb\u00fa, i tamb\u00e9 de fustes sint\u00e8tiques [&hellip;]<\/p>","protected":false},"author":4,"featured_media":0,"parent":0,"menu_order":0,"comment_status":"closed","ping_status":"open","template":"","meta":{"footnotes":""},"class_list":["post-1417","page","type-page","status-publish","hentry"],"yoast_head":"<!-- This site is optimized with the Yoast SEO plugin v26.6 - https:\/\/yoast.com\/wordpress\/plugins\/seo\/ -->\n<title>Teodora - Exteriorisme - Teodora<\/title>\n<meta name=\"robots\" content=\"index, follow, max-snippet:-1, max-image-preview:large, max-video-preview:-1\" \/>\n<link rel=\"canonical\" href=\"https:\/\/teodorabcn.com\/ca\/\" \/>\n<meta property=\"og:locale\" content=\"ca_ES\" \/>\n<meta property=\"og:type\" content=\"article\" \/>\n<meta property=\"og:title\" content=\"Teodora - Exteriorisme - Teodora\" \/>\n<meta property=\"og:description\" content=\"Creem espais exteriors Donem vida a terrasses i jardins i tamb\u00e9 a qualsevol espai exterior. Portem la vegetaci\u00f3, la llum, l&#8217;aire, l&#8217;aigua, el sol i l&#8217;ombra prop dels nostres clients per a fer-los sentir la naturalesa estiguin on estiguin. Els envoltem de fustes tropicals o mediterr\u00e0nies, pi, teka o bamb\u00fa, i tamb\u00e9 de fustes sint\u00e8tiques [&hellip;]\" \/>\n<meta property=\"og:url\" content=\"https:\/\/teodorabcn.com\/ca\/\" \/>\n<meta property=\"og:site_name\" content=\"Teodora\" \/>\n<meta property=\"article:publisher\" content=\"https:\/\/www.facebook.com\/profile.php?id=61550838347854\" \/>\n<meta property=\"article:modified_time\" content=\"2024-01-03T09:52:45+00:00\" \/>\n<meta property=\"og:image\" content=\"https:\/\/teodorabcn.com\/wp-content\/uploads\/2023\/10\/TEO_FOTOS_POBLENOU3-1-1024x682.jpg\" \/>\n<meta name=\"twitter:card\" content=\"summary_large_image\" \/>\n<meta name=\"twitter:label1\" content=\"Temps estimat de lectura\" \/>\n\t<meta name=\"twitter:data1\" content=\"2 minuts\" \/>\n<script type=\"application\/ld+json\" class=\"yoast-schema-graph\">{\"@context\":\"https:\/\/schema.org\",\"@graph\":[{\"@type\":\"WebPage\",\"@id\":\"https:\/\/teodorabcn.com\/ca\/\",\"url\":\"https:\/\/teodorabcn.com\/ca\/\",\"name\":\"Teodora - Exteriorisme - Teodora\",\"isPartOf\":{\"@id\":\"https:\/\/teodorabcn.com\/#website\"},\"primaryImageOfPage\":{\"@id\":\"https:\/\/teodorabcn.com\/ca\/#primaryimage\"},\"image\":{\"@id\":\"https:\/\/teodorabcn.com\/ca\/#primaryimage\"},\"thumbnailUrl\":\"https:\/\/teodorabcn.com\/wp-content\/uploads\/2023\/10\/TEO_FOTOS_POBLENOU3-1-1024x682.jpg\",\"datePublished\":\"2023-08-09T09:58:51+00:00\",\"dateModified\":\"2024-01-03T09:52:45+00:00\",\"breadcrumb\":{\"@id\":\"https:\/\/teodorabcn.com\/ca\/#breadcrumb\"},\"inLanguage\":\"ca\",\"potentialAction\":[{\"@type\":\"ReadAction\",\"target\":[\"https:\/\/teodorabcn.com\/ca\/\"]}]},{\"@type\":\"ImageObject\",\"inLanguage\":\"ca\",\"@id\":\"https:\/\/teodorabcn.com\/ca\/#primaryimage\",\"url\":\"https:\/\/teodorabcn.com\/wp-content\/uploads\/2023\/10\/TEO_FOTOS_POBLENOU3-1-1024x682.jpg\",\"contentUrl\":\"https:\/\/teodorabcn.com\/wp-content\/uploads\/2023\/10\/TEO_FOTOS_POBLENOU3-1-1024x682.jpg\"},{\"@type\":\"BreadcrumbList\",\"@id\":\"https:\/\/teodorabcn.com\/ca\/#breadcrumb\",\"itemListElement\":[{\"@type\":\"ListItem\",\"position\":1,\"name\":\"Portada\",\"item\":\"https:\/\/teodorabcn.com\/\"},{\"@type\":\"ListItem\",\"position\":2,\"name\":\"Teodora &#8211; Exteriorisme\"}]},{\"@type\":\"WebSite\",\"@id\":\"https:\/\/teodorabcn.com\/#website\",\"url\":\"https:\/\/teodorabcn.com\/\",\"name\":\"Teodora Exteriorismo\",\"description\":\"Creamos terrazas y jardines con car\u00e1cter.\",\"publisher\":{\"@id\":\"https:\/\/teodorabcn.com\/#organization\"},\"alternateName\":\"Teodora\",\"potentialAction\":[{\"@type\":\"SearchAction\",\"target\":{\"@type\":\"EntryPoint\",\"urlTemplate\":\"https:\/\/teodorabcn.com\/?s={search_term_string}\"},\"query-input\":{\"@type\":\"PropertyValueSpecification\",\"valueRequired\":true,\"valueName\":\"search_term_string\"}}],\"inLanguage\":\"ca\"},{\"@type\":\"Organization\",\"@id\":\"https:\/\/teodorabcn.com\/#organization\",\"name\":\"Teodora Exteriorismo\",\"alternateName\":\"Teodora\",\"url\":\"https:\/\/teodorabcn.com\/\",\"logo\":{\"@type\":\"ImageObject\",\"inLanguage\":\"ca\",\"@id\":\"https:\/\/teodorabcn.com\/#\/schema\/logo\/image\/\",\"url\":\"https:\/\/teodorabcn.com\/wp-content\/uploads\/2023\/10\/Teodora_logo-_EXT-Ok-ESP-e1706538305612.jpg\",\"contentUrl\":\"https:\/\/teodorabcn.com\/wp-content\/uploads\/2023\/10\/Teodora_logo-_EXT-Ok-ESP-e1706538305612.jpg\",\"width\":1540,\"height\":573,\"caption\":\"Teodora Exteriorismo\"},\"image\":{\"@id\":\"https:\/\/teodorabcn.com\/#\/schema\/logo\/image\/\"},\"sameAs\":[\"https:\/\/www.facebook.com\/profile.php?id=61550838347854\",\"https:\/\/www.instagram.com\/teodora.exteriorismo\/?hl=es\",\"https:\/\/www.pinterest.es\/teodora_exteriorismo\/\",\"https:\/\/www.linkedin.com\/company\/teodora-bcn-exteriorismo\/\"]}]}<\/script>\n<!-- \/ Yoast SEO plugin. -->","yoast_head_json":{"title":"Teodora - Exteriorisme - Teodora","robots":{"index":"index","follow":"follow","max-snippet":"max-snippet:-1","max-image-preview":"max-image-preview:large","max-video-preview":"max-video-preview:-1"},"canonical":"https:\/\/teodorabcn.com\/ca\/","og_locale":"ca_ES","og_type":"article","og_title":"Teodora - Exteriorisme - Teodora","og_description":"Creem espais exteriors Donem vida a terrasses i jardins i tamb\u00e9 a qualsevol espai exterior. Portem la vegetaci\u00f3, la llum, l&#8217;aire, l&#8217;aigua, el sol i l&#8217;ombra prop dels nostres clients per a fer-los sentir la naturalesa estiguin on estiguin. Els envoltem de fustes tropicals o mediterr\u00e0nies, pi, teka o bamb\u00fa, i tamb\u00e9 de fustes sint\u00e8tiques [&hellip;]","og_url":"https:\/\/teodorabcn.com\/ca\/","og_site_name":"Teodora","article_publisher":"https:\/\/www.facebook.com\/profile.php?id=61550838347854","article_modified_time":"2024-01-03T09:52:45+00:00","og_image":[{"url":"https:\/\/teodorabcn.com\/wp-content\/uploads\/2023\/10\/TEO_FOTOS_POBLENOU3-1-1024x682.jpg","type":"","width":"","height":""}],"twitter_card":"summary_large_image","twitter_misc":{"Temps estimat de lectura":"2 minuts"},"schema":{"@context":"https:\/\/schema.org","@graph":[{"@type":"WebPage","@id":"https:\/\/teodorabcn.com\/ca\/","url":"https:\/\/teodorabcn.com\/ca\/","name":"Teodora - Exteriorisme - Teodora","isPartOf":{"@id":"https:\/\/teodorabcn.com\/#website"},"primaryImageOfPage":{"@id":"https:\/\/teodorabcn.com\/ca\/#primaryimage"},"image":{"@id":"https:\/\/teodorabcn.com\/ca\/#primaryimage"},"thumbnailUrl":"https:\/\/teodorabcn.com\/wp-content\/uploads\/2023\/10\/TEO_FOTOS_POBLENOU3-1-1024x682.jpg","datePublished":"2023-08-09T09:58:51+00:00","dateModified":"2024-01-03T09:52:45+00:00","breadcrumb":{"@id":"https:\/\/teodorabcn.com\/ca\/#breadcrumb"},"inLanguage":"ca","potentialAction":[{"@type":"ReadAction","target":["https:\/\/teodorabcn.com\/ca\/"]}]},{"@type":"ImageObject","inLanguage":"ca","@id":"https:\/\/teodorabcn.com\/ca\/#primaryimage","url":"https:\/\/teodorabcn.com\/wp-content\/uploads\/2023\/10\/TEO_FOTOS_POBLENOU3-1-1024x682.jpg","contentUrl":"https:\/\/teodorabcn.com\/wp-content\/uploads\/2023\/10\/TEO_FOTOS_POBLENOU3-1-1024x682.jpg"},{"@type":"BreadcrumbList","@id":"https:\/\/teodorabcn.com\/ca\/#breadcrumb","itemListElement":[{"@type":"ListItem","position":1,"name":"Portada","item":"https:\/\/teodorabcn.com\/"},{"@type":"ListItem","position":2,"name":"Teodora &#8211; Exteriorisme"}]},{"@type":"WebSite","@id":"https:\/\/teodorabcn.com\/#website","url":"https:\/\/teodorabcn.com\/","name":"Teodora Exteriorisme","description":"Creamos terrazas y jardines con car\u00e1cter.","publisher":{"@id":"https:\/\/teodorabcn.com\/#organization"},"alternateName":"Teodora","potentialAction":[{"@type":"SearchAction","target":{"@type":"EntryPoint","urlTemplate":"https:\/\/teodorabcn.com\/?s={search_term_string}"},"query-input":{"@type":"PropertyValueSpecification","valueRequired":true,"valueName":"search_term_string"}}],"inLanguage":"ca"},{"@type":"Organization","@id":"https:\/\/teodorabcn.com\/#organization","name":"Teodora Exteriorisme","alternateName":"Teodora","url":"https:\/\/teodorabcn.com\/","logo":{"@type":"ImageObject","inLanguage":"ca","@id":"https:\/\/teodorabcn.com\/#\/schema\/logo\/image\/","url":"https:\/\/teodorabcn.com\/wp-content\/uploads\/2023\/10\/Teodora_logo-_EXT-Ok-ESP-e1706538305612.jpg","contentUrl":"https:\/\/teodorabcn.com\/wp-content\/uploads\/2023\/10\/Teodora_logo-_EXT-Ok-ESP-e1706538305612.jpg","width":1540,"height":573,"caption":"Teodora Exteriorismo"},"image":{"@id":"https:\/\/teodorabcn.com\/#\/schema\/logo\/image\/"},"sameAs":["https:\/\/www.facebook.com\/profile.php?id=61550838347854","https:\/\/www.instagram.com\/teodora.exteriorismo\/?hl=es","https:\/\/www.pinterest.es\/teodora_exteriorismo\/","https:\/\/www.linkedin.com\/company\/teodora-bcn-exteriorismo\/"]}]}},"_links":{"self":[{"href":"https:\/\/teodorabcn.com\/ca\/wp-json\/wp\/v2\/pages\/1417","targetHints":{"allow":["GET"]}}],"collection":[{"href":"https:\/\/teodorabcn.com\/ca\/wp-json\/wp\/v2\/pages"}],"about":[{"href":"https:\/\/teodorabcn.com\/ca\/wp-json\/wp\/v2\/types\/page"}],"author":[{"embeddable":true,"href":"https:\/\/teodorabcn.com\/ca\/wp-json\/wp\/v2\/users\/4"}],"replies":[{"embeddable":true,"href":"https:\/\/teodorabcn.com\/ca\/wp-json\/wp\/v2\/comments?post=1417"}],"version-history":[{"count":8,"href":"https:\/\/teodorabcn.com\/ca\/wp-json\/wp\/v2\/pages\/1417\/revisions"}],"predecessor-version":[{"id":1550,"href":"https:\/\/teodorabcn.com\/ca\/wp-json\/wp\/v2\/pages\/1417\/revisions\/1550"}],"wp:attachment":[{"href":"https:\/\/teodorabcn.com\/ca\/wp-json\/wp\/v2\/media?parent=1417"}],"curies":[{"name":"wp","href":"https:\/\/api.w.org\/{rel}","templated":true}]}}